{"id":22069,"date":"2026-08-31T08:23:12","date_gmt":"2026-08-31T06:23:12","guid":{"rendered":"https:\/\/norrlandsoperan.se\/forestallningar\/umea-music-societys-christmas-concert\/"},"modified":"2026-09-05T09:15:17","modified_gmt":"2026-09-05T07:15:17","slug":"umea-musiksallskaps-julkonsert","status":"publish","type":"event","link":"https:\/\/norrlandsoperan.se\/en\/programme\/umea-musiksallskaps-julkonsert\/","title":{"rendered":"Ume\u00e5 Music Society Christmas Concert"},"content":{"rendered":"\n<section class=\"wp-block-noor-blocks-section nb-section position-relative  py-48 py-lg-64\">\n<div class=\"wp-block-noor-blocks-container nb-container container-fluid\">\n<div class=\"wp-block-noor-blocks-row nb-row row\">\n<div class=\"wp-block-noor-blocks-column col nb-column col-12 col-lg-7 col-xl-6 offset-xl-1\">\n<div class=\"wp-block-noor-blocks-group nb-group  px-sm-8 pe-lg-80 ps-lg-48\">\n<h1 class=\"wp-block-noor-blocks-heading nb-heading nb-cursor-default nb-heading-h1 my-24 my-md-32 my-lg-48 no-bottom-line content-animation\">Celebrate the First Sunday of Advent with Familiar Christmas Melodies<\/h1>\n\n\n\n<p class=\"wp-block-noor-blocks-paragraph nb-paragraph\">This year\u2019s traditional Christmas concert with the Ume\u00e5 Music Society features 15 students from the Musical Academy at Str\u00f6mb\u00e4ck Folk High School. The audience will be treated to medleys from famous films and musicals, familiar Christmas tunes, Zolt\u00e1n Kod\u00e1ly\u2019s \u201cHary Janos Suite,\u201d and an old hymn from V\u00e4sterg\u00f6tland, among other pieces.  <br><br><\/p>\n<\/div>\n\n\n\n<div class=\"wp-block-noor-blocks-group nb-group  px-sm-8 pe-lg-80 ps-lg-48\">\n<hr class=\"wp-block-separator has-alpha-channel-opacity\" style=\"margin-top:var(--wp--preset--spacing--50);margin-bottom:var(--wp--preset--spacing--50)\" \/>\n\n\n\n<p class=\"wp-block-noor-blocks-paragraph nb-paragraph\"><\/p>\n<\/div>\n<\/div>\n\n\n\n<div class=\"wp-block-noor-blocks-column col nb-column col-12 col-lg-5 col-xl-4\">\n<div class=\"wp-block-noor-blocks-group nb-group  p-32 px-lg-48 py-lg-32 bg-beige-2 no-event-sidebar\">\n<h2 class=\"wp-block-noor-blocks-heading nb-heading nb-cursor-default nb-heading-h2 mb-24 mb-lg-40 text-center\">Information<\/h2>\n\n\n\n<div class=\"wp-block-noor-blocks-group nb-group d-flex flex-column row-gap-24\">\n<div class=\"wp-block-noor-blocks-group nb-group  p-32 bg-white\">\n<h5 class=\"wp-block-noor-blocks-heading nb-heading nb-cursor-default nb-heading-h5\">Prices<\/h5>\n\n\n<figure class=\"wp-block-table\"><table style=\"border-style:none;border-width:0px\"><tbody><tr><td><strong>Ordinarie<\/strong><\/td><td class=\"has-text-align-right\" data-align=\"right\">250 kr<\/td><\/tr><tr><td><strong>Pension\u00e4r<\/strong><\/td><td class=\"has-text-align-right\" data-align=\"right\">250 kr<\/td><\/tr><tr><td><strong>Student<\/strong><\/td><td class=\"has-text-align-right\" data-align=\"right\">150 kr<\/td><\/tr><tr><td><strong>19 &#8211; 26 \u00e5r<\/strong><\/td><td class=\"has-text-align-right\" data-align=\"right\">150 kr<\/td><\/tr><tr><td><strong>Upp t o m 18 \u00e5r<\/strong><\/td><td class=\"has-text-align-right\" data-align=\"right\">75 kr<\/td><\/tr><\/tbody><\/table><\/figure><\/div>\n\n\n\n<div class=\"wp-block-noor-blocks-group nb-group d-flex flex-row align-items-center column-gap-24  p-32 bg-white no-event-social-card\">\n<h5 class=\"wp-block-noor-blocks-heading nb-heading nb-cursor-default nb-heading-h5 m-0\">Share:<\/h5>\n\n\n\n<a class=\"wp-block-noor-blocks-link nb-link d-flex  share-social\" href=\"#\" target=\"_blank\" rel=\"noopener\" aria-label=\"facebook-link\">\n<span class=\"nb-icon\"><span class=\"icon-facebook\" style=\"font-size:24px\"><\/span><\/span>\n<\/a>\n\n\n\n<a class=\"wp-block-noor-blocks-link nb-link d-flex mail-social\" href=\"#\" rel=\"noopener\" aria-label=\"instagram-link\">\n<span class=\"nb-icon\"><span class=\"icon-envelope\" style=\"font-size:24px\"><\/span><\/span>\n<\/a>\n\n\n\n<a class=\"wp-block-noor-blocks-link nb-link d-flex copy-link-btn position-relative\" href=\"#\" rel=\"noopener\" aria-label=\"website\">\n<span class=\"nb-icon\"><span class=\"icon-link\" style=\"font-size:24px\"><\/span><\/span>\n<\/a>\n<\/div>\n<\/div>\n<\/div>\n<\/div>\n<\/div>\n<\/div>\n<\/section>\n\n<section class=\"wp-block-noor-blocks-section nb-section position-relative  py-128\">\n<div class=\"wp-block-noor-blocks-container nb-container container-fluid\">\n<div class=\"wp-block-noor-blocks-row nb-row row\">\n<div class=\"wp-block-noor-blocks-column col nb-column col-12 col-xl-8 offset-xl-2\">\n<div class=\"wp-block-noor-blocks-group nb-group d-flex flex-column gap-16 gap-md-24 gap-lg-16  w-100\"><div id=\"session-card\" class=\"wp-block-noor-blocks-group nb-group d-flex flex-column gap-16 gap-md-24 gap-lg-16  w-100\"><div class=\"no-loading\" style=\"display:none;\"><div class=\"spinner-grow\" role=\"status\"><span class=\"visually-hidden\">Loading&#8230;<\/span><\/div><\/div><h2 class=\"text-center mb-32 mb-lg-40\">Time and date<\/h2><div class=\"session-date-wrapper\">\n            <div class=\"no-session-wrapper\" data-index=\"1\">\n                <div class=\"session-items\" data-id=\"22068\" data-api-id=\"133888\" data-href=\"https:\/\/biljett.norrlandsoperan.se\/sv\/buyingflow\/tickets\/32452\/133888\/\" style=\"--event-color-primary:#B12B01;--event-color-secondary:#ECEADF\">\n                    <div class=\"session-item d-flex flex-column flex-md-row justify-content-between align-items-end align-items-md-center gap-32 gap-md-8 p-24 p-md-32 py-xl-24 px-xl-48\">\n                        <div class=\"session-item-grid d-flex flex-column flex-xl-row gap-24 gap-xl-80 w-100\">\n                            <div class=\"no-session-left d-flex flex-row justify-content-between justify-content-md-start gap-8 gap-md-64\">\n                                <div class=\"no-session-date d-flex flex-row gap-24 gap-md-32 gap-xl-64\">\n                                    <p class=\"mb-0 text-capitalize\">Sunday 29\/11<\/p>\n                                    <p class=\"mb-0\">19:00<\/p>\n                                <\/div>\n                                <h6 class=\"mb-0 text-uppercase text-end text-xl-start\">Concert<\/h6>\n                            <\/div>\n                            <div class=\"no-session-right\">\n                                <a href=\"https:\/\/norrlandsoperan.se\/en\/programme\/umea-musiksallskaps-julkonsert\/\" class=\"h5 mb-8\">Ume\u00e5 Music Society Christmas Concert<\/a>\n                                <p class=\"mb-0\">Konsertsalen<\/p>\n                            <\/div>\n                        <\/div>\n                        <button class=\"no-button position-static nb-btn nb-btn-primary px-16 py-16 buy-ticket-btn\"><span class=\"nb-btn-text\">Buy tickets<\/span><\/button>\n                    <\/div>\n                <\/div>\n            <\/div><\/div><\/div><\/div>\n<\/div>\n<\/div>\n<\/div>\n<\/section>\n\n<div style=\"height:50px\" aria-hidden=\"true\" class=\"wp-block-spacer\"><\/div>\n\n<section class=\"wp-block-noor-blocks-section nb-section position-relative  py-64 pt-md-64 pb-md-80 pt-lg-64 pb-lg-96 bg-beige-1\">\n<div class=\"wp-block-noor-blocks-container nb-container container-fluid\">\n<div class=\"wp-block-noor-blocks-row nb-row row justify-content-center\">\n<div class=\"wp-block-noor-blocks-column col nb-column  col-12 col-lg-10\">\n<h2 class=\"wp-block-noor-blocks-heading nb-heading nb-cursor-default nb-heading-h2 mb-32 mb-lg-64 no-bottom-line\">Cast and Program<\/h2>\n\n\n\n<div class=\"wp-block-noor-blocks-row nb-row row  gy-64\">\n<div class=\"wp-block-noor-blocks-column col nb-column col-12 col-md-4\">\n<h6 class=\"wp-block-noor-blocks-heading nb-heading nb-cursor-default nb-heading-h6 mb-24 text-gray\">Cast<\/h6>\n\n\n\n<div class=\"wp-block-noor-blocks-group nb-group d-flex flex-column d-lg-flex flex-lg-row column-gap-48 row-gap-24\">\n<div class=\"wp-block-noor-blocks-group nb-group d-flex flex-column row-gap-24\">\n<div class=\"wp-block-noor-blocks-group nb-group\">\n<p class=\"wp-block-noor-blocks-paragraph nb-paragraph m-0 h5\">Conductor<\/p>\n\n\n\n<p class=\"wp-block-noor-blocks-paragraph nb-paragraph m-0\">Per-Erik Andersson<\/p>\n<\/div>\n\n\n\n<div class=\"wp-block-noor-blocks-group nb-group\">\n<p class=\"wp-block-noor-blocks-paragraph nb-paragraph m-0 h5\">Soloists<\/p>\n\n\n\n<p class=\"wp-block-noor-blocks-paragraph nb-paragraph m-0\">The Music Academy, Str\u00f6mb\u00e4ck Folk High School: Eric Berglund, Hector Br\u00e4nnlund, Mikaela Carlson, Charlie Dang, Ebba Ehrenberg, Kajsa Eriksen, Julia Forss, Clara W. Gustafsson, Majsan H\u00f6ijer, Anouk K\u00f6nig, Joel Landstr\u00f6m, Frode Lantz, Mio Lomner, Michelle Sarstr\u00f6m, Vilmer V\u00e4nman.<\/p>\n<\/div>\n\n\n\n<div class=\"wp-block-noor-blocks-group nb-group\">\n<p class=\"wp-block-noor-blocks-paragraph nb-paragraph m-0 h5\">Musician<\/p>\n\n\n\n<p class=\"wp-block-noor-blocks-paragraph nb-paragraph m-0\">Ume\u00e5 Music Society<\/p>\n\n\n\n<div style=\"height:12px\" aria-hidden=\"true\" class=\"wp-block-spacer\"><\/div>\n<\/div>\n\n\n\n<div class=\"wp-block-noor-blocks-group nb-group\">\n<p class=\"wp-block-noor-blocks-paragraph nb-paragraph m-0 h5\">Photo<\/p>\n\n\n\n<p class=\"wp-block-noor-blocks-paragraph nb-paragraph m-0\">Emma F\u00f6rste, Communications Specialist, Str\u00f6mb\u00e4ck Folk High School.<\/p>\n<\/div>\n<\/div>\n<\/div>\n<\/div>\n<\/div>\n<\/div>\n<\/div>\n<\/div>\n<\/section>\n\n<section class=\"wp-block-noor-blocks-section nb-section position-relative  pt-64 pb-96 pt-md-80 pb-md-128 py-lg-176\">\n<div class=\"wp-block-noor-blocks-container nb-container container-fluid\">\n<div class=\"wp-block-noor-blocks-row nb-row row\">\n<div class=\"wp-block-noor-blocks-column col nb-column col-md-10 offset-md-1\">\n<div class=\"wp-block-noor-blocks-row nb-row row\">\n<div class=\"wp-block-noor-blocks-column col nb-column col-12 col-lg-5\">\n<div class=\"wp-block-noor-blocks-group nb-group d-flex flex-column align-items-start justify-content-center h-100\">\n<h2 class=\"wp-block-noor-blocks-heading nb-heading nb-cursor-default nb-heading-h2 content-animation\">Pre-order refreshments for the break<\/h2>\n\n\n\n<p class=\"wp-block-noor-blocks-paragraph nb-paragraph mb-lg-40 pe-lg-80 no-top-line-small\">Pre-order your snack and avoid the lines. You&#8217;ll get a reserved table where your order will be served.   <br><br><strong>Please note:<\/strong> Only cold beverages (and optional snacks: nuts, a bag of chips, or hot snacks) will be available for pickup in the closet on the lower level; a reserved table is not included.  <br><br>Add merchandise to your order when purchasing tickets or at&nbsp;<a href=\"https:\/\/biljett.norrlandsoperan.se\/en\/login\"><strong>My Pages<\/strong><\/a><\/p>\n\n\n\n<a href=\"https:\/\/norrlandsoperan.se\/1059-2\/\" role=\"button\" class=\"wp-block-noor-blocks-button nb-btn nb-btn-primary bg-black px-24 py-12 px-lg-32 py-lg-16 text-white bg-hover-white text-hover-black\" style=\"border-radius:0px;border-width:2px;border-color:black\"><span class=\"nb-button-overlay\"><\/span><span class=\"nb-btn-text\">Read more<\/span><\/a>\n<\/div>\n<\/div>\n\n\n\n<div class=\"wp-block-noor-blocks-column col nb-column align-self-lg-center col-12 col-lg-6 offset-lg-1\">\n<img decoding=\"async\" src=\"https:\/\/norrlandsoperan.se\/wp-content\/uploads\/2024\/04\/Infor-besoket_MG_Mingel_LaTraviata_181006_4603-scaled.jpg\" alt=\"\" loading=\"eager\" class=\"false object-fit-cover object-position-center\">\n<\/div>\n<\/div>\n<\/div>\n<\/div>\n<\/div>\n<\/section>\n\n<section class=\"wp-block-noor-blocks-section nb-section position-relative\">\n<div class=\"wp-block-noor-blocks-container nb-container container-fluid p-0\"><\/div>\n<\/section>\n\n<section class=\"wp-block-noor-blocks-section nb-section position-relative  py-64 pt-md-64 pb-md-80 px-lg-64 pt-lg-64 pb-lg-96 has-overlay\"><span class=\"nb-background-overlay \"><\/span>\n<div class=\"wp-block-noor-blocks-container nb-container container-fluid\">\n<div class=\"wp-block-noor-blocks-row nb-row row justify-content-center\">\n<div class=\"wp-block-noor-blocks-column col nb-column  col-12 col-lg-10\">\n<h2 class=\"wp-block-noor-blocks-heading nb-heading nb-cursor-default nb-heading-h2 text-center text-lg-start\">You might also like:<\/h2>\n\n\n\n                    <div class='swiper no-events-swiper'>\n                    <div class='swiper-wrapper w-auto h-auto row d-lg-flex gy-lg-48 gx-lg-32'>\n                \n\t\t\t\t                            <div class='swiper-slide col-lg-6 col-xl-4 h-auto'>\n\t\t\t\t                            <a\n\t\t\t\t                                href='https:\/\/norrlandsoperan.se\/en\/programme\/hostkonsert-med-flojtisten-ebba-wallen-och-umea-musiksallskap\/'\n\t\t\t\t                                class='position-relative no-event-card-wrapper no-event-card-type-simple'\n\t\t\t\t                                style='--event-color-primary:#BCDEF1;--event-color-secondary:#B12B01'\n\t\t\t\t                                data-event-id='22097'\n\t\t\t\t                            >\n\t\t\t\t                                <div class='no-event-card-media-wrapper bg-gray-100'>\n\t\t\t\t                                    <div class='no-event-card-media no-latest-image '>\n\t\t\t\t                                        <img class='img-fluid' alt='' src='https:\/\/norrlandsoperan.se\/wp-content\/uploads\/2026\/05\/Unknown_web-4.jpg' >\n\t\t\t\t                                    <\/div>\n\t\t\t\t                                <\/div>\n\t\t\t\t                                <div class='no-event-content-wrapper p-24 p-md-48 mw-100' style='background-color:var(--event-color-primary);'>\n\t\t\t\t                                    <span class='no-event-badge-wrapper'><span class='no-event-badge'><span class='no-event-badge-name mb-0 h5'>Concert<\/span><\/span><\/span>\n\t\t\t\t                                    <div class='no-event-content'>\n\t\t\t\t                                        <div class='no-event-content-top'>\n\t\t\t\t                                            <h3 class='no-event-title mb-lg-24 pe-16 pe-lg-64' style='color:var(--event-color-secondary);'>Fall Concert with Flutist Ebba Wall\u00e9n and the Ume\u00e5 Music Society<\/h3>\n\t\t\t\t                                            <p class='no-event-excerpt mb-lg-16 pe-lg-32' style='color:var(--event-color-secondary);'>Norrlandsoperan || October 4, 2026<\/p>\n\t\t\t\t                                        <\/div>\n\t\t\t\t                                    <\/div>\n\t\t\t\t                                    <p class='no-event-excerpt mb-0 pe-lg-64 lead-text' style='color:var(--event-color-secondary);'> Buy tickets<\/p>\n\t\t\t\t                                <\/div>\n\t\t\t\t                            <\/a>\n\t\t\t\t                            <\/div>\n\t\t\t\t                        \n\t\t\t\t                            <div class='swiper-slide col-lg-6 col-xl-4 h-auto'>\n\t\t\t\t                            <a\n\t\t\t\t                                href='https:\/\/norrlandsoperan.se\/en\/programme\/bystrom-och-tjajkovskij\/'\n\t\t\t\t                                class='position-relative no-event-card-wrapper no-event-card-type-simple'\n\t\t\t\t                                style='--event-color-primary:#ECEADF;--event-color-secondary:#600CDE'\n\t\t\t\t                                data-event-id='22358'\n\t\t\t\t                            >\n\t\t\t\t                                <div class='no-event-card-media-wrapper bg-gray-100'>\n\t\t\t\t                                    <div class='no-event-card-media no-latest-image '>\n\t\t\t\t                                        <img class='img-fluid' alt='' src='https:\/\/norrlandsoperan.se\/wp-content\/uploads\/2026\/08\/lauramichelin_NS-1112.jpg' >\n\t\t\t\t                                    <\/div>\n\t\t\t\t                                <\/div>\n\t\t\t\t                                <div class='no-event-content-wrapper p-24 p-md-48 mw-100' style='background-color:var(--event-color-primary);'>\n\t\t\t\t                                    <span class='no-event-badge-wrapper'><span class='no-event-badge'><span class='no-event-badge-name mb-0 h5'>Concert<\/span><\/span><\/span>\n\t\t\t\t                                    <div class='no-event-content'>\n\t\t\t\t                                        <div class='no-event-content-top'>\n\t\t\t\t                                            <h3 class='no-event-title mb-lg-24 pe-16 pe-lg-64' style='color:var(--event-color-secondary);'>Bystr\u00f6m and Tchaikovsky<\/h3>\n\t\t\t\t                                            <p class='no-event-excerpt mb-lg-16 pe-lg-32' style='color:var(--event-color-secondary);'>Norrlandsoperan || October 8, 2026<\/p>\n\t\t\t\t                                        <\/div>\n\t\t\t\t                                    <\/div>\n\t\t\t\t                                    <p class='no-event-excerpt mb-0 pe-lg-64 lead-text' style='color:var(--event-color-secondary);'> Buy tickets<\/p>\n\t\t\t\t                                <\/div>\n\t\t\t\t                            <\/a>\n\t\t\t\t                            <\/div>\n\t\t\t\t                        \n\t\t\t\t                            <div class='swiper-slide col-lg-6 col-xl-4 h-auto'>\n\t\t\t\t                            <a\n\t\t\t\t                                href='https:\/\/norrlandsoperan.se\/en\/programme\/malandain-ballet-biarritz-moter-norrlandsoperans-symfoniorkester\/'\n\t\t\t\t                                class='position-relative no-event-card-wrapper no-event-card-type-simple'\n\t\t\t\t                                style='--event-color-primary:#D81058;--event-color-secondary:#F9F5CC'\n\t\t\t\t                                data-event-id='22246'\n\t\t\t\t                            >\n\t\t\t\t                                <div class='no-event-card-media-wrapper bg-gray-100'>\n\t\t\t\t                                    <div class='no-event-card-media no-latest-image '>\n\t\t\t\t                                        <img class='img-fluid' alt='' src='https:\/\/norrlandsoperan.se\/wp-content\/uploads\/2026\/04\/Les-Saisons-\u00a9-Olivier-Houeix__8873_R_liggande.jpg' >\n\t\t\t\t                                    <\/div>\n\t\t\t\t                                <\/div>\n\t\t\t\t                                <div class='no-event-content-wrapper p-24 p-md-48 mw-100' style='background-color:var(--event-color-primary);'>\n\t\t\t\t                                    <span class='no-event-badge-wrapper'><span class='no-event-badge'><span class='no-event-badge-name mb-0 h5'>Dance<\/span><\/span><\/span>\n\t\t\t\t                                    <div class='no-event-content'>\n\t\t\t\t                                        <div class='no-event-content-top'>\n\t\t\t\t                                            <h3 class='no-event-title mb-lg-24 pe-16 pe-lg-64' style='color:var(--event-color-secondary);'>Malandain Ballet Biarritz Performs with the Norrlandsoperan Symphony Orchestra<\/h3>\n\t\t\t\t                                            <p class='no-event-excerpt mb-lg-16 pe-lg-32' style='color:var(--event-color-secondary);'>Norrlandsoperan || October 16\u201317, 2026<\/p>\n\t\t\t\t                                        <\/div>\n\t\t\t\t                                    <\/div>\n\t\t\t\t                                    <p class='no-event-excerpt mb-0 pe-lg-64 lead-text' style='color:var(--event-color-secondary);'> Buy tickets<\/p>\n\t\t\t\t                                <\/div>\n\t\t\t\t                            <\/a>\n\t\t\t\t                            <\/div>\n\t\t\t\t                        \n                    <div class='swiper-button-next invisible'><\/div>\n                    <div class='swiper-button-prev invisible'><\/div>\n                    <\/div>\n                    <\/div>\n                <\/div>\n<\/div>\n<\/div>\n<\/section>\n","protected":false},"excerpt":{"rendered":"","protected":false},"author":9,"featured_media":21770,"template":"","meta":{"event_color_primary":"#B12B01","event_color_secondary":"#ECEADF","event_card_media":{"id":21769,"url":"https:\/\/norrlandsoperan.se\/wp-content\/uploads\/2026\/09\/Julkonsert-UMS-2026-NO-hemsida.jpg"},"event_info":"Norrlandsoperan || November 29, 2026","event_end_date":"2026-11-29","event_primary_category":"konsert","event_status":"buy_ticket","event_ticket_link":"https:\/\/biljett.norrlandsoperan.se\/sv\/buyingflow\/tickets\/32452\/","event_api_guid":"32452","event_session_info":"Starts at 7:00 p.m. Duration: 90 minutes, including a 30-minute intermission.  ","program":0,"event_order_key":"2026-11-29T19:00:00+01:00","event_status_free":"","archived_event":false,"archived_event_info":"{ Type: Dynamic\n }{ Planned Archive Date: 2026-11-30 }","event_order_date":"","footnotes":""},"event_category":[49],"class_list":["post-22069","event","type-event","status-publish","has-post-thumbnail","hentry","event_category-concert"],"yoast_head":"<!-- This site is optimized with the Yoast SEO plugin v28.4 - https:\/\/yoast.com\/product\/yoast-seo-wordpress\/ -->\n<title>Ume\u00e5 Music Society Christmas Concert - Norrlandsoperan<\/title>\n<meta name=\"robots\" content=\"index, follow, max-snippet:-1, max-image-preview:large, max-video-preview:-1\" \/>\n<link rel=\"canonical\" href=\"https:\/\/norrlandsoperan.se\/en\/programme\/umea-musiksallskaps-julkonsert\/\" \/>\n<meta property=\"og:locale\" content=\"en_US\" \/>\n<meta property=\"og:type\" content=\"article\" \/>\n<meta property=\"og:title\" content=\"Ume\u00e5 Music Society Christmas Concert - Norrlandsoperan\" \/>\n<meta property=\"og:url\" content=\"https:\/\/norrlandsoperan.se\/en\/programme\/umea-musiksallskaps-julkonsert\/\" \/>\n<meta property=\"og:site_name\" content=\"Norrlandsoperan\" \/>\n<meta property=\"article:modified_time\" content=\"2026-09-05T07:15:17+00:00\" \/>\n<meta property=\"og:image\" content=\"https:\/\/norrlandsoperan.se\/wp-content\/uploads\/2026\/09\/Julkonsert-UMS-2026-NO-hemsida.jpg\" \/>\n\t<meta property=\"og:image:width\" content=\"1300\" \/>\n\t<meta property=\"og:image:height\" content=\"867\" \/>\n\t<meta property=\"og:image:type\" content=\"image\/jpeg\" \/>\n<meta name=\"twitter:card\" content=\"summary_large_image\" \/>\n<meta name=\"twitter:label1\" content=\"Est. reading time\" \/>\n\t<meta name=\"twitter:data1\" content=\"2 minutes\" \/>\n<script type=\"application\/ld+json\" class=\"yoast-schema-graph\">{\"@context\":\"https:\\\/\\\/schema.org\",\"@graph\":[{\"@type\":\"WebPage\",\"@id\":\"https:\\\/\\\/norrlandsoperan.se\\\/en\\\/programme\\\/umea-musiksallskaps-julkonsert\\\/\",\"url\":\"https:\\\/\\\/norrlandsoperan.se\\\/en\\\/programme\\\/umea-musiksallskaps-julkonsert\\\/\",\"name\":\"Ume\u00e5 Music Society Christmas Concert - Norrlandsoperan\",\"isPartOf\":{\"@id\":\"https:\\\/\\\/norrlandsoperan.se\\\/en\\\/#website\"},\"primaryImageOfPage\":{\"@id\":\"https:\\\/\\\/norrlandsoperan.se\\\/en\\\/programme\\\/umea-musiksallskaps-julkonsert\\\/#primaryimage\"},\"image\":{\"@id\":\"https:\\\/\\\/norrlandsoperan.se\\\/en\\\/programme\\\/umea-musiksallskaps-julkonsert\\\/#primaryimage\"},\"thumbnailUrl\":\"https:\\\/\\\/norrlandsoperan.se\\\/wp-content\\\/uploads\\\/2026\\\/09\\\/Julkonsert-UMS-2026-NO-hemsida.jpg\",\"datePublished\":\"2026-08-31T06:23:12+00:00\",\"dateModified\":\"2026-09-05T07:15:17+00:00\",\"breadcrumb\":{\"@id\":\"https:\\\/\\\/norrlandsoperan.se\\\/en\\\/programme\\\/umea-musiksallskaps-julkonsert\\\/#breadcrumb\"},\"inLanguage\":\"en-US\",\"potentialAction\":[{\"@type\":\"ReadAction\",\"target\":[\"https:\\\/\\\/norrlandsoperan.se\\\/en\\\/programme\\\/umea-musiksallskaps-julkonsert\\\/\"]}]},{\"@type\":\"ImageObject\",\"inLanguage\":\"en-US\",\"@id\":\"https:\\\/\\\/norrlandsoperan.se\\\/en\\\/programme\\\/umea-musiksallskaps-julkonsert\\\/#primaryimage\",\"url\":\"https:\\\/\\\/norrlandsoperan.se\\\/wp-content\\\/uploads\\\/2026\\\/09\\\/Julkonsert-UMS-2026-NO-hemsida.jpg\",\"contentUrl\":\"https:\\\/\\\/norrlandsoperan.se\\\/wp-content\\\/uploads\\\/2026\\\/09\\\/Julkonsert-UMS-2026-NO-hemsida.jpg\",\"width\":1300,\"height\":867},{\"@type\":\"BreadcrumbList\",\"@id\":\"https:\\\/\\\/norrlandsoperan.se\\\/en\\\/programme\\\/umea-musiksallskaps-julkonsert\\\/#breadcrumb\",\"itemListElement\":[{\"@type\":\"ListItem\",\"position\":1,\"name\":\"Home\",\"item\":\"https:\\\/\\\/norrlandsoperan.se\\\/en\\\/home\\\/\"},{\"@type\":\"ListItem\",\"position\":2,\"name\":\"Ume\u00e5 Music Society Christmas Concert\"}]},{\"@type\":\"WebSite\",\"@id\":\"https:\\\/\\\/norrlandsoperan.se\\\/en\\\/#website\",\"url\":\"https:\\\/\\\/norrlandsoperan.se\\\/en\\\/\",\"name\":\"Norrlandsoperan\",\"description\":\"\",\"potentialAction\":[{\"@type\":\"SearchAction\",\"target\":{\"@type\":\"EntryPoint\",\"urlTemplate\":\"https:\\\/\\\/norrlandsoperan.se\\\/en\\\/?s={search_term_string}\"},\"query-input\":{\"@type\":\"PropertyValueSpecification\",\"valueRequired\":true,\"valueName\":\"search_term_string\"}}],\"inLanguage\":\"en-US\"}]}<\/script>\n<!-- \/ Yoast SEO plugin. -->","yoast_head_json":{"title":"Ume\u00e5 Music Society Christmas Concert - Norrlandsoperan","robots":{"index":"index","follow":"follow","max-snippet":"max-snippet:-1","max-image-preview":"max-image-preview:large","max-video-preview":"max-video-preview:-1"},"canonical":"https:\/\/norrlandsoperan.se\/en\/programme\/umea-musiksallskaps-julkonsert\/","og_locale":"en_US","og_type":"article","og_title":"Ume\u00e5 Music Society Christmas Concert - Norrlandsoperan","og_url":"https:\/\/norrlandsoperan.se\/en\/programme\/umea-musiksallskaps-julkonsert\/","og_site_name":"Norrlandsoperan","article_modified_time":"2026-09-05T07:15:17+00:00","og_image":[{"width":1300,"height":867,"url":"https:\/\/norrlandsoperan.se\/wp-content\/uploads\/2026\/09\/Julkonsert-UMS-2026-NO-hemsida.jpg","type":"image\/jpeg"}],"twitter_card":"summary_large_image","twitter_misc":{"Est. reading time":"2 minutes"},"schema":{"@context":"https:\/\/schema.org","@graph":[{"@type":"WebPage","@id":"https:\/\/norrlandsoperan.se\/en\/programme\/umea-musiksallskaps-julkonsert\/","url":"https:\/\/norrlandsoperan.se\/en\/programme\/umea-musiksallskaps-julkonsert\/","name":"Ume\u00e5 Music Society Christmas Concert - Norrlandsoperan","isPartOf":{"@id":"https:\/\/norrlandsoperan.se\/en\/#website"},"primaryImageOfPage":{"@id":"https:\/\/norrlandsoperan.se\/en\/programme\/umea-musiksallskaps-julkonsert\/#primaryimage"},"image":{"@id":"https:\/\/norrlandsoperan.se\/en\/programme\/umea-musiksallskaps-julkonsert\/#primaryimage"},"thumbnailUrl":"https:\/\/norrlandsoperan.se\/wp-content\/uploads\/2026\/09\/Julkonsert-UMS-2026-NO-hemsida.jpg","datePublished":"2026-08-31T06:23:12+00:00","dateModified":"2026-09-05T07:15:17+00:00","breadcrumb":{"@id":"https:\/\/norrlandsoperan.se\/en\/programme\/umea-musiksallskaps-julkonsert\/#breadcrumb"},"inLanguage":"en-US","potentialAction":[{"@type":"ReadAction","target":["https:\/\/norrlandsoperan.se\/en\/programme\/umea-musiksallskaps-julkonsert\/"]}]},{"@type":"ImageObject","inLanguage":"en-US","@id":"https:\/\/norrlandsoperan.se\/en\/programme\/umea-musiksallskaps-julkonsert\/#primaryimage","url":"https:\/\/norrlandsoperan.se\/wp-content\/uploads\/2026\/09\/Julkonsert-UMS-2026-NO-hemsida.jpg","contentUrl":"https:\/\/norrlandsoperan.se\/wp-content\/uploads\/2026\/09\/Julkonsert-UMS-2026-NO-hemsida.jpg","width":1300,"height":867},{"@type":"BreadcrumbList","@id":"https:\/\/norrlandsoperan.se\/en\/programme\/umea-musiksallskaps-julkonsert\/#breadcrumb","itemListElement":[{"@type":"ListItem","position":1,"name":"Home","item":"https:\/\/norrlandsoperan.se\/en\/home\/"},{"@type":"ListItem","position":2,"name":"Ume\u00e5 Music Society Christmas Concert"}]},{"@type":"WebSite","@id":"https:\/\/norrlandsoperan.se\/en\/#website","url":"https:\/\/norrlandsoperan.se\/en\/","name":"Norrlandsoperan","description":"","potentialAction":[{"@type":"SearchAction","target":{"@type":"EntryPoint","urlTemplate":"https:\/\/norrlandsoperan.se\/en\/?s={search_term_string}"},"query-input":{"@type":"PropertyValueSpecification","valueRequired":true,"valueName":"search_term_string"}}],"inLanguage":"en-US"}]}},"_links":{"self":[{"href":"https:\/\/norrlandsoperan.se\/en\/wp-json\/wp\/v2\/event\/22069","targetHints":{"allow":["GET"]}}],"collection":[{"href":"https:\/\/norrlandsoperan.se\/en\/wp-json\/wp\/v2\/event"}],"about":[{"href":"https:\/\/norrlandsoperan.se\/en\/wp-json\/wp\/v2\/types\/event"}],"author":[{"embeddable":true,"href":"https:\/\/norrlandsoperan.se\/en\/wp-json\/wp\/v2\/users\/9"}],"version-history":[{"count":12,"href":"https:\/\/norrlandsoperan.se\/en\/wp-json\/wp\/v2\/event\/22069\/revisions"}],"predecessor-version":[{"id":23890,"href":"https:\/\/norrlandsoperan.se\/en\/wp-json\/wp\/v2\/event\/22069\/revisions\/23890"}],"wp:featuredmedia":[{"embeddable":true,"href":"https:\/\/norrlandsoperan.se\/en\/wp-json\/wp\/v2\/media\/21770"}],"wp:attachment":[{"href":"https:\/\/norrlandsoperan.se\/en\/wp-json\/wp\/v2\/media?parent=22069"}],"wp:term":[{"taxonomy":"event_category","embeddable":true,"href":"https:\/\/norrlandsoperan.se\/en\/wp-json\/wp\/v2\/event_category?post=22069"}],"curies":[{"name":"wp","href":"https:\/\/api.w.org\/{rel}","templated":true}]}}