{"id":22139,"date":"2026-06-22T14:26:38","date_gmt":"2026-06-22T12:26:38","guid":{"rendered":"https:\/\/norrlandsoperan.se\/forestallningar\/mojna-on-tour\/"},"modified":"2026-09-03T14:55:46","modified_gmt":"2026-09-03T12:55:46","slug":"mojna-on-tour","status":"publish","type":"event","link":"https:\/\/norrlandsoperan.se\/en\/programme\/mojna-on-tour\/","title":{"rendered":"Mojna on Tour"},"content":{"rendered":"\n<section class=\"wp-block-noor-blocks-section nb-section position-relative  py-48 py-lg-64\">\n<div class=\"wp-block-noor-blocks-container nb-container container-fluid\">\n<div class=\"wp-block-noor-blocks-row nb-row row\">\n<div class=\"wp-block-noor-blocks-column col nb-column col-12 col-lg-7 col-xl-6 offset-xl-1\">\n<div class=\"wp-block-noor-blocks-group nb-group  px-sm-8 pe-lg-80 ps-lg-48\">\n<h1 class=\"wp-block-noor-blocks-heading nb-heading nb-cursor-default nb-heading-h1 my-24 my-md-32 my-lg-48 no-bottom-line content-animation\">Award-winning interpretation of Nordic folk music<\/h1>\n\n\n\n<p class=\"wp-block-paragraph\">Mojna weaves improvisation and counterpoint into their innovative take on Nordic folk music. Using guitar, hardanger fiddle, and bass clarinet, they have created an original sound that has earned them numerous awards and nominations. <\/p>\n\n\n\n<p class=\"wp-block-paragraph\">The trio\u2019s second album, \u201cV\u00e4nten\u00e4tter,\u201d was released in the summer of 2024 and earned composer Thomas Eriksson the \u201cComposer of the Year\u201d award at the 2025 Folk and World Music Gala. Norway\u2019s NRK gave it a rare top rating of \u201c6 out of 6.\u201d <\/p>\n\n\n\n<div style=\"height:26px\" aria-hidden=\"true\" class=\"wp-block-spacer\"><\/div>\n\n\n\n<div style=\"height:20px\" aria-hidden=\"true\" class=\"wp-block-spacer\"><\/div>\n\n\n\n<p class=\"wp-block-paragraph\"><strong>Performers:<\/strong> Thomas Eriksson \u2013 composition\/guitar, Anna Malmstr\u00f6m \u2013 clarinet\/bass clarinet, Tuva F\u00e6rden \u2013 hardanger fiddle<\/p>\n\n\n\n<div style=\"height:11px\" aria-hidden=\"true\" class=\"wp-block-spacer\"><\/div>\n\n\n\n<p class=\"wp-block-noor-blocks-paragraph nb-paragraph\"><\/p>\n<\/div>\n<\/div>\n\n\n\n<div class=\"wp-block-noor-blocks-column col nb-column col-12 col-lg-5 col-xl-4\">\n<div class=\"wp-block-noor-blocks-group nb-group  p-32 px-lg-48 py-lg-32 bg-beige-2 no-event-sidebar\">\n<h2 class=\"wp-block-noor-blocks-heading nb-heading nb-cursor-default nb-heading-h2 mb-24 mb-lg-40 text-center\">Information<\/h2>\n\n\n\n<div class=\"wp-block-noor-blocks-group nb-group d-flex flex-column row-gap-24\">\n<div class=\"wp-block-noor-blocks-group nb-group  p-32 bg-white\">\n<h5 class=\"wp-block-noor-blocks-heading nb-heading nb-cursor-default nb-heading-h5\">On tour<\/h5>\n\n\n\n<p class=\"wp-block-paragraph\">The concert will go on tour in Ume\u00e5, Burtr\u00e4sk, and Nordmaling.<\/p>\n\n\n\n<div style=\"height:20px\" aria-hidden=\"true\" class=\"wp-block-spacer\"><\/div>\n\n\n\n<h5 class=\"wp-block-noor-blocks-heading nb-heading nb-cursor-default nb-heading-h5\">Photo<\/h5>\n\n\n\n<p class=\"wp-block-paragraph\">Frederick Kihle<\/p>\n<\/div>\n\n\n\n<div class=\"wp-block-noor-blocks-group nb-group d-flex flex-row align-items-center column-gap-24  p-32 bg-white no-event-social-card\">\n<h5 class=\"wp-block-noor-blocks-heading nb-heading nb-cursor-default nb-heading-h5 m-0\">Share:<\/h5>\n\n\n\n<a class=\"wp-block-noor-blocks-link nb-link d-flex  share-social\" href=\"#\" target=\"_blank\" rel=\"noopener\" aria-label=\"facebook-link\">\n<span class=\"nb-icon\"><span class=\"icon-facebook\" style=\"font-size:24px\"><\/span><\/span>\n<\/a>\n\n\n\n<a class=\"wp-block-noor-blocks-link nb-link d-flex mail-social\" href=\"#\" rel=\"noopener\" aria-label=\"instagram-link\">\n<span class=\"nb-icon\"><span class=\"icon-envelope\" style=\"font-size:24px\"><\/span><\/span>\n<\/a>\n\n\n\n<a class=\"wp-block-noor-blocks-link nb-link d-flex copy-link-btn position-relative\" href=\"#\" rel=\"noopener\" aria-label=\"website\">\n<span class=\"nb-icon\"><span class=\"icon-link\" style=\"font-size:24px\"><\/span><\/span>\n<\/a>\n<\/div>\n<\/div>\n<\/div>\n<\/div>\n<\/div>\n<\/div>\n<\/section>\n\n<section class=\"wp-block-noor-blocks-section nb-section position-relative  py-48 py-lg-64\">\n<div class=\"wp-block-noor-blocks-container nb-container container-fluid\">\n<div class=\"wp-block-noor-blocks-row nb-row row justify-content-center\">\n<div class=\"wp-block-noor-blocks-column col nb-column  col-12 col-lg-6\">\n<h2 class=\"wp-block-noor-blocks-heading nb-heading nb-cursor-default nb-heading-h2 text-md-center h1 content-animation\"><em>\u201cJust as before, there are plenty of strong compositions here, quiet beauty, but also some energy here and there. Anna Malmstr\u00f6m\u2019s bass clarinet rumbles softly yet is at times powerful, and Thomas Eriksson\u2019s guitar playing constantly shifts between melodies and intricate accompaniment. New to the trio is Tuva F\u00e6rden on the hardanger fiddle, who is clearly in exactly the right place.\u201d<\/em> <\/h2>\n\n\n\n<p class=\"wp-block-noor-blocks-paragraph nb-paragraph mt-32 text-gray text-md-center content-animation\">Rasmus Klockljung, Lira Music Magazine<\/p>\n<\/div>\n<\/div>\n<\/div>\n<\/section>\n\n<section class=\"wp-block-noor-blocks-section nb-section position-relative  py-128\">\n<div class=\"wp-block-noor-blocks-container nb-container container-fluid\">\n<div class=\"wp-block-noor-blocks-row nb-row row\">\n<div class=\"wp-block-noor-blocks-column col nb-column col-12 col-xl-8 offset-xl-2\">\n<div class=\"wp-block-noor-blocks-group nb-group d-flex flex-column gap-16 gap-md-24 gap-lg-16  w-100\"><div id=\"session-card\" class=\"wp-block-noor-blocks-group nb-group d-flex flex-column gap-16 gap-md-24 gap-lg-16  w-100\"><div class=\"no-loading\" style=\"display:none;\"><div class=\"spinner-grow\" role=\"status\"><span class=\"visually-hidden\">Loading&#8230;<\/span><\/div><\/div><h2 class=\"text-center mb-32 mb-lg-40\">Time and date<\/h2><div class=\"session-date-wrapper\">\n            <div class=\"no-session-wrapper\" data-index=\"1\">\n                <div class=\"session-items\" data-id=\"23002\" data-api-id=\"23002\" data-href=\"\" style=\"--event-color-primary:#600CDE;--event-color-secondary:#F9F5CC\">\n                    <div class=\"session-item d-flex flex-column flex-md-row justify-content-between align-items-end align-items-md-center gap-32 gap-md-8 p-24 p-md-32 py-xl-24 px-xl-48\">\n                        <div class=\"session-item-grid d-flex flex-column flex-xl-row gap-24 gap-xl-80 w-100\">\n                            <div class=\"no-session-left d-flex flex-row justify-content-between justify-content-md-start gap-8 gap-md-64\">\n                                <div class=\"no-session-date d-flex flex-row gap-24 gap-md-32 gap-xl-64\">\n                                    <p class=\"mb-0 text-capitalize\">Tuesday 10\/11<\/p>\n                                    <p class=\"mb-0\">19:00<\/p>\n                                <\/div>\n                                <h6 class=\"mb-0 text-uppercase text-end text-xl-start\">On Tour<\/h6>\n                            <\/div>\n                            <div class=\"no-session-right\">\n                                <a href=\"https:\/\/norrlandsoperan.se\/en\/programme\/mojna-on-tour\/\" class=\"h5 mb-8\">Mojna on Tour<\/a>\n                                <p class=\"mb-0\">Ume\u00e5, Ordenshuset<\/p>\n                            <\/div>\n                        <\/div>\n                        \n                    <\/div>\n                <\/div>\n            <\/div><\/div><div class=\"session-date-wrapper\">\n            <div class=\"no-session-wrapper\" data-index=\"2\">\n                <div class=\"session-items\" data-id=\"23000\" data-api-id=\"23000\" data-href=\"\" style=\"--event-color-primary:#600CDE;--event-color-secondary:#F9F5CC\">\n                    <div class=\"session-item d-flex flex-column flex-md-row justify-content-between align-items-end align-items-md-center gap-32 gap-md-8 p-24 p-md-32 py-xl-24 px-xl-48\">\n                        <div class=\"session-item-grid d-flex flex-column flex-xl-row gap-24 gap-xl-80 w-100\">\n                            <div class=\"no-session-left d-flex flex-row justify-content-between justify-content-md-start gap-8 gap-md-64\">\n                                <div class=\"no-session-date d-flex flex-row gap-24 gap-md-32 gap-xl-64\">\n                                    <p class=\"mb-0 text-capitalize\">Wednesday 11\/11<\/p>\n                                    <p class=\"mb-0\">18:00<\/p>\n                                <\/div>\n                                <h6 class=\"mb-0 text-uppercase text-end text-xl-start\">On Tour<\/h6>\n                            <\/div>\n                            <div class=\"no-session-right\">\n                                <a href=\"https:\/\/norrlandsoperan.se\/en\/programme\/mojna-on-tour\/\" class=\"h5 mb-8\">Mojna on Tour<\/a>\n                                <p class=\"mb-0\">Burtr\u00e4sk, F\u00f6rsamlingsg\u00e5rden<\/p>\n                            <\/div>\n                        <\/div>\n                        \n                    <\/div>\n                <\/div>\n            <\/div><\/div><div class=\"session-date-wrapper\">\n            <div class=\"no-session-wrapper\" data-index=\"3\">\n                <div class=\"session-items\" data-id=\"22999\" data-api-id=\"22999\" data-href=\"\" style=\"--event-color-primary:#600CDE;--event-color-secondary:#F9F5CC\">\n                    <div class=\"session-item d-flex flex-column flex-md-row justify-content-between align-items-end align-items-md-center gap-32 gap-md-8 p-24 p-md-32 py-xl-24 px-xl-48\">\n                        <div class=\"session-item-grid d-flex flex-column flex-xl-row gap-24 gap-xl-80 w-100\">\n                            <div class=\"no-session-left d-flex flex-row justify-content-between justify-content-md-start gap-8 gap-md-64\">\n                                <div class=\"no-session-date d-flex flex-row gap-24 gap-md-32 gap-xl-64\">\n                                    <p class=\"mb-0 text-capitalize\">Thursday 12\/11<\/p>\n                                    <p class=\"mb-0\">19:30<\/p>\n                                <\/div>\n                                <h6 class=\"mb-0 text-uppercase text-end text-xl-start\">On Tour<\/h6>\n                            <\/div>\n                            <div class=\"no-session-right\">\n                                <a href=\"https:\/\/norrlandsoperan.se\/en\/programme\/mojna-on-tour\/\" class=\"h5 mb-8\">Mojna on Tour<\/a>\n                                <p class=\"mb-0\">Nordmaling, Levar Hotell<\/p>\n                            <\/div>\n                        <\/div>\n                        \n                    <\/div>\n                <\/div>\n            <\/div><\/div><\/div><\/div>\n<\/div>\n<\/div>\n<\/div>\n<\/section>\n\n<section class=\"wp-block-noor-blocks-section nb-section position-relative\">\n<div class=\"wp-block-noor-blocks-container nb-container container-fluid p-0\"><\/div>\n<\/section>\n\n<section class=\"wp-block-noor-blocks-section nb-section position-relative  py-64 pt-md-64 pb-md-80 px-lg-64 pt-lg-64 pb-lg-96 has-overlay\"><span class=\"nb-background-overlay \"><\/span>\n<div class=\"wp-block-noor-blocks-container nb-container container-fluid\">\n<div class=\"wp-block-noor-blocks-row nb-row row justify-content-center\">\n<div class=\"wp-block-noor-blocks-column col nb-column  col-12 col-lg-10\">\n<h2 class=\"wp-block-noor-blocks-heading nb-heading nb-cursor-default nb-heading-h2 text-center text-lg-start\">You might also like:<\/h2>\n\n\n\n                    <div class='swiper no-events-swiper'>\n                    <div class='swiper-wrapper w-auto h-auto row d-lg-flex gy-lg-48 gx-lg-32'>\n                \n\t\t\t\t                            <div class='swiper-slide col-lg-6 col-xl-4 h-auto'>\n\t\t\t\t                            <a\n\t\t\t\t                                href='https:\/\/norrlandsoperan.se\/en\/programme\/wolfman-jack-on-tour\/'\n\t\t\t\t                                class='position-relative no-event-card-wrapper no-event-card-type-simple'\n\t\t\t\t                                style='--event-color-primary:#ECEADF;--event-color-secondary:#B12B01'\n\t\t\t\t                                data-event-id='22281'\n\t\t\t\t                            >\n\t\t\t\t                                <div class='no-event-card-media-wrapper bg-gray-100'>\n\t\t\t\t                                    <div class='no-event-card-media no-latest-image '>\n\t\t\t\t                                        <img class='img-fluid' alt='' src='https:\/\/norrlandsoperan.se\/wp-content\/uploads\/2026\/04\/wj190.jpg' >\n\t\t\t\t                                    <\/div>\n\t\t\t\t                                <\/div>\n\t\t\t\t                                <div class='no-event-content-wrapper p-24 p-md-48 mw-100' style='background-color:var(--event-color-primary);'>\n\t\t\t\t                                    <span class='no-event-badge-wrapper'><span class='no-event-badge'><span class='no-event-badge-name mb-0 h5'>On Tour<\/span><\/span><\/span>\n\t\t\t\t                                    <div class='no-event-content'>\n\t\t\t\t                                        <div class='no-event-content-top'>\n\t\t\t\t                                            <h3 class='no-event-title mb-lg-24 pe-16 pe-lg-64' style='color:var(--event-color-secondary);'>Wolfman Jack on tour<\/h3>\n\t\t\t\t                                            <p class='no-event-excerpt mb-lg-16 pe-lg-32' style='color:var(--event-color-secondary);'>Tour || 15 \u2013 19 September 2026<\/p>\n\t\t\t\t                                        <\/div>\n\t\t\t\t                                    <\/div>\n\t\t\t\t                                    <p class='no-event-excerpt mb-0 pe-lg-64 lead-text' style='color:var(--event-color-secondary);'> <\/p>\n\t\t\t\t                                <\/div>\n\t\t\t\t                            <\/a>\n\t\t\t\t                            <\/div>\n\t\t\t\t                        \n\t\t\t\t                            <div class='swiper-slide col-lg-6 col-xl-4 h-auto'>\n\t\t\t\t                            <a\n\t\t\t\t                                href='https:\/\/norrlandsoperan.se\/en\/programme\/bystrom-and-tchaikovsky-on-tour\/'\n\t\t\t\t                                class='position-relative no-event-card-wrapper no-event-card-type-simple'\n\t\t\t\t                                style='--event-color-primary:#ECEADF;--event-color-secondary:#600CDE'\n\t\t\t\t                                data-event-id='22092'\n\t\t\t\t                            >\n\t\t\t\t                                <div class='no-event-card-media-wrapper bg-gray-100'>\n\t\t\t\t                                    <div class='no-event-card-media no-latest-image '>\n\t\t\t\t                                        <img class='img-fluid' alt='' src='https:\/\/norrlandsoperan.se\/wp-content\/uploads\/2026\/08\/lauramichelin_NS-1112.jpg' >\n\t\t\t\t                                    <\/div>\n\t\t\t\t                                <\/div>\n\t\t\t\t                                <div class='no-event-content-wrapper p-24 p-md-48 mw-100' style='background-color:var(--event-color-primary);'>\n\t\t\t\t                                    <span class='no-event-badge-wrapper'><span class='no-event-badge'><span class='no-event-badge-name mb-0 h5'>On Tour<\/span><\/span><\/span>\n\t\t\t\t                                    <div class='no-event-content'>\n\t\t\t\t                                        <div class='no-event-content-top'>\n\t\t\t\t                                            <h3 class='no-event-title mb-lg-24 pe-16 pe-lg-64' style='color:var(--event-color-secondary);'>Bystr\u00f6m and Tchaikovsky on Tour<\/h3>\n\t\t\t\t                                            <p class='no-event-excerpt mb-lg-16 pe-lg-32' style='color:var(--event-color-secondary);'>Sara Kulturhus || October 9, 2026<\/p>\n\t\t\t\t                                        <\/div>\n\t\t\t\t                                    <\/div>\n\t\t\t\t                                    <p class='no-event-excerpt mb-0 pe-lg-64 lead-text' style='color:var(--event-color-secondary);'> Buy tickets<\/p>\n\t\t\t\t                                <\/div>\n\t\t\t\t                            <\/a>\n\t\t\t\t                            <\/div>\n\t\t\t\t                        \n\t\t\t\t                            <div class='swiper-slide col-lg-6 col-xl-4 h-auto'>\n\t\t\t\t                            <a\n\t\t\t\t                                href='https:\/\/norrlandsoperan.se\/en\/programme\/etheen-aina-etheen-forward-always-forward-on-tour\/'\n\t\t\t\t                                class='position-relative no-event-card-wrapper no-event-card-type-simple'\n\t\t\t\t                                style='--event-color-primary:#BCDEF1;--event-color-secondary:#006150'\n\t\t\t\t                                data-event-id='22087'\n\t\t\t\t                            >\n\t\t\t\t                                <div class='no-event-card-media-wrapper bg-gray-100'>\n\t\t\t\t                                    <div class='no-event-card-media no-latest-image '>\n\t\t\t\t                                        <img class='img-fluid' alt='' src='https:\/\/norrlandsoperan.se\/wp-content\/uploads\/2026\/06\/Erling_Fredriksson-och-co_Foto_MariaFaldt_01.jpg' >\n\t\t\t\t                                    <\/div>\n\t\t\t\t                                <\/div>\n\t\t\t\t                                <div class='no-event-content-wrapper p-24 p-md-48 mw-100' style='background-color:var(--event-color-primary);'>\n\t\t\t\t                                    <span class='no-event-badge-wrapper'><span class='no-event-badge'><span class='no-event-badge-name mb-0 h5'>On Tour<\/span><\/span><\/span>\n\t\t\t\t                                    <div class='no-event-content'>\n\t\t\t\t                                        <div class='no-event-content-top'>\n\t\t\t\t                                            <h3 class='no-event-title mb-lg-24 pe-16 pe-lg-64' style='color:var(--event-color-secondary);'>Etheen aina etheen \u2013 Forward, Always Forward on Tour<\/h3>\n\t\t\t\t                                            <p class='no-event-excerpt mb-lg-16 pe-lg-32' style='color:var(--event-color-secondary);'>Tour || October 15\u201316, 2026<\/p>\n\t\t\t\t                                        <\/div>\n\t\t\t\t                                    <\/div>\n\t\t\t\t                                    <p class='no-event-excerpt mb-0 pe-lg-64 lead-text' style='color:var(--event-color-secondary);'> <\/p>\n\t\t\t\t                                <\/div>\n\t\t\t\t                            <\/a>\n\t\t\t\t                            <\/div>\n\t\t\t\t                        \n                    <div class='swiper-button-next invisible'><\/div>\n                    <div class='swiper-button-prev invisible'><\/div>\n                    <\/div>\n                    <\/div>\n                <\/div>\n<\/div>\n<\/div>\n<\/section>\n","protected":false},"excerpt":{"rendered":"<p>An award-winning performance of Nordic folk music on tour in Ume\u00e5, Burtr\u00e4sk, and Nordmaling.<\/p>\n","protected":false},"author":9,"featured_media":20962,"template":"","meta":{"event_color_primary":"#600CDE","event_color_secondary":"#F9F5CC","event_card_media":{"id":20961,"url":"https:\/\/norrlandsoperan.se\/wp-content\/uploads\/2026\/06\/MOJNA-2-Photo-cred.-Frederick-Kihle.jpg"},"event_info":"Tour || November 10\u201312, 2026","event_end_date":"2026-11-12","event_primary_category":"pa-turne","event_status":"no_status","event_ticket_link":"","event_api_guid":"","event_session_info":"Running time: about 70 minutes.","program":0,"event_order_key":"2026-11-10T19:00:00+02:00","event_status_free":"","archived_event":false,"archived_event_info":"{ Type: Static\n }{ Planned Archive Date: 2026-11-13 }","event_order_date":"","footnotes":""},"event_category":[58],"class_list":["post-22139","event","type-event","status-publish","has-post-thumbnail","hentry","event_category-on-tour"],"yoast_head":"<!-- This site is optimized with the Yoast SEO plugin v28.4 - https:\/\/yoast.com\/product\/yoast-seo-wordpress\/ -->\n<title>Mojna on Tour - Norrlandsoperan<\/title>\n<meta name=\"description\" content=\"Mojna weaves improvisation and contrapuntal harmonies into their innovative take on Nordic folk music. With guitar, Hardanger fiddle, and bass clarinet, they have created an original sound that has earned them several awards and nominations.The trio\u2019s second album, \u201cV\u00e4nten\u00e4tter,\u201d was released in the summer of 2024 and earned composer Thomas Eriksson the \u201cComposer of the Year\u201d award at the 2025 Folk and World Music Gala. Norway\u2019s NRK awarded it the rare top rating of \u201c6 out of 6.\u201d\" \/>\n<meta name=\"robots\" content=\"index, follow, max-snippet:-1, max-image-preview:large, max-video-preview:-1\" \/>\n<link rel=\"canonical\" href=\"https:\/\/norrlandsoperan.se\/en\/programme\/mojna-on-tour\/\" \/>\n<meta property=\"og:locale\" content=\"en_US\" \/>\n<meta property=\"og:type\" content=\"article\" \/>\n<meta property=\"og:title\" content=\"Mojna on Tour - Norrlandsoperan\" \/>\n<meta property=\"og:description\" content=\"Mojna weaves improvisation and contrapuntal harmonies into their innovative take on Nordic folk music. With guitar, Hardanger fiddle, and bass clarinet, they have created an original sound that has earned them several awards and nominations.The trio\u2019s second album, \u201cV\u00e4nten\u00e4tter,\u201d was released in the summer of 2024 and earned composer Thomas Eriksson the \u201cComposer of the Year\u201d award at the 2025 Folk and World Music Gala. Norway\u2019s NRK awarded it the rare top rating of \u201c6 out of 6.\u201d\" \/>\n<meta property=\"og:url\" content=\"https:\/\/norrlandsoperan.se\/en\/programme\/mojna-on-tour\/\" \/>\n<meta property=\"og:site_name\" content=\"Norrlandsoperan\" \/>\n<meta property=\"article:modified_time\" content=\"2026-09-03T12:55:46+00:00\" \/>\n<meta property=\"og:image\" content=\"https:\/\/norrlandsoperan.se\/wp-content\/uploads\/2026\/06\/MOJNA-2-Photo-cred.-Frederick-Kihle.jpg\" \/>\n\t<meta property=\"og:image:width\" content=\"1300\" \/>\n\t<meta property=\"og:image:height\" content=\"867\" \/>\n\t<meta property=\"og:image:type\" content=\"image\/jpeg\" \/>\n<meta name=\"twitter:card\" content=\"summary_large_image\" \/>\n<meta name=\"twitter:label1\" content=\"Est. reading time\" \/>\n\t<meta name=\"twitter:data1\" content=\"1 minute\" \/>\n<script type=\"application\/ld+json\" class=\"yoast-schema-graph\">{\"@context\":\"https:\\\/\\\/schema.org\",\"@graph\":[{\"@type\":\"WebPage\",\"@id\":\"https:\\\/\\\/norrlandsoperan.se\\\/en\\\/programme\\\/mojna-on-tour\\\/\",\"url\":\"https:\\\/\\\/norrlandsoperan.se\\\/en\\\/programme\\\/mojna-on-tour\\\/\",\"name\":\"Mojna on Tour - Norrlandsoperan\",\"isPartOf\":{\"@id\":\"https:\\\/\\\/norrlandsoperan.se\\\/en\\\/#website\"},\"primaryImageOfPage\":{\"@id\":\"https:\\\/\\\/norrlandsoperan.se\\\/en\\\/programme\\\/mojna-on-tour\\\/#primaryimage\"},\"image\":{\"@id\":\"https:\\\/\\\/norrlandsoperan.se\\\/en\\\/programme\\\/mojna-on-tour\\\/#primaryimage\"},\"thumbnailUrl\":\"https:\\\/\\\/norrlandsoperan.se\\\/wp-content\\\/uploads\\\/2026\\\/06\\\/MOJNA-2-Photo-cred.-Frederick-Kihle.jpg\",\"datePublished\":\"2026-06-22T12:26:38+00:00\",\"dateModified\":\"2026-09-03T12:55:46+00:00\",\"description\":\"Mojna weaves improvisation and contrapuntal harmonies into their innovative take on Nordic folk music. With guitar, Hardanger fiddle, and bass clarinet, they have created an original sound that has earned them several awards and nominations.The trio\u2019s second album, \u201cV\u00e4nten\u00e4tter,\u201d was released in the summer of 2024 and earned composer Thomas Eriksson the \u201cComposer of the Year\u201d award at the 2025 Folk and World Music Gala. Norway\u2019s NRK awarded it the rare top rating of \u201c6 out of 6.\u201d\",\"breadcrumb\":{\"@id\":\"https:\\\/\\\/norrlandsoperan.se\\\/en\\\/programme\\\/mojna-on-tour\\\/#breadcrumb\"},\"inLanguage\":\"en-US\",\"potentialAction\":[{\"@type\":\"ReadAction\",\"target\":[\"https:\\\/\\\/norrlandsoperan.se\\\/en\\\/programme\\\/mojna-on-tour\\\/\"]}]},{\"@type\":\"ImageObject\",\"inLanguage\":\"en-US\",\"@id\":\"https:\\\/\\\/norrlandsoperan.se\\\/en\\\/programme\\\/mojna-on-tour\\\/#primaryimage\",\"url\":\"https:\\\/\\\/norrlandsoperan.se\\\/wp-content\\\/uploads\\\/2026\\\/06\\\/MOJNA-2-Photo-cred.-Frederick-Kihle.jpg\",\"contentUrl\":\"https:\\\/\\\/norrlandsoperan.se\\\/wp-content\\\/uploads\\\/2026\\\/06\\\/MOJNA-2-Photo-cred.-Frederick-Kihle.jpg\",\"width\":1300,\"height\":867},{\"@type\":\"BreadcrumbList\",\"@id\":\"https:\\\/\\\/norrlandsoperan.se\\\/en\\\/programme\\\/mojna-on-tour\\\/#breadcrumb\",\"itemListElement\":[{\"@type\":\"ListItem\",\"position\":1,\"name\":\"Home\",\"item\":\"https:\\\/\\\/norrlandsoperan.se\\\/en\\\/home\\\/\"},{\"@type\":\"ListItem\",\"position\":2,\"name\":\"Mojna on Tour\"}]},{\"@type\":\"WebSite\",\"@id\":\"https:\\\/\\\/norrlandsoperan.se\\\/en\\\/#website\",\"url\":\"https:\\\/\\\/norrlandsoperan.se\\\/en\\\/\",\"name\":\"Norrlandsoperan\",\"description\":\"\",\"potentialAction\":[{\"@type\":\"SearchAction\",\"target\":{\"@type\":\"EntryPoint\",\"urlTemplate\":\"https:\\\/\\\/norrlandsoperan.se\\\/en\\\/?s={search_term_string}\"},\"query-input\":{\"@type\":\"PropertyValueSpecification\",\"valueRequired\":true,\"valueName\":\"search_term_string\"}}],\"inLanguage\":\"en-US\"}]}<\/script>\n<!-- \/ Yoast SEO plugin. -->","yoast_head_json":{"title":"Mojna on Tour - Norrlandsoperan","description":"Mojna weaves improvisation and contrapuntal harmonies into their innovative take on Nordic folk music. With guitar, Hardanger fiddle, and bass clarinet, they have created an original sound that has earned them several awards and nominations.The trio\u2019s second album, \u201cV\u00e4nten\u00e4tter,\u201d was released in the summer of 2024 and earned composer Thomas Eriksson the \u201cComposer of the Year\u201d award at the 2025 Folk and World Music Gala. Norway\u2019s NRK awarded it the rare top rating of \u201c6 out of 6.\u201d","robots":{"index":"index","follow":"follow","max-snippet":"max-snippet:-1","max-image-preview":"max-image-preview:large","max-video-preview":"max-video-preview:-1"},"canonical":"https:\/\/norrlandsoperan.se\/en\/programme\/mojna-on-tour\/","og_locale":"en_US","og_type":"article","og_title":"Mojna on Tour - Norrlandsoperan","og_description":"Mojna weaves improvisation and contrapuntal harmonies into their innovative take on Nordic folk music. With guitar, Hardanger fiddle, and bass clarinet, they have created an original sound that has earned them several awards and nominations.The trio\u2019s second album, \u201cV\u00e4nten\u00e4tter,\u201d was released in the summer of 2024 and earned composer Thomas Eriksson the \u201cComposer of the Year\u201d award at the 2025 Folk and World Music Gala. Norway\u2019s NRK awarded it the rare top rating of \u201c6 out of 6.\u201d","og_url":"https:\/\/norrlandsoperan.se\/en\/programme\/mojna-on-tour\/","og_site_name":"Norrlandsoperan","article_modified_time":"2026-09-03T12:55:46+00:00","og_image":[{"width":1300,"height":867,"url":"https:\/\/norrlandsoperan.se\/wp-content\/uploads\/2026\/06\/MOJNA-2-Photo-cred.-Frederick-Kihle.jpg","type":"image\/jpeg"}],"twitter_card":"summary_large_image","twitter_misc":{"Est. reading time":"1 minute"},"schema":{"@context":"https:\/\/schema.org","@graph":[{"@type":"WebPage","@id":"https:\/\/norrlandsoperan.se\/en\/programme\/mojna-on-tour\/","url":"https:\/\/norrlandsoperan.se\/en\/programme\/mojna-on-tour\/","name":"Mojna on Tour - Norrlandsoperan","isPartOf":{"@id":"https:\/\/norrlandsoperan.se\/en\/#website"},"primaryImageOfPage":{"@id":"https:\/\/norrlandsoperan.se\/en\/programme\/mojna-on-tour\/#primaryimage"},"image":{"@id":"https:\/\/norrlandsoperan.se\/en\/programme\/mojna-on-tour\/#primaryimage"},"thumbnailUrl":"https:\/\/norrlandsoperan.se\/wp-content\/uploads\/2026\/06\/MOJNA-2-Photo-cred.-Frederick-Kihle.jpg","datePublished":"2026-06-22T12:26:38+00:00","dateModified":"2026-09-03T12:55:46+00:00","description":"Mojna weaves improvisation and contrapuntal harmonies into their innovative take on Nordic folk music. With guitar, Hardanger fiddle, and bass clarinet, they have created an original sound that has earned them several awards and nominations.The trio\u2019s second album, \u201cV\u00e4nten\u00e4tter,\u201d was released in the summer of 2024 and earned composer Thomas Eriksson the \u201cComposer of the Year\u201d award at the 2025 Folk and World Music Gala. Norway\u2019s NRK awarded it the rare top rating of \u201c6 out of 6.\u201d","breadcrumb":{"@id":"https:\/\/norrlandsoperan.se\/en\/programme\/mojna-on-tour\/#breadcrumb"},"inLanguage":"en-US","potentialAction":[{"@type":"ReadAction","target":["https:\/\/norrlandsoperan.se\/en\/programme\/mojna-on-tour\/"]}]},{"@type":"ImageObject","inLanguage":"en-US","@id":"https:\/\/norrlandsoperan.se\/en\/programme\/mojna-on-tour\/#primaryimage","url":"https:\/\/norrlandsoperan.se\/wp-content\/uploads\/2026\/06\/MOJNA-2-Photo-cred.-Frederick-Kihle.jpg","contentUrl":"https:\/\/norrlandsoperan.se\/wp-content\/uploads\/2026\/06\/MOJNA-2-Photo-cred.-Frederick-Kihle.jpg","width":1300,"height":867},{"@type":"BreadcrumbList","@id":"https:\/\/norrlandsoperan.se\/en\/programme\/mojna-on-tour\/#breadcrumb","itemListElement":[{"@type":"ListItem","position":1,"name":"Home","item":"https:\/\/norrlandsoperan.se\/en\/home\/"},{"@type":"ListItem","position":2,"name":"Mojna on Tour"}]},{"@type":"WebSite","@id":"https:\/\/norrlandsoperan.se\/en\/#website","url":"https:\/\/norrlandsoperan.se\/en\/","name":"Norrlandsoperan","description":"","potentialAction":[{"@type":"SearchAction","target":{"@type":"EntryPoint","urlTemplate":"https:\/\/norrlandsoperan.se\/en\/?s={search_term_string}"},"query-input":{"@type":"PropertyValueSpecification","valueRequired":true,"valueName":"search_term_string"}}],"inLanguage":"en-US"}]}},"_links":{"self":[{"href":"https:\/\/norrlandsoperan.se\/en\/wp-json\/wp\/v2\/event\/22139","targetHints":{"allow":["GET"]}}],"collection":[{"href":"https:\/\/norrlandsoperan.se\/en\/wp-json\/wp\/v2\/event"}],"about":[{"href":"https:\/\/norrlandsoperan.se\/en\/wp-json\/wp\/v2\/types\/event"}],"author":[{"embeddable":true,"href":"https:\/\/norrlandsoperan.se\/en\/wp-json\/wp\/v2\/users\/9"}],"version-history":[{"count":2,"href":"https:\/\/norrlandsoperan.se\/en\/wp-json\/wp\/v2\/event\/22139\/revisions"}],"predecessor-version":[{"id":22149,"href":"https:\/\/norrlandsoperan.se\/en\/wp-json\/wp\/v2\/event\/22139\/revisions\/22149"}],"wp:featuredmedia":[{"embeddable":true,"href":"https:\/\/norrlandsoperan.se\/en\/wp-json\/wp\/v2\/media\/20962"}],"wp:attachment":[{"href":"https:\/\/norrlandsoperan.se\/en\/wp-json\/wp\/v2\/media?parent=22139"}],"wp:term":[{"taxonomy":"event_category","embeddable":true,"href":"https:\/\/norrlandsoperan.se\/en\/wp-json\/wp\/v2\/event_category?post=22139"}],"curies":[{"name":"wp","href":"https:\/\/api.w.org\/{rel}","templated":true}]}}