{"id":22182,"date":"2026-04-09T09:50:08","date_gmt":"2026-04-09T07:50:08","guid":{"rendered":"https:\/\/norrlandsoperan.se\/forestallningar\/panel-discussion-the-scouts-the-future-of-dance-in-vasterbotten\/"},"modified":"2026-09-04T15:54:03","modified_gmt":"2026-09-04T13:54:03","slug":"panel-discussion-the-scouts-the-future-of-dance-in-vasterbotten","status":"publish","type":"event","link":"https:\/\/norrlandsoperan.se\/en\/programme\/panel-discussion-the-scouts-the-future-of-dance-in-vasterbotten\/","title":{"rendered":"Panel discussion: The Scouts \u2013 the future of dance in V\u00e4sterbotten"},"content":{"rendered":"\n<section class=\"wp-block-noor-blocks-section nb-section position-relative  py-48 py-lg-64\">\n<div class=\"wp-block-noor-blocks-container nb-container container-fluid\">\n<div class=\"wp-block-noor-blocks-row nb-row row\">\n<div class=\"wp-block-noor-blocks-column col nb-column col-12 col-lg-7 col-xl-6 offset-xl-1\">\n<div class=\"wp-block-noor-blocks-group nb-group  px-sm-8 pe-lg-80 ps-lg-48\">\n<h1 class=\"wp-block-noor-blocks-heading nb-heading nb-cursor-default nb-heading-h1 my-24 my-md-32 my-lg-48 no-bottom-line content-animation\">Panel discussion with an eye to the future<\/h1>\n\n\n\n<p class=\"wp-block-paragraph\">In connection with the launch of Dansplan V\u00e4sterbotten, Norrlandsoperan and Dans i V\u00e4sterbotten invite you to a panel discussion where we look ahead. Inspired by the radio program Spanarna, the panel interprets signs of the times and shares their visions for the development of dance in V\u00e4sterbotten, from artistic currents to regional conditions and future opportunities. <\/p>\n\n\n\n<p class=\"wp-block-paragraph\">In a conversation in classic scout format, politicians and key people in the V\u00e4sterbotten dance field meet to discuss the region&#8217;s growing and vital role in the development of the contemporary Swedish dance scene. Together, they look for movements that are already underway, point out directions forward and talk about how dance in V\u00e4sterbotten can continue to grow \u2013 locally, regionally and in dialogue with the outside world. <\/p>\n\n\n\n<p class=\"wp-block-paragraph\">During the evening, we also draw attention to Dansplan V\u00e4sterbotten, a new strategic action plan for the development of the free art of dance in the county. The dance plan has been developed within the project Dansutveckling V\u00e4sterbotten, with Dans i V\u00e4sterbotten as project owner and Nadja Nilsson as project manager. <br\/><\/p>\n\n\n\n<h4 class=\"wp-block-noor-blocks-heading nb-heading nb-cursor-default nb-heading-h4 my-24 my-md-32 my-lg-48 no-bottom-line content-animation\">Participants in the panel<\/h4>\n\n\n\n<p class=\"wp-block-paragraph\">\u00b7 <strong>Bj\u00f6rn Wiechel,<\/strong> Member of Parliament, Social Democratic Party&#8217;s cultural policy spokesperson<\/p>\n\n\n\n<p class=\"wp-block-paragraph\">\u00b7 <strong>Nina Bj\u00f6rby, <\/strong> Chairman of the Culture Committee, Region V\u00e4sterbotten<\/p>\n\n\n\n<p class=\"wp-block-paragraph\">\u00b7 <strong>Helena Smith,<\/strong> Chairman of the Culture Committee, Ume\u00e5 Municipality<\/p>\n\n\n\n<p class=\"wp-block-paragraph\">\u00b7 <strong>Helle Solberg, <\/strong> CEO of Norrlandsoperan<\/p>\n\n\n\n<p class=\"wp-block-paragraph\">\u00b7 <strong>Karin Wiklund, <\/strong> Choreographer and Executive Director, Johansson&#8217;s Geraniums and Dance<\/p>\n\n\n\n<p class=\"wp-block-paragraph\">\u00b7 <strong>Hagar Malin Hellkvist Sell\u00e9n,<\/strong> Choreographer and Executive Director, V\u00e4sterbotten Choreographic<\/p>\n\n\n\n<p class=\"wp-block-paragraph\"><strong>Moderator:<\/strong> Anja Arnquist, Artistic Director Dance, Norrlandsoperan<\/p>\n\n\n\n<div style=\"height:41px\" aria-hidden=\"true\" class=\"wp-block-spacer\"><\/div>\n\n\n\n<p class=\"has-black-color has-text-color has-link-color wp-elements-1 wp-block-paragraph\">Feel free to continue the evening with Norrlandsoperan&#8217;s <a href=\"https:\/\/norrlandsoperan.se\/en\/programme\/spring-salon-2026\/\"><strong>Spring Salon<\/strong><\/a>. A full evening in two acts, with samples from the national and international dance scene. Read more and book tickets <a href=\"https:\/\/norrlandsoperan.se\/en\/programme\/spring-salon-2026\/\"><strong>here!<\/strong><\/a>  <\/p>\n<\/div>\n<\/div>\n\n\n\n<div class=\"wp-block-noor-blocks-column col nb-column col-12 col-lg-5 col-xl-4\">\n<div class=\"wp-block-noor-blocks-group nb-group  p-32 px-lg-48 py-lg-32 bg-beige-2 no-event-sidebar\">\n<h2 class=\"wp-block-noor-blocks-heading nb-heading nb-cursor-default nb-heading-h2 mb-24 mb-lg-40 text-center\">Information<\/h2>\n\n\n\n<div class=\"wp-block-noor-blocks-group nb-group d-flex flex-column row-gap-24\">\n<div class=\"wp-block-noor-blocks-group nb-group  p-32 bg-white\">\n<h5 class=\"wp-block-noor-blocks-heading nb-heading nb-cursor-default nb-heading-h5\">Times:<\/h5>\n\n\n\n<p class=\"wp-block-noor-blocks-paragraph nb-paragraph\"><strong>17.50\u201318.00<\/strong> Launch of Dansplan V\u00e4sterbotten<\/p>\n\n\n\n<p class=\"wp-block-noor-blocks-paragraph nb-paragraph\"><strong>18.00\u201318.30<\/strong> Panel discussion<\/p>\n\n\n\n<p class=\"wp-block-noor-blocks-paragraph nb-paragraph\"><em>Bubbles and canap\u00e9s from 17.30<\/em><\/p>\n<\/div>\n\n\n\n<div class=\"wp-block-noor-blocks-group nb-group d-flex flex-row align-items-center column-gap-24  p-32 bg-white no-event-social-card\">\n<h5 class=\"wp-block-noor-blocks-heading nb-heading nb-cursor-default nb-heading-h5 m-0\">Share:<\/h5>\n\n\n\n<a class=\"wp-block-noor-blocks-link nb-link d-flex  share-social\" href=\"#\" target=\"_blank\" rel=\"noopener\" aria-label=\"facebook-link\">\n<span class=\"nb-icon\"><span class=\"icon-facebook\" style=\"font-size:24px\"><\/span><\/span>\n<\/a>\n\n\n\n<a class=\"wp-block-noor-blocks-link nb-link d-flex mail-social\" href=\"#\" rel=\"noopener\" aria-label=\"instagram-link\">\n<span class=\"nb-icon\"><span class=\"icon-envelope\" style=\"font-size:24px\"><\/span><\/span>\n<\/a>\n\n\n\n<a class=\"wp-block-noor-blocks-link nb-link d-flex copy-link-btn position-relative\" href=\"#\" rel=\"noopener\" aria-label=\"website\">\n<span class=\"nb-icon\"><span class=\"icon-link\" style=\"font-size:24px\"><\/span><\/span>\n<\/a>\n<\/div>\n<\/div>\n<\/div>\n<\/div>\n<\/div>\n<\/div>\n<\/section>\n\n<section class=\"wp-block-noor-blocks-section nb-section position-relative  py-128\">\n<div class=\"wp-block-noor-blocks-container nb-container container-fluid\">\n<div class=\"wp-block-noor-blocks-row nb-row row\">\n<div class=\"wp-block-noor-blocks-column col nb-column col-12 col-xl-8 offset-xl-2\">\n<div class=\"wp-block-noor-blocks-group nb-group d-flex flex-column gap-16 gap-md-24 gap-lg-16  w-100\"><div id=\"session-card\" class=\"wp-block-noor-blocks-group nb-group d-flex flex-column gap-16 gap-md-24 gap-lg-16  w-100\"><div class=\"no-loading\" style=\"display:none;\"><div class=\"spinner-grow\" role=\"status\"><span class=\"visually-hidden\">Loading&#8230;<\/span><\/div><\/div><\/div><\/div>\n<\/div>\n<\/div>\n<\/div>\n<\/section>\n\n<section class=\"wp-block-noor-blocks-section nb-section position-relative  py-128\">\n<div class=\"wp-block-noor-blocks-container nb-container container-fluid\">\n<div class=\"wp-block-noor-blocks-row nb-row row\">\n<div class=\"wp-block-noor-blocks-column col nb-column col-12 col-xl-8 offset-xl-2\">\n<div class=\"wp-block-noor-blocks-group nb-group d-flex flex-column gap-16 gap-md-24 gap-lg-16 w-100\"><\/div>\n<\/div>\n<\/div>\n<\/div>\n<\/section>\n\n<section class=\"wp-block-noor-blocks-section nb-section position-relative  pt-64 pb-96 pt-md-80 pb-md-128 py-lg-176\">\n<div class=\"wp-block-noor-blocks-container nb-container container-fluid\">\n<div class=\"wp-block-noor-blocks-row nb-row row\">\n<div class=\"wp-block-noor-blocks-column col nb-column col-md-10 offset-md-1\">\n<div class=\"wp-block-noor-blocks-row nb-row row\">\n<div class=\"wp-block-noor-blocks-column col nb-column col-12 col-lg-5\">\n<div class=\"wp-block-noor-blocks-group nb-group d-flex flex-column align-items-start justify-content-center h-100\">\n<h2 class=\"wp-block-noor-blocks-heading nb-heading nb-cursor-default nb-heading-h2 content-animation\">Serving<\/h2>\n\n\n\n<p class=\"wp-block-noor-blocks-paragraph nb-paragraph mb-lg-40 pe-lg-80 no-top-line-small\"><strong>Catering at the performance<\/strong><br\/> You can buy coffee and other goodies in the bistro from one hour before the start and during the break. The menu includes wine, beer, soft drinks, snacks, homemade coffee bread, shrimp sandwiches and much more. <br><br><strong>Pre-order for the break<\/strong> at<br\/>. Pre-order your break refreshments and avoid lines. You\u2019ll get a reserved table where your order will be served. If you only pre-order cold drinks (plus snacks, if any: nuts, a bag of chips, or hot snacks), these will be ready for pickup in the coatroom on the lower level (table not included). Add intermission items when purchasing your ticket or on <a href=\"https:\/\/biljett.norrlandsoperan.se\/en\/login\"><strong>My Pages<\/strong><\/a>   <br><br>A warm welcome!<br> <\/p>\n<\/div>\n<\/div>\n\n\n\n<div class=\"wp-block-noor-blocks-column col nb-column align-self-lg-center col-12 col-lg-6 offset-lg-1\">\n<figure class=\"wp-block-image size-large\"><img loading=\"lazy\" decoding=\"async\" width=\"1024\" height=\"683\" src=\"https:\/\/norrlandsoperan.se\/wp-content\/uploads\/2025\/01\/MG_Mingel_LaTraviata_181006_4621_web-1024x683.jpg\" alt=\"\" class=\"wp-image-10851\" srcset=\"https:\/\/norrlandsoperan.se\/wp-content\/uploads\/2025\/01\/MG_Mingel_LaTraviata_181006_4621_web-1024x683.jpg 1024w, https:\/\/norrlandsoperan.se\/wp-content\/uploads\/2025\/01\/MG_Mingel_LaTraviata_181006_4621_web-300x200.jpg 300w, https:\/\/norrlandsoperan.se\/wp-content\/uploads\/2025\/01\/MG_Mingel_LaTraviata_181006_4621_web-768x512.jpg 768w, https:\/\/norrlandsoperan.se\/wp-content\/uploads\/2025\/01\/MG_Mingel_LaTraviata_181006_4621_web.jpg 1300w\" sizes=\"auto, (max-width: 1024px) 100vw, 1024px\" \/><\/figure>\n<\/div>\n<\/div>\n<\/div>\n<\/div>\n<\/div>\n<\/section>\n\n<div style=\"height:100px\" aria-hidden=\"true\" class=\"wp-block-spacer\"><\/div>\n\n<section class=\"wp-block-noor-blocks-section nb-section position-relative  py-64 pt-md-64 pb-md-80 pt-lg-64 pb-lg-96 bg-beige-1\">\n<div class=\"wp-block-noor-blocks-container nb-container container-fluid\">\n<div class=\"wp-block-noor-blocks-row nb-row row justify-content-center\">\n<div class=\"wp-block-noor-blocks-column col nb-column\"><\/div>\n<\/div>\n<\/div>\n<\/section>\n\n<div class=\"wp-block-noor-blocks-row nb-row row\">\n<div class=\"wp-block-noor-blocks-column col nb-column col-12 col-xl-8 offset-xl-2\">\n<div class=\"wp-block-noor-blocks-group nb-group d-flex flex-column gap-16 gap-md-24 gap-lg-16  w-100\"><div id=\"session-card\" class=\"wp-block-noor-blocks-group nb-group d-flex flex-column gap-16 gap-md-24 gap-lg-16  w-100\"><div class=\"no-loading\" style=\"display:none;\"><div class=\"spinner-grow\" role=\"status\"><span class=\"visually-hidden\">Loading&#8230;<\/span><\/div><\/div><\/div><\/div>\n<\/div>\n<\/div>\n\n<section class=\"wp-block-noor-blocks-section nb-section position-relative\">\n<div class=\"wp-block-noor-blocks-container nb-container container-fluid p-0\"><\/div>\n<\/section>\n\n<section class=\"wp-block-noor-blocks-section nb-section position-relative  py-64 pt-md-64 pb-md-80 px-lg-64 pt-lg-64 pb-lg-96 has-overlay\"><span class=\"nb-background-overlay \"><\/span>\n<div class=\"wp-block-noor-blocks-container nb-container container-fluid\">\n<div class=\"wp-block-noor-blocks-row nb-row row justify-content-center\">\n<div class=\"wp-block-noor-blocks-column col nb-column  col-12 col-lg-10\">\n<h2 class=\"wp-block-noor-blocks-heading nb-heading nb-cursor-default nb-heading-h2 text-center text-lg-start\">You might also like:<\/h2>\n\n\n\n                    <div class='swiper no-events-swiper'>\n                    <div class='swiper-wrapper w-auto h-auto row d-lg-flex gy-lg-48 gx-lg-32'>\n                \n\t\t\t\t                            <div class='swiper-slide col-lg-6 col-xl-4 h-auto'>\n\t\t\t\t                            <a\n\t\t\t\t                                href='https:\/\/norrlandsoperan.se\/en\/programme\/the-body-symphonic-charlie-khalil-prince\/'\n\t\t\t\t                                class='position-relative no-event-card-wrapper no-event-card-type-simple'\n\t\t\t\t                                style='--event-color-primary:#1C375B;--event-color-secondary:#F9F5CC'\n\t\t\t\t                                data-event-id='22238'\n\t\t\t\t                            >\n\t\t\t\t                                <div class='no-event-card-media-wrapper bg-gray-100'>\n\t\t\t\t                                    <div class='no-event-card-media no-latest-image '>\n\t\t\t\t                                        <img class='img-fluid' alt='' src='https:\/\/norrlandsoperan.se\/wp-content\/uploads\/2026\/04\/13-3-55.jpg' >\n\t\t\t\t                                    <\/div>\n\t\t\t\t                                <\/div>\n\t\t\t\t                                <div class='no-event-content-wrapper p-24 p-md-48 mw-100' style='background-color:var(--event-color-primary);'>\n\t\t\t\t                                    <span class='no-event-badge-wrapper'><span class='no-event-badge'><span class='no-event-badge-name mb-0 h5'>Dance<\/span><\/span><\/span>\n\t\t\t\t                                    <div class='no-event-content'>\n\t\t\t\t                                        <div class='no-event-content-top'>\n\t\t\t\t                                            <h3 class='no-event-title mb-lg-24 pe-16 pe-lg-64' style='color:var(--event-color-secondary);'>the body symphonic &#8211; Charlie Khalil Prince<\/h3>\n\t\t\t\t                                            <p class='no-event-excerpt mb-lg-16 pe-lg-32' style='color:var(--event-color-secondary);'>Norrlandsoperan || 24 september 2026<\/p>\n\t\t\t\t                                        <\/div>\n\t\t\t\t                                    <\/div>\n\t\t\t\t                                    <p class='no-event-excerpt mb-0 pe-lg-64 lead-text' style='color:var(--event-color-secondary);'> Buy tickets<\/p>\n\t\t\t\t                                <\/div>\n\t\t\t\t                            <\/a>\n\t\t\t\t                            <\/div>\n\t\t\t\t                        \n\t\t\t\t                            <div class='swiper-slide col-lg-6 col-xl-4 h-auto'>\n\t\t\t\t                            <a\n\t\t\t\t                                href='https:\/\/norrlandsoperan.se\/en\/programme\/friday-night-freestyle-3\/'\n\t\t\t\t                                class='position-relative no-event-card-wrapper no-event-card-type-simple'\n\t\t\t\t                                style='--event-color-primary:#BCDEF1;--event-color-secondary:#600CDE'\n\t\t\t\t                                data-event-id='22114'\n\t\t\t\t                            >\n\t\t\t\t                                <div class='no-event-card-media-wrapper bg-gray-100'>\n\t\t\t\t                                    <div class='no-event-card-media no-latest-image '>\n\t\t\t\t                                        <img class='img-fluid' alt='' src='https:\/\/norrlandsoperan.se\/wp-content\/uploads\/2026\/04\/MG_Upnorth26_lordag_260509_5524.jpg' >\n\t\t\t\t                                    <\/div>\n\t\t\t\t                                <\/div>\n\t\t\t\t                                <div class='no-event-content-wrapper p-24 p-md-48 mw-100' style='background-color:var(--event-color-primary);'>\n\t\t\t\t                                    <span class='no-event-badge-wrapper'><span class='no-event-badge'><span class='no-event-badge-name mb-0 h5'>Dance<\/span><\/span><\/span>\n\t\t\t\t                                    <div class='no-event-content'>\n\t\t\t\t                                        <div class='no-event-content-top'>\n\t\t\t\t                                            <h3 class='no-event-title mb-lg-24 pe-16 pe-lg-64' style='color:var(--event-color-secondary);'>Friday Night Freestyle<\/h3>\n\t\t\t\t                                            <p class='no-event-excerpt mb-lg-16 pe-lg-32' style='color:var(--event-color-secondary);'>Norrlandsoperan || September 25, 2026<\/p>\n\t\t\t\t                                        <\/div>\n\t\t\t\t                                    <\/div>\n\t\t\t\t                                    <p class='no-event-excerpt mb-0 pe-lg-64 lead-text' style='color:var(--event-color-secondary);'> Free admission<\/p>\n\t\t\t\t                                <\/div>\n\t\t\t\t                            <\/a>\n\t\t\t\t                            <\/div>\n\t\t\t\t                        \n\t\t\t\t                            <div class='swiper-slide col-lg-6 col-xl-4 h-auto'>\n\t\t\t\t                            <a\n\t\t\t\t                                href='https:\/\/norrlandsoperan.se\/en\/programme\/svavaren-martin-ostman-zebradans\/'\n\t\t\t\t                                class='position-relative no-event-card-wrapper no-event-card-type-simple'\n\t\t\t\t                                style='--event-color-primary:#FFD1CE;--event-color-secondary:#B12B01'\n\t\t\t\t                                data-event-id='22213'\n\t\t\t\t                            >\n\t\t\t\t                                <div class='no-event-card-media-wrapper bg-gray-100'>\n\t\t\t\t                                    <div class='no-event-card-media no-latest-image '>\n\t\t\t\t                                        <img class='img-fluid' alt='' src='https:\/\/norrlandsoperan.se\/wp-content\/uploads\/2026\/05\/2409-svavaren6598_k8L.jpg' >\n\t\t\t\t                                    <\/div>\n\t\t\t\t                                <\/div>\n\t\t\t\t                                <div class='no-event-content-wrapper p-24 p-md-48 mw-100' style='background-color:var(--event-color-primary);'>\n\t\t\t\t                                    <span class='no-event-badge-wrapper'><span class='no-event-badge'><span class='no-event-badge-name mb-0 h5'>Family Performance<\/span><\/span><\/span>\n\t\t\t\t                                    <div class='no-event-content'>\n\t\t\t\t                                        <div class='no-event-content-top'>\n\t\t\t\t                                            <h3 class='no-event-title mb-lg-24 pe-16 pe-lg-64' style='color:var(--event-color-secondary);'>The Hovercraft \u2013 Martin \u00d6stman\/ZebraDans<\/h3>\n\t\t\t\t                                            <p class='no-event-excerpt mb-lg-16 pe-lg-32' style='color:var(--event-color-secondary);'>Norrlandsoperan || September 26, 2026<\/p>\n\t\t\t\t                                        <\/div>\n\t\t\t\t                                    <\/div>\n\t\t\t\t                                    <p class='no-event-excerpt mb-0 pe-lg-64 lead-text' style='color:var(--event-color-secondary);'> Buy tickets<\/p>\n\t\t\t\t                                <\/div>\n\t\t\t\t                            <\/a>\n\t\t\t\t                            <\/div>\n\t\t\t\t                        \n                    <div class='swiper-button-next invisible'><\/div>\n                    <div class='swiper-button-prev invisible'><\/div>\n                    <\/div>\n                    <\/div>\n                <\/div>\n<\/div>\n<\/div>\n<\/section>\n","protected":false},"excerpt":{"rendered":"<p>Panel discussion on the development of dance in V\u00e4sterbotten in classic Spanarna format. Panel: Bj\u00f6rn Wiechel, Nina Bj\u00f6rnby, Helena Smith, Helle Solberg, Karin Wiklund, Hagar Malin Hellqvist Sell\u00e9n. Moderator: Anja Arnquist.  <\/p>\n","protected":false},"author":12,"featured_media":19353,"template":"","meta":{"event_color_primary":"#ECEADF","event_color_secondary":"#1C375B","event_card_media":{"id":17149,"url":"https:\/\/norrlandsoperan.se\/wp-content\/uploads\/2025\/08\/Snohog_skumpa_liten_blixt.jpg"},"event_info":"Norrlandsoperan || 29 April 2026","event_end_date":"2026-04-29","event_primary_category":"dans","event_status":"free_event","event_ticket_link":"","event_api_guid":"","event_session_info":"Start at 17:30. Length: about 60 min. ","program":0,"event_order_key":"2026-04-29T23:59:59+02:00","event_status_free":"free","archived_event":true,"archived_event_info":"{ Type: Static\n }{ Planned Archive Date: 2026-04-30\n }{ Archived At: 2026-09-05 11:25:02 }","event_order_date":"2026-04-29","footnotes":""},"event_category":[54,84],"class_list":["post-22182","event","type-event","status-publish","has-post-thumbnail","hentry","event_category-dance","event_category-introduction"],"yoast_head":"<!-- This site is optimized with the Yoast SEO plugin v28.4 - https:\/\/yoast.com\/product\/yoast-seo-wordpress\/ -->\n<title>Panel discussion: The Scouts \u2013 the future of dance in V\u00e4sterbotten - Norrlandsoperan<\/title>\n<meta name=\"description\" content=\"Norrlandsoperan&#039;s Spring Salon on April 29 offers a full evening bursting with dancing, with a taste of what the next season has to offer.\" \/>\n<meta name=\"robots\" content=\"index, follow, max-snippet:-1, max-image-preview:large, max-video-preview:-1\" \/>\n<link rel=\"canonical\" href=\"https:\/\/norrlandsoperan.se\/en\/programme\/panel-discussion-the-scouts-the-future-of-dance-in-vasterbotten\/\" \/>\n<meta property=\"og:locale\" content=\"en_US\" \/>\n<meta property=\"og:type\" content=\"article\" \/>\n<meta property=\"og:title\" content=\"Panel discussion: The Scouts \u2013 the future of dance in V\u00e4sterbotten - Norrlandsoperan\" \/>\n<meta property=\"og:description\" content=\"Norrlandsoperan&#039;s Spring Salon on April 29 offers a full evening bursting with dancing, with a taste of what the next season has to offer.\" \/>\n<meta property=\"og:url\" content=\"https:\/\/norrlandsoperan.se\/en\/programme\/panel-discussion-the-scouts-the-future-of-dance-in-vasterbotten\/\" \/>\n<meta property=\"og:site_name\" content=\"Norrlandsoperan\" \/>\n<meta property=\"article:modified_time\" content=\"2026-09-04T13:54:03+00:00\" \/>\n<meta property=\"og:image\" content=\"https:\/\/norrlandsoperan.se\/wp-content\/uploads\/2026\/03\/Panelsamtal_bild_2-scaled.jpg\" \/>\n\t<meta property=\"og:image:width\" content=\"2560\" \/>\n\t<meta property=\"og:image:height\" content=\"1707\" \/>\n\t<meta property=\"og:image:type\" content=\"image\/jpeg\" \/>\n<meta name=\"twitter:card\" content=\"summary_large_image\" \/>\n<meta name=\"twitter:label1\" content=\"Est. reading time\" \/>\n\t<meta name=\"twitter:data1\" content=\"2 minutes\" \/>\n<script type=\"application\/ld+json\" class=\"yoast-schema-graph\">{\"@context\":\"https:\\\/\\\/schema.org\",\"@graph\":[{\"@type\":\"WebPage\",\"@id\":\"https:\\\/\\\/norrlandsoperan.se\\\/en\\\/programme\\\/panel-discussion-the-scouts-the-future-of-dance-in-vasterbotten\\\/\",\"url\":\"https:\\\/\\\/norrlandsoperan.se\\\/en\\\/programme\\\/panel-discussion-the-scouts-the-future-of-dance-in-vasterbotten\\\/\",\"name\":\"Panel discussion: The Scouts \u2013 the future of dance in V\u00e4sterbotten - Norrlandsoperan\",\"isPartOf\":{\"@id\":\"https:\\\/\\\/norrlandsoperan.se\\\/en\\\/#website\"},\"primaryImageOfPage\":{\"@id\":\"https:\\\/\\\/norrlandsoperan.se\\\/en\\\/programme\\\/panel-discussion-the-scouts-the-future-of-dance-in-vasterbotten\\\/#primaryimage\"},\"image\":{\"@id\":\"https:\\\/\\\/norrlandsoperan.se\\\/en\\\/programme\\\/panel-discussion-the-scouts-the-future-of-dance-in-vasterbotten\\\/#primaryimage\"},\"thumbnailUrl\":\"https:\\\/\\\/norrlandsoperan.se\\\/wp-content\\\/uploads\\\/2026\\\/03\\\/Panelsamtal_bild_2-scaled.jpg\",\"datePublished\":\"2026-04-09T07:50:08+00:00\",\"dateModified\":\"2026-09-04T13:54:03+00:00\",\"description\":\"Norrlandsoperan's Spring Salon on April 29 offers a full evening bursting with dancing, with a taste of what the next season has to offer.\",\"breadcrumb\":{\"@id\":\"https:\\\/\\\/norrlandsoperan.se\\\/en\\\/programme\\\/panel-discussion-the-scouts-the-future-of-dance-in-vasterbotten\\\/#breadcrumb\"},\"inLanguage\":\"en-US\",\"potentialAction\":[{\"@type\":\"ReadAction\",\"target\":[\"https:\\\/\\\/norrlandsoperan.se\\\/en\\\/programme\\\/panel-discussion-the-scouts-the-future-of-dance-in-vasterbotten\\\/\"]}]},{\"@type\":\"ImageObject\",\"inLanguage\":\"en-US\",\"@id\":\"https:\\\/\\\/norrlandsoperan.se\\\/en\\\/programme\\\/panel-discussion-the-scouts-the-future-of-dance-in-vasterbotten\\\/#primaryimage\",\"url\":\"https:\\\/\\\/norrlandsoperan.se\\\/wp-content\\\/uploads\\\/2026\\\/03\\\/Panelsamtal_bild_2-scaled.jpg\",\"contentUrl\":\"https:\\\/\\\/norrlandsoperan.se\\\/wp-content\\\/uploads\\\/2026\\\/03\\\/Panelsamtal_bild_2-scaled.jpg\",\"width\":2560,\"height\":1707},{\"@type\":\"BreadcrumbList\",\"@id\":\"https:\\\/\\\/norrlandsoperan.se\\\/en\\\/programme\\\/panel-discussion-the-scouts-the-future-of-dance-in-vasterbotten\\\/#breadcrumb\",\"itemListElement\":[{\"@type\":\"ListItem\",\"position\":1,\"name\":\"Home\",\"item\":\"https:\\\/\\\/norrlandsoperan.se\\\/en\\\/home\\\/\"},{\"@type\":\"ListItem\",\"position\":2,\"name\":\"Panel discussion: The Scouts \u2013 the future of dance in V\u00e4sterbotten\"}]},{\"@type\":\"WebSite\",\"@id\":\"https:\\\/\\\/norrlandsoperan.se\\\/en\\\/#website\",\"url\":\"https:\\\/\\\/norrlandsoperan.se\\\/en\\\/\",\"name\":\"Norrlandsoperan\",\"description\":\"\",\"potentialAction\":[{\"@type\":\"SearchAction\",\"target\":{\"@type\":\"EntryPoint\",\"urlTemplate\":\"https:\\\/\\\/norrlandsoperan.se\\\/en\\\/?s={search_term_string}\"},\"query-input\":{\"@type\":\"PropertyValueSpecification\",\"valueRequired\":true,\"valueName\":\"search_term_string\"}}],\"inLanguage\":\"en-US\"}]}<\/script>\n<!-- \/ Yoast SEO plugin. -->","yoast_head_json":{"title":"Panel discussion: The Scouts \u2013 the future of dance in V\u00e4sterbotten - Norrlandsoperan","description":"Norrlandsoperan's Spring Salon on April 29 offers a full evening bursting with dancing, with a taste of what the next season has to offer.","robots":{"index":"index","follow":"follow","max-snippet":"max-snippet:-1","max-image-preview":"max-image-preview:large","max-video-preview":"max-video-preview:-1"},"canonical":"https:\/\/norrlandsoperan.se\/en\/programme\/panel-discussion-the-scouts-the-future-of-dance-in-vasterbotten\/","og_locale":"en_US","og_type":"article","og_title":"Panel discussion: The Scouts \u2013 the future of dance in V\u00e4sterbotten - Norrlandsoperan","og_description":"Norrlandsoperan's Spring Salon on April 29 offers a full evening bursting with dancing, with a taste of what the next season has to offer.","og_url":"https:\/\/norrlandsoperan.se\/en\/programme\/panel-discussion-the-scouts-the-future-of-dance-in-vasterbotten\/","og_site_name":"Norrlandsoperan","article_modified_time":"2026-09-04T13:54:03+00:00","og_image":[{"width":2560,"height":1707,"url":"https:\/\/norrlandsoperan.se\/wp-content\/uploads\/2026\/03\/Panelsamtal_bild_2-scaled.jpg","type":"image\/jpeg"}],"twitter_card":"summary_large_image","twitter_misc":{"Est. reading time":"2 minutes"},"schema":{"@context":"https:\/\/schema.org","@graph":[{"@type":"WebPage","@id":"https:\/\/norrlandsoperan.se\/en\/programme\/panel-discussion-the-scouts-the-future-of-dance-in-vasterbotten\/","url":"https:\/\/norrlandsoperan.se\/en\/programme\/panel-discussion-the-scouts-the-future-of-dance-in-vasterbotten\/","name":"Panel discussion: The Scouts \u2013 the future of dance in V\u00e4sterbotten - Norrlandsoperan","isPartOf":{"@id":"https:\/\/norrlandsoperan.se\/en\/#website"},"primaryImageOfPage":{"@id":"https:\/\/norrlandsoperan.se\/en\/programme\/panel-discussion-the-scouts-the-future-of-dance-in-vasterbotten\/#primaryimage"},"image":{"@id":"https:\/\/norrlandsoperan.se\/en\/programme\/panel-discussion-the-scouts-the-future-of-dance-in-vasterbotten\/#primaryimage"},"thumbnailUrl":"https:\/\/norrlandsoperan.se\/wp-content\/uploads\/2026\/03\/Panelsamtal_bild_2-scaled.jpg","datePublished":"2026-04-09T07:50:08+00:00","dateModified":"2026-09-04T13:54:03+00:00","description":"Norrlandsoperan's Spring Salon on April 29 offers a full evening bursting with dancing, with a taste of what the next season has to offer.","breadcrumb":{"@id":"https:\/\/norrlandsoperan.se\/en\/programme\/panel-discussion-the-scouts-the-future-of-dance-in-vasterbotten\/#breadcrumb"},"inLanguage":"en-US","potentialAction":[{"@type":"ReadAction","target":["https:\/\/norrlandsoperan.se\/en\/programme\/panel-discussion-the-scouts-the-future-of-dance-in-vasterbotten\/"]}]},{"@type":"ImageObject","inLanguage":"en-US","@id":"https:\/\/norrlandsoperan.se\/en\/programme\/panel-discussion-the-scouts-the-future-of-dance-in-vasterbotten\/#primaryimage","url":"https:\/\/norrlandsoperan.se\/wp-content\/uploads\/2026\/03\/Panelsamtal_bild_2-scaled.jpg","contentUrl":"https:\/\/norrlandsoperan.se\/wp-content\/uploads\/2026\/03\/Panelsamtal_bild_2-scaled.jpg","width":2560,"height":1707},{"@type":"BreadcrumbList","@id":"https:\/\/norrlandsoperan.se\/en\/programme\/panel-discussion-the-scouts-the-future-of-dance-in-vasterbotten\/#breadcrumb","itemListElement":[{"@type":"ListItem","position":1,"name":"Home","item":"https:\/\/norrlandsoperan.se\/en\/home\/"},{"@type":"ListItem","position":2,"name":"Panel discussion: The Scouts \u2013 the future of dance in V\u00e4sterbotten"}]},{"@type":"WebSite","@id":"https:\/\/norrlandsoperan.se\/en\/#website","url":"https:\/\/norrlandsoperan.se\/en\/","name":"Norrlandsoperan","description":"","potentialAction":[{"@type":"SearchAction","target":{"@type":"EntryPoint","urlTemplate":"https:\/\/norrlandsoperan.se\/en\/?s={search_term_string}"},"query-input":{"@type":"PropertyValueSpecification","valueRequired":true,"valueName":"search_term_string"}}],"inLanguage":"en-US"}]}},"_links":{"self":[{"href":"https:\/\/norrlandsoperan.se\/en\/wp-json\/wp\/v2\/event\/22182","targetHints":{"allow":["GET"]}}],"collection":[{"href":"https:\/\/norrlandsoperan.se\/en\/wp-json\/wp\/v2\/event"}],"about":[{"href":"https:\/\/norrlandsoperan.se\/en\/wp-json\/wp\/v2\/types\/event"}],"author":[{"embeddable":true,"href":"https:\/\/norrlandsoperan.se\/en\/wp-json\/wp\/v2\/users\/12"}],"version-history":[{"count":4,"href":"https:\/\/norrlandsoperan.se\/en\/wp-json\/wp\/v2\/event\/22182\/revisions"}],"predecessor-version":[{"id":24013,"href":"https:\/\/norrlandsoperan.se\/en\/wp-json\/wp\/v2\/event\/22182\/revisions\/24013"}],"wp:featuredmedia":[{"embeddable":true,"href":"https:\/\/norrlandsoperan.se\/en\/wp-json\/wp\/v2\/media\/19353"}],"wp:attachment":[{"href":"https:\/\/norrlandsoperan.se\/en\/wp-json\/wp\/v2\/media?parent=22182"}],"wp:term":[{"taxonomy":"event_category","embeddable":true,"href":"https:\/\/norrlandsoperan.se\/en\/wp-json\/wp\/v2\/event_category?post=22182"}],"curies":[{"name":"wp","href":"https:\/\/api.w.org\/{rel}","templated":true}]}}