{"id":22246,"date":"2026-04-24T10:35:03","date_gmt":"2026-04-24T08:35:03","guid":{"rendered":"https:\/\/norrlandsoperan.se\/forestallningar\/malandain-ballet-biarritz-performs-with-the-norrlandsoperan-symphony-orchestra\/"},"modified":"2026-09-05T06:15:23","modified_gmt":"2026-09-05T04:15:23","slug":"malandain-ballet-biarritz-moter-norrlandsoperans-symfoniorkester","status":"publish","type":"event","link":"https:\/\/norrlandsoperan.se\/en\/programme\/malandain-ballet-biarritz-moter-norrlandsoperans-symfoniorkester\/","title":{"rendered":"Malandain Ballet Biarritz Performs with the Norrlandsoperan Symphony Orchestra"},"content":{"rendered":"\n<section class=\"wp-block-noor-blocks-section nb-section position-relative  py-48 py-lg-64\">\n<div class=\"wp-block-noor-blocks-container nb-container container-fluid\">\n<div class=\"wp-block-noor-blocks-row nb-row row\">\n<div class=\"wp-block-noor-blocks-column col nb-column col-12 col-lg-7 col-xl-6 offset-xl-1\">\n<div class=\"wp-block-noor-blocks-group nb-group  px-sm-8 pe-lg-80 ps-lg-48\">\n<h1 class=\"wp-block-noor-blocks-heading nb-heading nb-cursor-default nb-heading-h1 my-24 my-md-32 my-lg-48 no-bottom-line content-animation\">The Firebird and The Four Seasons<\/h1>\n\n\n\n<p class=\"wp-block-paragraph\">Experience an extraordinary evening as the acclaimed French company <strong>Malandain Ballet Biarritz<\/strong> visits the Norrlandsoperan with two works that combine power, elegance, and musicality at the highest level. On stage are <strong>22 dancers<\/strong>, all classically trained but with a contemporary expression that has become characteristic of Thierry Malandain\u2019s refined and poetic style. <strong>The music is performed live by the Norrlandsoperan Symphony Orchestra.<\/strong> <\/p>\n\n\n\n<p class=\"wp-block-paragraph\">The evening begins with <strong>*The Firebird*<\/strong>, danced to Igor Stravinsky\u2019s iconic music. Here, Malandain highlights the work\u2019s timeless themes\u2014light, hope, and transformation\u2014in a neoclassical interpretation where the dance embodies Stravinsky\u2019s sparkling rhythms and dramatic palette. <\/p>\n\n\n\n<p class=\"wp-block-paragraph\">Act Two features <strong>*The Four Seasons*<\/strong>, a playful and magnificent choreographic tapestry by two Baroque masters: Antonio Vivaldi and the lesser-known but brilliant Giovanni Antonio Guido. The music moves from the familiar to the surprising, creating a rich, poetic backdrop for Malandain\u2019s harmonious and energetic choreography. An evening that uplifts, moves, and lingers in the memory. We hope you\u2019ll be there when the curtain rises!   <\/p>\n<\/div>\n<\/div>\n\n\n\n<div class=\"wp-block-noor-blocks-column col nb-column col-12 col-lg-5 col-xl-4\">\n<div class=\"wp-block-noor-blocks-group nb-group  p-32 px-lg-48 py-lg-32 bg-beige-2 no-event-sidebar\">\n<h2 class=\"wp-block-noor-blocks-heading nb-heading nb-cursor-default nb-heading-h2 mb-24 mb-lg-40 text-center\">Information<\/h2>\n\n\n\n<div class=\"wp-block-noor-blocks-group nb-group d-flex flex-column row-gap-24\">\n<div class=\"wp-block-noor-blocks-group nb-group  p-32 bg-white\">\n<h4 class=\"wp-block-noor-blocks-heading nb-heading nb-cursor-default nb-heading-h4\">Prices<\/h4>\n\n\n\n<div class=\"wp-block-columns is-layout-flex wp-container-core-columns-is-layout-9ba6dbca wp-block-columns-is-layout-flex\">\n<div class=\"wp-block-column is-layout-flow wp-block-column-is-layout-flow\" style=\"flex-basis:100%\"><figure class=\"wp-block-table\"><table style=\"border-style:none;border-width:0px\"><tbody><tr><td><strong>Ordinarie<\/strong><\/td><td class=\"has-text-align-right\" data-align=\"right\">625 kr<\/td><\/tr><tr><td><strong>Pension\u00e4r<\/strong><\/td><td class=\"has-text-align-right\" data-align=\"right\">560 kr<\/td><\/tr><tr><td><strong>Student<\/strong><\/td><td class=\"has-text-align-right\" data-align=\"right\">310 kr<\/td><\/tr><tr><td><strong>19 &#8211; 26 \u00e5r<\/strong><\/td><td class=\"has-text-align-right\" data-align=\"right\">310 kr<\/td><\/tr><tr><td><strong>Upp t o m 18 \u00e5r<\/strong><\/td><td class=\"has-text-align-right\" data-align=\"right\">100 kr<\/td><\/tr><tr><td><strong>Grupp minst 10 pers<\/strong><\/td><td class=\"has-text-align-right\" data-align=\"right\">560 kr<\/td><\/tr><\/tbody><\/table><\/figure><\/div>\n<\/div>\n<\/div>\n\n\n\n<div class=\"wp-block-noor-blocks-group nb-group  p-32 bg-white\">\n<h4 class=\"wp-block-noor-blocks-heading nb-heading nb-cursor-default nb-heading-h4 text-black\">Introduction<\/h4>\n\n\n\n<p class=\"wp-block-noor-blocks-paragraph nb-paragraph m-0 text-black\">6:30 p.m. in the lobby.<br \/>Everyone is welcome!<\/p>\n<\/div>\n\n\n\n<div class=\"wp-block-noor-blocks-group nb-group  p-32 bg-white\">\n<h4 class=\"wp-block-noor-blocks-heading nb-heading nb-cursor-default nb-heading-h4 text-black\">Program<\/h4>\n\n\n\n<p class=\"wp-block-noor-blocks-paragraph nb-paragraph m-0 text-black\">Act 1 \u2013 The Firebird (30 min)<br \/>Intermission 30 min<br \/>Act 2 \u2013 The Four Seasons (60 min)<\/p>\n<\/div>\n\n\n\n<div class=\"wp-block-noor-blocks-group nb-group  p-32 bg-white\">\n<h4 class=\"wp-block-noor-blocks-heading nb-heading nb-cursor-default nb-heading-h4 text-black\">Audio Description<\/h4>\n\n\n\n<p class=\"wp-block-noor-blocks-paragraph nb-paragraph m-0 text-black\">Saturday, October 17.  <br>Interpreter: Stina Lundin.<\/p>\n\n\n\n<div style=\"height:18px\" aria-hidden=\"true\" class=\"wp-block-spacer\"><\/div>\n\n\n\n<a href=\"https:\/\/norrlandsoperan.se\/wp-content\/uploads\/2026\/06\/KIKAREN-HOST-2026.pdf\" role=\"button\" class=\"wp-block-noor-blocks-button nb-btn nb-btn-secondary bg-white px-24 py-12 px-lg-32 py-lg-16 text-black bg-hover-black text-hover-white\" style=\"border-radius:0px;border-width:2px;border-color:black\"><span class=\"nb-button-overlay\"><\/span><span class=\"nb-btn-text\">Button Text<\/span><\/a>\n<\/div>\n\n\n\n<div class=\"wp-block-noor-blocks-group nb-group d-flex flex-row align-items-center column-gap-24  p-32 bg-white no-event-social-card\">\n<h5 class=\"wp-block-noor-blocks-heading nb-heading nb-cursor-default nb-heading-h5 m-0\">Share:<\/h5>\n\n\n\n<a class=\"wp-block-noor-blocks-link nb-link d-flex  share-social\" href=\"#\" target=\"_blank\" rel=\"noopener\" aria-label=\"facebook-link\">\n<span class=\"nb-icon\"><span class=\"icon-facebook\" style=\"font-size:24px\"><\/span><\/span>\n<\/a>\n\n\n\n<a class=\"wp-block-noor-blocks-link nb-link d-flex mail-social\" href=\"#\" rel=\"noopener\" aria-label=\"instagram-link\">\n<span class=\"nb-icon\"><span class=\"icon-envelope\" style=\"font-size:24px\"><\/span><\/span>\n<\/a>\n\n\n\n<a class=\"wp-block-noor-blocks-link nb-link d-flex copy-link-btn position-relative\" href=\"#\" rel=\"noopener\" aria-label=\"website\">\n<span class=\"nb-icon\"><span class=\"icon-link\" style=\"font-size:24px\"><\/span><\/span>\n<\/a>\n<\/div>\n<\/div>\n<\/div>\n<\/div>\n<\/div>\n<\/div>\n<\/section>\n\n<section class=\"wp-block-noor-blocks-section nb-section position-relative  py-128\">\n<div class=\"wp-block-noor-blocks-container nb-container container-fluid\">\n<div class=\"wp-block-noor-blocks-row nb-row row\">\n<div class=\"wp-block-noor-blocks-column col nb-column col-12 col-xl-8 offset-xl-2\">\n<div class=\"wp-block-noor-blocks-group nb-group d-flex flex-column gap-16 gap-md-24 gap-lg-16  w-100\"><div id=\"session-card\" class=\"wp-block-noor-blocks-group nb-group d-flex flex-column gap-16 gap-md-24 gap-lg-16  w-100\"><div class=\"no-loading\" style=\"display:none;\"><div class=\"spinner-grow\" role=\"status\"><span class=\"visually-hidden\">Loading&#8230;<\/span><\/div><\/div><h2 class=\"text-center mb-32 mb-lg-40\">Time and date<\/h2><div class=\"session-date-wrapper\">\n            <div class=\"no-session-wrapper\" data-index=\"1\">\n                <div class=\"session-items\" data-id=\"23052\" data-api-id=\"124401\" data-href=\"https:\/\/biljett.norrlandsoperan.se\/sv\/buyingflow\/tickets\/30331\/124401\/\" style=\"--event-color-primary:#D81058;--event-color-secondary:#F9F5CC\">\n                    <div class=\"session-item d-flex flex-column flex-md-row justify-content-between align-items-end align-items-md-center gap-32 gap-md-8 p-24 p-md-32 py-xl-24 px-xl-48\">\n                        <div class=\"session-item-grid d-flex flex-column flex-xl-row gap-24 gap-xl-80 w-100\">\n                            <div class=\"no-session-left d-flex flex-row justify-content-between justify-content-md-start gap-8 gap-md-64\">\n                                <div class=\"no-session-date d-flex flex-row gap-24 gap-md-32 gap-xl-64\">\n                                    <p class=\"mb-0 text-capitalize\">Friday 16\/10<\/p>\n                                    <p class=\"mb-0\">19:00<\/p>\n                                <\/div>\n                                <h6 class=\"mb-0 text-uppercase text-end text-xl-start\">Dance<\/h6>\n                            <\/div>\n                            <div class=\"no-session-right\">\n                                <a href=\"https:\/\/norrlandsoperan.se\/en\/programme\/malandain-ballet-biarritz-moter-norrlandsoperans-symfoniorkester\/\" class=\"h5 mb-8\">Malandain Ballet Biarritz Performs with the Norrlandsoperan Symphony Orchestra<\/a>\n                                <p class=\"mb-0\">Stora scenen<\/p>\n                            <\/div>\n                        <\/div>\n                        <button class=\"no-button position-static nb-btn nb-btn-primary px-16 py-16 buy-ticket-btn\"><span class=\"nb-btn-text\">Buy tickets<\/span><\/button>\n                    <\/div>\n                <\/div>\n            <\/div><\/div><div class=\"session-date-wrapper\">\n            <div class=\"no-session-wrapper\" data-index=\"2\">\n                <div class=\"session-items\" data-id=\"23050\" data-api-id=\"124402\" data-href=\"https:\/\/biljett.norrlandsoperan.se\/sv\/buyingflow\/tickets\/30331\/124402\/\" style=\"--event-color-primary:#D81058;--event-color-secondary:#F9F5CC\">\n                    <div class=\"session-item d-flex flex-column flex-md-row justify-content-between align-items-end align-items-md-center gap-32 gap-md-8 p-24 p-md-32 py-xl-24 px-xl-48\">\n                        <div class=\"session-item-grid d-flex flex-column flex-xl-row gap-24 gap-xl-80 w-100\">\n                            <div class=\"no-session-left d-flex flex-row justify-content-between justify-content-md-start gap-8 gap-md-64\">\n                                <div class=\"no-session-date d-flex flex-row gap-24 gap-md-32 gap-xl-64\">\n                                    <p class=\"mb-0 text-capitalize\">Saturday 17\/10<\/p>\n                                    <p class=\"mb-0\">19:00<\/p>\n                                <\/div>\n                                <h6 class=\"mb-0 text-uppercase text-end text-xl-start\">Dance<\/h6>\n                            <\/div>\n                            <div class=\"no-session-right\">\n                                <a href=\"https:\/\/norrlandsoperan.se\/en\/programme\/malandain-ballet-biarritz-moter-norrlandsoperans-symfoniorkester\/\" class=\"h5 mb-8\">Malandain Ballet Biarritz Performs with the Norrlandsoperan Symphony Orchestra<\/a>\n                                <p class=\"mb-0\">Stora scenen<\/p>\n                            <\/div>\n                        <\/div>\n                        <button class=\"no-button position-static nb-btn nb-btn-primary px-16 py-16 buy-ticket-btn\"><span class=\"nb-btn-text\">Buy tickets<\/span><\/button>\n                    <\/div>\n                <\/div>\n            <\/div><\/div><\/div><\/div>\n<\/div>\n<\/div>\n<\/div>\n<\/section>\n\n<section class=\"wp-block-noor-blocks-section nb-section position-relative  py-48 py-lg-64\">\n<div class=\"wp-block-noor-blocks-container nb-container container-fluid\">\n<div class=\"wp-block-noor-blocks-row nb-row row justify-content-center\">\n<div class=\"wp-block-noor-blocks-column col nb-column  col-12 col-lg-10\">\n<div class=\"wp-block-noor-blocks-slider nb-slider position-relative no-slider-arrow-small\"><div class=\"swiper slider-swiper position-static \" data-pagination-color=\"\" id=\"0fae585b-c188-496c-9ea2-886c41cbf31f\"><span class=\"swiper-data\" data-_=\"true\" data-slidesperview-_=\"1.2\" data-spacebetween-_=\"24\" data-md=\"true\" data-slidesperview-md=\"1.1\" data-spacebetween-md=\"24\" data-lg=\"true\" data-centeredslides-lg=\"false\" data-slidesperview-lg=\"2\" data-spacebetween-lg=\"100\" data-xl=\"true\" data-slidesperview-xl=\"2\" data-spacebetween-xl=\"100\"><\/span><div class=\"swiper-wrapper align-items-center \">\n<div class=\"wp-block-noor-blocks-slider-child swiper-slide\"><div class=\"nb-responsive-height overflow-hidden\">\n<img decoding=\"async\" src=\"https:\/\/norrlandsoperan.se\/wp-content\/uploads\/2026\/04\/LOiseau-de-feu-\u00a9-Olivier-Houeix-OHX_5524-1.jpg\" loading=\"eager\" class=\" object-fit-contain object-position-center\">\n\n\n\n<p class=\"wp-block-paragraph\"><br \/>Malandain Ballet Biarritz (The Firebird).<br \/>Photo: Olivier Houeix<\/p>\n<\/div><\/div>\n\n\n\n<div class=\"wp-block-noor-blocks-slider-child swiper-slide\"><div class=\"nb-responsive-height overflow-hidden\">\n<img decoding=\"async\" src=\"https:\/\/norrlandsoperan.se\/wp-content\/uploads\/2024\/09\/Elinor_DMelon_Photo_by_Paul_Marc_Mitchell_web.jpg\" loading=\"eager\" class=\" object-fit-contain object-position-center\">\n\n\n\n<p class=\"wp-block-paragraph\"><br \/>Tonight&#8217;s soloist: Ellinor d&#8217;Melon.<br \/>Photo: Paul Marc Mitchell.<\/p>\n<\/div><\/div>\n\n\n\n<div class=\"wp-block-noor-blocks-slider-child swiper-slide\"><div class=\"nb-responsive-height overflow-hidden\">\n<img decoding=\"async\" src=\"https:\/\/norrlandsoperan.se\/wp-content\/uploads\/2026\/04\/Les-Saisons-\u00a9-Olivier-Houeix_4467.jpg\" loading=\"eager\" class=\" object-fit-contain object-position-center\">\n\n\n\n<p class=\"wp-block-paragraph\"><br \/>Malandain Ballet Biarritz (The Four Seasons).<br \/>Photo: Olivier Houeix<\/p>\n<\/div><\/div>\n\n\n\n<div class=\"wp-block-noor-blocks-slider-child swiper-slide\"><div class=\"nb-responsive-height overflow-hidden\">\n<img decoding=\"async\" src=\"https:\/\/norrlandsoperan.se\/wp-content\/uploads\/2026\/04\/Alejandro-Sanchez-Bretones-Clemence-Chevillotte-Laurine-Viel-Ismael-Turel-Yague_Les-Saisons-\u00a9-Olivier-Houeix_7198.jpg\" loading=\"eager\" class=\" object-fit-contain object-position-center\">\n\n\n\n<p class=\"wp-block-paragraph\"><br \/>Malandain Ballet Biarritz (The Four Seasons).<br \/>Photo: Olivier Houeix<\/p>\n<\/div><\/div>\n<\/div><div class=\"swiper-module-wrapper d-flex  arrow-outside\"><div class=\"swiper-navigation swiper-button-prev  swiper-button-prev-0fae585b-c188-496c-9ea2-886c41cbf31f\"><span class=\"nb-icon has-black-color\"><span class=\"nb-responsive-font-size icon-size icon-arrow_forward_ios\" style=\"--font-size:0px;--font-size-lg:30px\"><\/span><\/span><\/div><div class=\"swiper-pagination position-relative d-flex flex-row align-items-center bottom-0     swiper-pagination-0fae585b-c188-496c-9ea2-886c41cbf31f\"><\/div><div class=\"swiper-navigation swiper-button-next  swiper-button-next-0fae585b-c188-496c-9ea2-886c41cbf31f\"><span class=\"nb-icon has-black-color\"><span class=\"nb-responsive-font-size icon-size icon-arrow_forward_ios\" style=\"--font-size:0px;--font-size-lg:30px\"><\/span><\/span><\/div><\/div><\/div><\/div>\n<\/div>\n<\/div>\n<\/div>\n<\/section>\n\n<section class=\"wp-block-noor-blocks-section nb-section position-relative  py-64 pt-md-64 pb-md-80 pt-lg-64 pb-lg-96 bg-beige-1\">\n<div class=\"wp-block-noor-blocks-container nb-container container-fluid\">\n<div class=\"wp-block-noor-blocks-row nb-row row justify-content-center\">\n<div class=\"wp-block-noor-blocks-column col nb-column  col-12 col-lg-10\">\n<h2 class=\"wp-block-noor-blocks-heading nb-heading nb-cursor-default nb-heading-h2 mb-32 mb-lg-64 no-bottom-line\">Credits: The Firebird<\/h2>\n\n\n\n<div class=\"wp-block-noor-blocks-row nb-row row  gy-64\">\n<div class=\"wp-block-noor-blocks-column col nb-column col-12 col-md-4\">\n<div class=\"wp-block-noor-blocks-group nb-group d-flex flex-column d-lg-flex flex-lg-row column-gap-48 row-gap-24\">\n<div class=\"wp-block-noor-blocks-group nb-group d-flex flex-column row-gap-24\">\n<div class=\"wp-block-noor-blocks-group nb-group\">\n<p class=\"wp-block-noor-blocks-paragraph nb-paragraph m-0 h5\">Music<\/p>\n\n\n\n<p class=\"wp-block-noor-blocks-paragraph nb-paragraph m-0\">Igor Stravinsky<\/p>\n<\/div>\n\n\n\n<div class=\"wp-block-noor-blocks-group nb-group\">\n<p class=\"wp-block-noor-blocks-paragraph nb-paragraph m-0 h5\">Choreography<\/p>\n\n\n\n<p class=\"wp-block-noor-blocks-paragraph nb-paragraph m-0\">Thierry Malandain<\/p>\n<\/div>\n\n\n\n<div class=\"wp-block-noor-blocks-group nb-group\">\n<p class=\"wp-block-noor-blocks-paragraph nb-paragraph m-0 h5\">Conductor<\/p>\n\n\n\n<p class=\"wp-block-noor-blocks-paragraph nb-paragraph m-0\">Dominic Limburg<\/p>\n<\/div>\n\n\n\n<div class=\"wp-block-noor-blocks-group nb-group\">\n<p class=\"wp-block-noor-blocks-paragraph nb-paragraph m-0 h5\">The Norrlands Opera Symphony Orchestra<br><\/p>\n<\/div>\n\n\n\n<div class=\"wp-block-noor-blocks-group nb-group\">\n<p class=\"wp-block-noor-blocks-paragraph nb-paragraph m-0 h5\">Costume Design<\/p>\n\n\n\n<p class=\"wp-block-noor-blocks-paragraph nb-paragraph m-0\">Jorge Gallardo<\/p>\n<\/div>\n\n\n\n<div class=\"wp-block-noor-blocks-group nb-group\">\n<p class=\"wp-block-noor-blocks-paragraph nb-paragraph m-0 h5\">Light<\/p>\n\n\n\n<p class=\"wp-block-noor-blocks-paragraph nb-paragraph m-0\">Fran\u00e7ois Menou<\/p>\n<\/div>\n\n\n\n<div class=\"wp-block-noor-blocks-group nb-group\">\n<p class=\"wp-block-noor-blocks-paragraph nb-paragraph m-0 h5\">Suit Manufacturing<\/p>\n\n\n\n<p class=\"wp-block-noor-blocks-paragraph nb-paragraph m-0\">V\u00e9ronique Murat, Charlotte Margnoux<\/p>\n\n\n\n<div style=\"height:14px\" aria-hidden=\"true\" class=\"wp-block-spacer\"><\/div>\n<\/div>\n\n\n\n<div class=\"wp-block-noor-blocks-group nb-group\">\n<p class=\"wp-block-noor-blocks-paragraph nb-paragraph m-0 h5\">A ballet for 22 dancers<\/p>\n\n\n\n<div style=\"height:11px\" aria-hidden=\"true\" class=\"wp-block-spacer\"><\/div>\n<\/div>\n<\/div>\n<\/div>\n<\/div>\n\n\n\n<div class=\"wp-block-noor-blocks-column col nb-column col-12 col-md-4\">\n<div class=\"wp-block-noor-blocks-group nb-group d-flex flex-column d-lg-flex flex-lg-row column-gap-48 row-gap-24\">\n<div class=\"wp-block-noor-blocks-group nb-group d-flex flex-column row-gap-24\">\n<div class=\"wp-block-noor-blocks-group nb-group\">\n<p class=\"wp-block-noor-blocks-paragraph nb-paragraph m-0 h5\">Co-production<\/p>\n\n\n\n<p class=\"wp-block-noor-blocks-paragraph nb-paragraph m-0\">Donostia Kultura &#8211; Victoria Eugenia Antzokia &#8211; Donostia \/ San Sebasti\u00e1n (Spain) \u2013 Ballet T, Chaillot-Th\u00e9\u00e2tre national de la Danse \u2013 Paris, Th\u00e9\u00e2tre des Salins, Sc\u00e8ne nationale \u2013 Martigues,<br \/>Le Crat\u00e8re \u2013 Sc\u00e8ne nationale Al\u00e8s, Op\u00e9ra de Reims, La Rampe \u2013 Sc\u00e8ne conventionn\u00e9e Echirolles, Op\u00e9ra de Saint-\u00c9tienne, Th\u00e9\u00e2tre de Sartrouville, CCN Malandain Ballet Biarritz.<br> <\/p>\n\n\n\n<p class=\"wp-block-noor-blocks-paragraph nb-paragraph m-0 h5\">Partners<\/p>\n\n\n\n<p class=\"wp-block-noor-blocks-paragraph nb-paragraph m-0\">Th\u00e9\u00e2tre Olympia in Arcachon, Le Parvis \u2013 Sc\u00e8ne nationale de Tarbes-Pyr\u00e9n\u00e9es, Th\u00e9\u00e2tre de Saint-Quentin-en-Yvelines \u2013 Sc\u00e8ne nationale, Cannes\u2013C\u00f4te d\u2019Azur Dance Festival, France.<\/p>\n<\/div>\n<\/div>\n<\/div>\n<\/div>\n<\/div>\n<\/div>\n<\/div>\n<\/div>\n<\/section>\n\n<section class=\"wp-block-noor-blocks-section nb-section position-relative  py-64 pt-md-64 pb-md-80 pt-lg-64 pb-lg-96 bg-beige-1\">\n<div class=\"wp-block-noor-blocks-container nb-container container-fluid\">\n<div class=\"wp-block-noor-blocks-row nb-row row justify-content-center\">\n<div class=\"wp-block-noor-blocks-column col nb-column  col-12 col-lg-10\">\n<h2 class=\"wp-block-noor-blocks-heading nb-heading nb-cursor-default nb-heading-h2 mb-32 mb-lg-64 no-bottom-line\">Credits: The Four Seasons<\/h2>\n\n\n\n<div class=\"wp-block-noor-blocks-row nb-row row  gy-64\">\n<div class=\"wp-block-noor-blocks-column col nb-column col-12 col-md-4\">\n<div class=\"wp-block-noor-blocks-group nb-group d-flex flex-column d-lg-flex flex-lg-row column-gap-48 row-gap-24\">\n<div class=\"wp-block-noor-blocks-group nb-group d-flex flex-column row-gap-24\">\n<div class=\"wp-block-noor-blocks-group nb-group\">\n<p class=\"wp-block-noor-blocks-paragraph nb-paragraph m-0 h5\">Music<\/p>\n\n\n\n<p class=\"wp-block-noor-blocks-paragraph nb-paragraph m-0\">Antonio Vivaldi &amp; Giovanni Antonio Guido<\/p>\n<\/div>\n\n\n\n<div class=\"wp-block-noor-blocks-group nb-group\">\n<p class=\"wp-block-noor-blocks-paragraph nb-paragraph m-0 h5\">Choreography<\/p>\n\n\n\n<p class=\"wp-block-noor-blocks-paragraph nb-paragraph m-0\">Thierry Malandain<\/p>\n<\/div>\n\n\n\n<div class=\"wp-block-noor-blocks-group nb-group\">\n<p class=\"wp-block-noor-blocks-paragraph nb-paragraph m-0 h5\">Conductor<\/p>\n\n\n\n<p class=\"wp-block-noor-blocks-paragraph nb-paragraph m-0\">Dominic Limburg<\/p>\n<\/div>\n\n\n\n<div class=\"wp-block-noor-blocks-group nb-group\">\n<p class=\"wp-block-noor-blocks-paragraph nb-paragraph m-0 h5\">Soloist<\/p>\n\n\n\n<p class=\"wp-block-noor-blocks-paragraph nb-paragraph m-0\">Ellinor d&#8217;Melon<\/p>\n<\/div>\n\n\n\n<div class=\"wp-block-noor-blocks-group nb-group\">\n<p class=\"wp-block-noor-blocks-paragraph nb-paragraph m-0 h5\">The Norrlands Opera Symphony Orchestra<\/p>\n<\/div>\n\n\n\n<div class=\"wp-block-noor-blocks-group nb-group\">\n<p class=\"wp-block-noor-blocks-paragraph nb-paragraph m-0 h5\">Costume Design<\/p>\n\n\n\n<p class=\"wp-block-noor-blocks-paragraph nb-paragraph m-0\">Jorge Gallardo<\/p>\n<\/div>\n\n\n\n<div class=\"wp-block-noor-blocks-group nb-group\">\n<p class=\"wp-block-noor-blocks-paragraph nb-paragraph m-0 h5\">Light<\/p>\n\n\n\n<p class=\"wp-block-noor-blocks-paragraph nb-paragraph m-0\">Fran\u00e7ois Menou<\/p>\n<\/div>\n\n\n\n<div class=\"wp-block-noor-blocks-group nb-group\">\n<p class=\"wp-block-noor-blocks-paragraph nb-paragraph m-0 h5\">Suit Manufacturing<\/p>\n\n\n\n<p class=\"wp-block-noor-blocks-paragraph nb-paragraph m-0\">V\u00e9ronique Murat, Charlotte Margnoux, and Ana\u00efs Abel<\/p>\n<\/div>\n\n\n\n<div class=\"wp-block-noor-blocks-group nb-group\">\n<p class=\"wp-block-noor-blocks-paragraph nb-paragraph m-0 h5\">Set Design Production<\/p>\n\n\n\n<p class=\"wp-block-noor-blocks-paragraph nb-paragraph m-0\">Fr\u00e9d\u00e9ric Vad\u00e9<\/p>\n<\/div>\n\n\n\n<div class=\"wp-block-noor-blocks-group nb-group\">\n<p class=\"wp-block-noor-blocks-paragraph nb-paragraph m-0 h5\">Accessory Manufacturing<\/p>\n\n\n\n<p class=\"wp-block-noor-blocks-paragraph nb-paragraph m-0\">Annie Onchalo<\/p>\n<\/div>\n\n\n\n<div class=\"wp-block-noor-blocks-group nb-group\">\n<p class=\"wp-block-noor-blocks-paragraph nb-paragraph m-0 h5\">Props and Costume Assistants<\/p>\n\n\n\n<p class=\"wp-block-noor-blocks-paragraph nb-paragraph m-0\">Nicolas Rochais, Gorka Arpajou, F\u00e9lix Vermand\u00e9, Rapha\u00ebl Jeanneret, Christof t\u2019Siolle, Txomin Laborde-Peyre, Maruschka Miramon, Karine Prins, Sandrine Mestas Gleizes, Fanny Sudres, and Fantine Goulot<\/p>\n<\/div>\n\n\n\n<div class=\"wp-block-noor-blocks-group nb-group\">\n<p class=\"wp-block-noor-blocks-paragraph nb-paragraph m-0 h5\">Ballet Master<\/p>\n\n\n\n<p class=\"wp-block-noor-blocks-paragraph nb-paragraph m-0\">Richard Coudray, Giuseppe Chiavaro, Frederik Deberdt<\/p>\n<\/div>\n\n\n\n<div class=\"wp-block-noor-blocks-group nb-group\">\n<p class=\"wp-block-noor-blocks-paragraph nb-paragraph m-0 h5\">A ballet for 22 dancers<\/p>\n\n\n\n<div style=\"height:11px\" aria-hidden=\"true\" class=\"wp-block-spacer\"><\/div>\n<\/div>\n<\/div>\n<\/div>\n<\/div>\n\n\n\n<div class=\"wp-block-noor-blocks-column col nb-column col-12 col-md-4\">\n<div class=\"wp-block-noor-blocks-group nb-group d-flex flex-column d-lg-flex flex-lg-row column-gap-48 row-gap-24\">\n<div class=\"wp-block-noor-blocks-group nb-group d-flex flex-column row-gap-24\">\n<div class=\"wp-block-noor-blocks-group nb-group\">\n<p class=\"wp-block-noor-blocks-paragraph nb-paragraph m-0 h5\">Major Co-Producers<\/p>\n\n\n\n<p class=\"wp-block-noor-blocks-paragraph nb-paragraph m-0\">Ch\u00e2teau de Versailles Spectacles &#8211; Royal Opera of Versailles <br \/>Orchestre de l\u2019Op\u00e9ra Royal de Versailles<\/p>\n<\/div>\n\n\n\n<div class=\"wp-block-noor-blocks-group nb-group\">\n<p class=\"wp-block-noor-blocks-paragraph nb-paragraph m-0 h5\">Co-producers<\/p>\n\n\n\n<p class=\"wp-block-noor-blocks-paragraph nb-paragraph m-0\">Festival de Danse de Cannes &#8211; C\u00f4te d\u2019Azur, France <br \/>Teatro Victoria Eugenia &#8211; Ballet T &#8211; City of Donostia-San Sebasti\u00e1n <br \/>Op\u00e9ra de Saint-\u00c9tienne <br \/>Theater Bonn &#8211; Germany<br \/>Teatro la Fenice &#8211; Venice (Italy) <br \/>CCN Malandain Ballet Biarritz<\/p>\n<\/div>\n\n\n\n<div class=\"wp-block-noor-blocks-group nb-group\">\n<p class=\"wp-block-noor-blocks-paragraph nb-paragraph m-0 h5\">Partners<\/p>\n\n\n\n<p class=\"wp-block-noor-blocks-paragraph nb-paragraph m-0\">Op\u00e9ra de Reims<br \/>Espace J\u00e9liote in Oloron Sainte-Marie<br \/>Th\u00e9\u00e2tre Olympia in Arcachon<\/p>\n<\/div>\n\n\n\n<div class=\"wp-block-noor-blocks-group nb-group\">\n<p class=\"wp-block-noor-blocks-paragraph nb-paragraph m-0 h5\">Sponsors<\/p>\n\n\n\n<p class=\"wp-block-noor-blocks-paragraph nb-paragraph m-0\">Malandain Endowment Fund for Dance<br \/>Suez<br \/>Friends of the Malandain Ballet Biarritz Association<br \/>Patrons&#8217; Circle of the Malandain Ballet Biarritz<\/p>\n<\/div>\n<\/div>\n<\/div>\n<\/div>\n<\/div>\n<\/div>\n<\/div>\n<\/div>\n<\/section>\n\n<div style=\"height:19px\" aria-hidden=\"true\" class=\"wp-block-spacer\"><\/div>\n\n<div style=\"height:19px\" aria-hidden=\"true\" class=\"wp-block-spacer\"><\/div>\n\n<section class=\"wp-block-noor-blocks-section nb-section position-relative  py-64 pt-md-64 pb-md-80 px-lg-64 pt-lg-64 pb-lg-96 has-overlay\"><span class=\"nb-background-overlay \"><\/span>\n<div class=\"wp-block-noor-blocks-container nb-container container-fluid\">\n<div class=\"wp-block-noor-blocks-row nb-row row justify-content-center\">\n<div class=\"wp-block-noor-blocks-column col nb-column  col-12 col-lg-10\">\n<h2 class=\"wp-block-noor-blocks-heading nb-heading nb-cursor-default nb-heading-h2 text-center text-lg-start\">You might also like:<\/h2>\n\n\n\n                    <div class='swiper no-events-swiper'>\n                    <div class='swiper-wrapper w-auto h-auto row d-lg-flex gy-lg-48 gx-lg-32'>\n                \n\t\t\t\t                            <div class='swiper-slide col-lg-6 col-xl-4 h-auto'>\n\t\t\t\t                            <a\n\t\t\t\t                                href='https:\/\/norrlandsoperan.se\/en\/programme\/the-body-symphonic-charlie-khalil-prince\/'\n\t\t\t\t                                class='position-relative no-event-card-wrapper no-event-card-type-simple'\n\t\t\t\t                                style='--event-color-primary:#1C375B;--event-color-secondary:#F9F5CC'\n\t\t\t\t                                data-event-id='22238'\n\t\t\t\t                            >\n\t\t\t\t                                <div class='no-event-card-media-wrapper bg-gray-100'>\n\t\t\t\t                                    <div class='no-event-card-media no-latest-image '>\n\t\t\t\t                                        <img class='img-fluid' alt='' src='https:\/\/norrlandsoperan.se\/wp-content\/uploads\/2026\/04\/13-3-55.jpg' >\n\t\t\t\t                                    <\/div>\n\t\t\t\t                                <\/div>\n\t\t\t\t                                <div class='no-event-content-wrapper p-24 p-md-48 mw-100' style='background-color:var(--event-color-primary);'>\n\t\t\t\t                                    <span class='no-event-badge-wrapper'><span class='no-event-badge'><span class='no-event-badge-name mb-0 h5'>Dance<\/span><\/span><\/span>\n\t\t\t\t                                    <div class='no-event-content'>\n\t\t\t\t                                        <div class='no-event-content-top'>\n\t\t\t\t                                            <h3 class='no-event-title mb-lg-24 pe-16 pe-lg-64' style='color:var(--event-color-secondary);'>the body symphonic &#8211; Charlie Khalil Prince<\/h3>\n\t\t\t\t                                            <p class='no-event-excerpt mb-lg-16 pe-lg-32' style='color:var(--event-color-secondary);'>Norrlandsoperan || 24 september 2026<\/p>\n\t\t\t\t                                        <\/div>\n\t\t\t\t                                    <\/div>\n\t\t\t\t                                    <p class='no-event-excerpt mb-0 pe-lg-64 lead-text' style='color:var(--event-color-secondary);'> Buy tickets<\/p>\n\t\t\t\t                                <\/div>\n\t\t\t\t                            <\/a>\n\t\t\t\t                            <\/div>\n\t\t\t\t                        \n\t\t\t\t                            <div class='swiper-slide col-lg-6 col-xl-4 h-auto'>\n\t\t\t\t                            <a\n\t\t\t\t                                href='https:\/\/norrlandsoperan.se\/en\/programme\/friday-night-freestyle-3\/'\n\t\t\t\t                                class='position-relative no-event-card-wrapper no-event-card-type-simple'\n\t\t\t\t                                style='--event-color-primary:#BCDEF1;--event-color-secondary:#600CDE'\n\t\t\t\t                                data-event-id='22114'\n\t\t\t\t                            >\n\t\t\t\t                                <div class='no-event-card-media-wrapper bg-gray-100'>\n\t\t\t\t                                    <div class='no-event-card-media no-latest-image '>\n\t\t\t\t                                        <img class='img-fluid' alt='' src='https:\/\/norrlandsoperan.se\/wp-content\/uploads\/2026\/04\/MG_Upnorth26_lordag_260509_5524.jpg' >\n\t\t\t\t                                    <\/div>\n\t\t\t\t                                <\/div>\n\t\t\t\t                                <div class='no-event-content-wrapper p-24 p-md-48 mw-100' style='background-color:var(--event-color-primary);'>\n\t\t\t\t                                    <span class='no-event-badge-wrapper'><span class='no-event-badge'><span class='no-event-badge-name mb-0 h5'>Dance<\/span><\/span><\/span>\n\t\t\t\t                                    <div class='no-event-content'>\n\t\t\t\t                                        <div class='no-event-content-top'>\n\t\t\t\t                                            <h3 class='no-event-title mb-lg-24 pe-16 pe-lg-64' style='color:var(--event-color-secondary);'>Friday Night Freestyle<\/h3>\n\t\t\t\t                                            <p class='no-event-excerpt mb-lg-16 pe-lg-32' style='color:var(--event-color-secondary);'>Norrlandsoperan || September 25, 2026<\/p>\n\t\t\t\t                                        <\/div>\n\t\t\t\t                                    <\/div>\n\t\t\t\t                                    <p class='no-event-excerpt mb-0 pe-lg-64 lead-text' style='color:var(--event-color-secondary);'> Free admission<\/p>\n\t\t\t\t                                <\/div>\n\t\t\t\t                            <\/a>\n\t\t\t\t                            <\/div>\n\t\t\t\t                        \n\t\t\t\t                            <div class='swiper-slide col-lg-6 col-xl-4 h-auto'>\n\t\t\t\t                            <a\n\t\t\t\t                                href='https:\/\/norrlandsoperan.se\/en\/programme\/svavaren-martin-ostman-zebradans\/'\n\t\t\t\t                                class='position-relative no-event-card-wrapper no-event-card-type-simple'\n\t\t\t\t                                style='--event-color-primary:#FFD1CE;--event-color-secondary:#B12B01'\n\t\t\t\t                                data-event-id='22213'\n\t\t\t\t                            >\n\t\t\t\t                                <div class='no-event-card-media-wrapper bg-gray-100'>\n\t\t\t\t                                    <div class='no-event-card-media no-latest-image '>\n\t\t\t\t                                        <img class='img-fluid' alt='' src='https:\/\/norrlandsoperan.se\/wp-content\/uploads\/2026\/05\/2409-svavaren6598_k8L.jpg' >\n\t\t\t\t                                    <\/div>\n\t\t\t\t                                <\/div>\n\t\t\t\t                                <div class='no-event-content-wrapper p-24 p-md-48 mw-100' style='background-color:var(--event-color-primary);'>\n\t\t\t\t                                    <span class='no-event-badge-wrapper'><span class='no-event-badge'><span class='no-event-badge-name mb-0 h5'>Family Performance<\/span><\/span><\/span>\n\t\t\t\t                                    <div class='no-event-content'>\n\t\t\t\t                                        <div class='no-event-content-top'>\n\t\t\t\t                                            <h3 class='no-event-title mb-lg-24 pe-16 pe-lg-64' style='color:var(--event-color-secondary);'>The Hovercraft \u2013 Martin \u00d6stman\/ZebraDans<\/h3>\n\t\t\t\t                                            <p class='no-event-excerpt mb-lg-16 pe-lg-32' style='color:var(--event-color-secondary);'>Norrlandsoperan || September 26, 2026<\/p>\n\t\t\t\t                                        <\/div>\n\t\t\t\t                                    <\/div>\n\t\t\t\t                                    <p class='no-event-excerpt mb-0 pe-lg-64 lead-text' style='color:var(--event-color-secondary);'> Buy tickets<\/p>\n\t\t\t\t                                <\/div>\n\t\t\t\t                            <\/a>\n\t\t\t\t                            <\/div>\n\t\t\t\t                        \n                    <div class='swiper-button-next invisible'><\/div>\n                    <div class='swiper-button-prev invisible'><\/div>\n                    <\/div>\n                    <\/div>\n                <\/div>\n<\/div>\n<\/div>\n<\/section>\n","protected":false},"excerpt":{"rendered":"<p>Fiery and dramatic, grand and playful\u201422 dancers and the Norrlandsoperan Symphony Orchestra take on Vivaldi and Stravinsky.<\/p>\n","protected":false},"author":9,"featured_media":18821,"template":"","meta":{"event_color_primary":"#D81058","event_color_secondary":"#F9F5CC","event_card_media":{"id":18820,"url":"https:\/\/norrlandsoperan.se\/wp-content\/uploads\/2026\/04\/Les-Saisons-\u00a9-Olivier-Houeix__8873_R_liggande.jpg"},"event_info":"Norrlandsoperan || October 16\u201317, 2026","event_end_date":"2026-10-17","event_primary_category":"dans","event_status":"buy_ticket","event_ticket_link":"https:\/\/biljett.norrlandsoperan.se\/sv\/buyingflow\/tickets\/30331\/","event_api_guid":"30331","event_session_info":"Starts at 7:00 p.m. Duration: 2 hours, including a 30-minute break.  ","program":0,"event_order_key":"2026-10-16T19:00:00+02:00","event_status_free":"","archived_event":false,"archived_event_info":"{ Type: Dynamic\n }{ Planned Archive Date: 2026-10-18 }","event_order_date":"","footnotes":""},"event_category":[49,54],"class_list":["post-22246","event","type-event","status-publish","has-post-thumbnail","hentry","event_category-concert","event_category-dance"],"yoast_head":"<!-- This site is optimized with the Yoast SEO plugin v28.4 - https:\/\/yoast.com\/product\/yoast-seo-wordpress\/ -->\n<title>Malandain Ballet Biarritz Performs with the Norrlandsoperan Symphony Orchestra - Norrlandsoperan<\/title>\n<meta name=\"description\" content=\"Experience an extraordinary evening as the acclaimed French company Malandain Ballet Biarritz visits the Norrlandsoperan with two works that combine power, elegance, and musicality at the highest level. On stage are 22 dancers, all classically trained but with a contemporary style that has become a hallmark of Thierry Malandain\u2019s refined and poetic approach. The music is performed live by the Norrlandsoperan Symphony Orchestra.\" \/>\n<meta name=\"robots\" content=\"index, follow, max-snippet:-1, max-image-preview:large, max-video-preview:-1\" \/>\n<link rel=\"canonical\" href=\"https:\/\/norrlandsoperan.se\/en\/programme\/malandain-ballet-biarritz-moter-norrlandsoperans-symfoniorkester\/\" \/>\n<meta property=\"og:locale\" content=\"en_US\" \/>\n<meta property=\"og:type\" content=\"article\" \/>\n<meta property=\"og:title\" content=\"Malandain Ballet Biarritz Performs with the Norrlandsoperan Symphony Orchestra - Norrlandsoperan\" \/>\n<meta property=\"og:description\" content=\"Experience an extraordinary evening as the acclaimed French company Malandain Ballet Biarritz visits the Norrlandsoperan with two works that combine power, elegance, and musicality at the highest level. On stage are 22 dancers, all classically trained but with a contemporary style that has become a hallmark of Thierry Malandain\u2019s refined and poetic approach. The music is performed live by the Norrlandsoperan Symphony Orchestra.\" \/>\n<meta property=\"og:url\" content=\"https:\/\/norrlandsoperan.se\/en\/programme\/malandain-ballet-biarritz-moter-norrlandsoperans-symfoniorkester\/\" \/>\n<meta property=\"og:site_name\" content=\"Norrlandsoperan\" \/>\n<meta property=\"article:modified_time\" content=\"2026-09-05T04:15:23+00:00\" \/>\n<meta property=\"og:image\" content=\"https:\/\/norrlandsoperan.se\/wp-content\/uploads\/2026\/04\/Les-Saisons-\u00a9-Olivier-Houeix__8873_R_liggande.jpg\" \/>\n\t<meta property=\"og:image:width\" content=\"1300\" \/>\n\t<meta property=\"og:image:height\" content=\"867\" \/>\n\t<meta property=\"og:image:type\" content=\"image\/jpeg\" \/>\n<meta name=\"twitter:card\" content=\"summary_large_image\" \/>\n<meta name=\"twitter:label1\" content=\"Est. reading time\" \/>\n\t<meta name=\"twitter:data1\" content=\"3 minutes\" \/>\n<script type=\"application\/ld+json\" class=\"yoast-schema-graph\">{\"@context\":\"https:\\\/\\\/schema.org\",\"@graph\":[{\"@type\":\"WebPage\",\"@id\":\"https:\\\/\\\/norrlandsoperan.se\\\/en\\\/programme\\\/malandain-ballet-biarritz-moter-norrlandsoperans-symfoniorkester\\\/\",\"url\":\"https:\\\/\\\/norrlandsoperan.se\\\/en\\\/programme\\\/malandain-ballet-biarritz-moter-norrlandsoperans-symfoniorkester\\\/\",\"name\":\"Malandain Ballet Biarritz Performs with the Norrlandsoperan Symphony Orchestra - Norrlandsoperan\",\"isPartOf\":{\"@id\":\"https:\\\/\\\/norrlandsoperan.se\\\/en\\\/#website\"},\"primaryImageOfPage\":{\"@id\":\"https:\\\/\\\/norrlandsoperan.se\\\/en\\\/programme\\\/malandain-ballet-biarritz-moter-norrlandsoperans-symfoniorkester\\\/#primaryimage\"},\"image\":{\"@id\":\"https:\\\/\\\/norrlandsoperan.se\\\/en\\\/programme\\\/malandain-ballet-biarritz-moter-norrlandsoperans-symfoniorkester\\\/#primaryimage\"},\"thumbnailUrl\":\"https:\\\/\\\/norrlandsoperan.se\\\/wp-content\\\/uploads\\\/2026\\\/04\\\/Les-Saisons-\u00a9-Olivier-Houeix__8873_R_liggande.jpg\",\"datePublished\":\"2026-04-24T08:35:03+00:00\",\"dateModified\":\"2026-09-05T04:15:23+00:00\",\"description\":\"Experience an extraordinary evening as the acclaimed French company Malandain Ballet Biarritz visits the Norrlandsoperan with two works that combine power, elegance, and musicality at the highest level. On stage are 22 dancers, all classically trained but with a contemporary style that has become a hallmark of Thierry Malandain\u2019s refined and poetic approach. The music is performed live by the Norrlandsoperan Symphony Orchestra.\",\"breadcrumb\":{\"@id\":\"https:\\\/\\\/norrlandsoperan.se\\\/en\\\/programme\\\/malandain-ballet-biarritz-moter-norrlandsoperans-symfoniorkester\\\/#breadcrumb\"},\"inLanguage\":\"en-US\",\"potentialAction\":[{\"@type\":\"ReadAction\",\"target\":[\"https:\\\/\\\/norrlandsoperan.se\\\/en\\\/programme\\\/malandain-ballet-biarritz-moter-norrlandsoperans-symfoniorkester\\\/\"]}]},{\"@type\":\"ImageObject\",\"inLanguage\":\"en-US\",\"@id\":\"https:\\\/\\\/norrlandsoperan.se\\\/en\\\/programme\\\/malandain-ballet-biarritz-moter-norrlandsoperans-symfoniorkester\\\/#primaryimage\",\"url\":\"https:\\\/\\\/norrlandsoperan.se\\\/wp-content\\\/uploads\\\/2026\\\/04\\\/Les-Saisons-\u00a9-Olivier-Houeix__8873_R_liggande.jpg\",\"contentUrl\":\"https:\\\/\\\/norrlandsoperan.se\\\/wp-content\\\/uploads\\\/2026\\\/04\\\/Les-Saisons-\u00a9-Olivier-Houeix__8873_R_liggande.jpg\",\"width\":1300,\"height\":867},{\"@type\":\"BreadcrumbList\",\"@id\":\"https:\\\/\\\/norrlandsoperan.se\\\/en\\\/programme\\\/malandain-ballet-biarritz-moter-norrlandsoperans-symfoniorkester\\\/#breadcrumb\",\"itemListElement\":[{\"@type\":\"ListItem\",\"position\":1,\"name\":\"Home\",\"item\":\"https:\\\/\\\/norrlandsoperan.se\\\/en\\\/home\\\/\"},{\"@type\":\"ListItem\",\"position\":2,\"name\":\"Malandain Ballet Biarritz Performs with the Norrlandsoperan Symphony Orchestra\"}]},{\"@type\":\"WebSite\",\"@id\":\"https:\\\/\\\/norrlandsoperan.se\\\/en\\\/#website\",\"url\":\"https:\\\/\\\/norrlandsoperan.se\\\/en\\\/\",\"name\":\"Norrlandsoperan\",\"description\":\"\",\"potentialAction\":[{\"@type\":\"SearchAction\",\"target\":{\"@type\":\"EntryPoint\",\"urlTemplate\":\"https:\\\/\\\/norrlandsoperan.se\\\/en\\\/?s={search_term_string}\"},\"query-input\":{\"@type\":\"PropertyValueSpecification\",\"valueRequired\":true,\"valueName\":\"search_term_string\"}}],\"inLanguage\":\"en-US\"}]}<\/script>\n<!-- \/ Yoast SEO plugin. -->","yoast_head_json":{"title":"Malandain Ballet Biarritz Performs with the Norrlandsoperan Symphony Orchestra - Norrlandsoperan","description":"Experience an extraordinary evening as the acclaimed French company Malandain Ballet Biarritz visits the Norrlandsoperan with two works that combine power, elegance, and musicality at the highest level. On stage are 22 dancers, all classically trained but with a contemporary style that has become a hallmark of Thierry Malandain\u2019s refined and poetic approach. The music is performed live by the Norrlandsoperan Symphony Orchestra.","robots":{"index":"index","follow":"follow","max-snippet":"max-snippet:-1","max-image-preview":"max-image-preview:large","max-video-preview":"max-video-preview:-1"},"canonical":"https:\/\/norrlandsoperan.se\/en\/programme\/malandain-ballet-biarritz-moter-norrlandsoperans-symfoniorkester\/","og_locale":"en_US","og_type":"article","og_title":"Malandain Ballet Biarritz Performs with the Norrlandsoperan Symphony Orchestra - Norrlandsoperan","og_description":"Experience an extraordinary evening as the acclaimed French company Malandain Ballet Biarritz visits the Norrlandsoperan with two works that combine power, elegance, and musicality at the highest level. On stage are 22 dancers, all classically trained but with a contemporary style that has become a hallmark of Thierry Malandain\u2019s refined and poetic approach. The music is performed live by the Norrlandsoperan Symphony Orchestra.","og_url":"https:\/\/norrlandsoperan.se\/en\/programme\/malandain-ballet-biarritz-moter-norrlandsoperans-symfoniorkester\/","og_site_name":"Norrlandsoperan","article_modified_time":"2026-09-05T04:15:23+00:00","og_image":[{"width":1300,"height":867,"url":"https:\/\/norrlandsoperan.se\/wp-content\/uploads\/2026\/04\/Les-Saisons-\u00a9-Olivier-Houeix__8873_R_liggande.jpg","type":"image\/jpeg"}],"twitter_card":"summary_large_image","twitter_misc":{"Est. reading time":"3 minutes"},"schema":{"@context":"https:\/\/schema.org","@graph":[{"@type":"WebPage","@id":"https:\/\/norrlandsoperan.se\/en\/programme\/malandain-ballet-biarritz-moter-norrlandsoperans-symfoniorkester\/","url":"https:\/\/norrlandsoperan.se\/en\/programme\/malandain-ballet-biarritz-moter-norrlandsoperans-symfoniorkester\/","name":"Malandain Ballet Biarritz Performs with the Norrlandsoperan Symphony Orchestra - Norrlandsoperan","isPartOf":{"@id":"https:\/\/norrlandsoperan.se\/en\/#website"},"primaryImageOfPage":{"@id":"https:\/\/norrlandsoperan.se\/en\/programme\/malandain-ballet-biarritz-moter-norrlandsoperans-symfoniorkester\/#primaryimage"},"image":{"@id":"https:\/\/norrlandsoperan.se\/en\/programme\/malandain-ballet-biarritz-moter-norrlandsoperans-symfoniorkester\/#primaryimage"},"thumbnailUrl":"https:\/\/norrlandsoperan.se\/wp-content\/uploads\/2026\/04\/Les-Saisons-\u00a9-Olivier-Houeix__8873_R_liggande.jpg","datePublished":"2026-04-24T08:35:03+00:00","dateModified":"2026-09-05T04:15:23+00:00","description":"Experience an extraordinary evening as the acclaimed French company Malandain Ballet Biarritz visits the Norrlandsoperan with two works that combine power, elegance, and musicality at the highest level. On stage are 22 dancers, all classically trained but with a contemporary style that has become a hallmark of Thierry Malandain\u2019s refined and poetic approach. The music is performed live by the Norrlandsoperan Symphony Orchestra.","breadcrumb":{"@id":"https:\/\/norrlandsoperan.se\/en\/programme\/malandain-ballet-biarritz-moter-norrlandsoperans-symfoniorkester\/#breadcrumb"},"inLanguage":"en-US","potentialAction":[{"@type":"ReadAction","target":["https:\/\/norrlandsoperan.se\/en\/programme\/malandain-ballet-biarritz-moter-norrlandsoperans-symfoniorkester\/"]}]},{"@type":"ImageObject","inLanguage":"en-US","@id":"https:\/\/norrlandsoperan.se\/en\/programme\/malandain-ballet-biarritz-moter-norrlandsoperans-symfoniorkester\/#primaryimage","url":"https:\/\/norrlandsoperan.se\/wp-content\/uploads\/2026\/04\/Les-Saisons-\u00a9-Olivier-Houeix__8873_R_liggande.jpg","contentUrl":"https:\/\/norrlandsoperan.se\/wp-content\/uploads\/2026\/04\/Les-Saisons-\u00a9-Olivier-Houeix__8873_R_liggande.jpg","width":1300,"height":867},{"@type":"BreadcrumbList","@id":"https:\/\/norrlandsoperan.se\/en\/programme\/malandain-ballet-biarritz-moter-norrlandsoperans-symfoniorkester\/#breadcrumb","itemListElement":[{"@type":"ListItem","position":1,"name":"Home","item":"https:\/\/norrlandsoperan.se\/en\/home\/"},{"@type":"ListItem","position":2,"name":"Malandain Ballet Biarritz Performs with the Norrlandsoperan Symphony Orchestra"}]},{"@type":"WebSite","@id":"https:\/\/norrlandsoperan.se\/en\/#website","url":"https:\/\/norrlandsoperan.se\/en\/","name":"Norrlandsoperan","description":"","potentialAction":[{"@type":"SearchAction","target":{"@type":"EntryPoint","urlTemplate":"https:\/\/norrlandsoperan.se\/en\/?s={search_term_string}"},"query-input":{"@type":"PropertyValueSpecification","valueRequired":true,"valueName":"search_term_string"}}],"inLanguage":"en-US"}]}},"_links":{"self":[{"href":"https:\/\/norrlandsoperan.se\/en\/wp-json\/wp\/v2\/event\/22246","targetHints":{"allow":["GET"]}}],"collection":[{"href":"https:\/\/norrlandsoperan.se\/en\/wp-json\/wp\/v2\/event"}],"about":[{"href":"https:\/\/norrlandsoperan.se\/en\/wp-json\/wp\/v2\/types\/event"}],"author":[{"embeddable":true,"href":"https:\/\/norrlandsoperan.se\/en\/wp-json\/wp\/v2\/users\/9"}],"version-history":[{"count":7,"href":"https:\/\/norrlandsoperan.se\/en\/wp-json\/wp\/v2\/event\/22246\/revisions"}],"predecessor-version":[{"id":23904,"href":"https:\/\/norrlandsoperan.se\/en\/wp-json\/wp\/v2\/event\/22246\/revisions\/23904"}],"wp:featuredmedia":[{"embeddable":true,"href":"https:\/\/norrlandsoperan.se\/en\/wp-json\/wp\/v2\/media\/18821"}],"wp:attachment":[{"href":"https:\/\/norrlandsoperan.se\/en\/wp-json\/wp\/v2\/media?parent=22246"}],"wp:term":[{"taxonomy":"event_category","embeddable":true,"href":"https:\/\/norrlandsoperan.se\/en\/wp-json\/wp\/v2\/event_category?post=22246"}],"curies":[{"name":"wp","href":"https:\/\/api.w.org\/{rel}","templated":true}]}}