{"id":23773,"date":"2024-06-04T16:10:50","date_gmt":"2024-06-04T14:10:50","guid":{"rendered":"https:\/\/norrlandsoperan.se\/forestallningar\/la-boheme-2\/"},"modified":"2026-09-04T15:17:32","modified_gmt":"2026-09-04T13:17:32","slug":"la-boheme-2","status":"publish","type":"event","link":"https:\/\/norrlandsoperan.se\/en\/programme\/la-boheme-2\/","title":{"rendered":"La Boh\u00e8me"},"content":{"rendered":"\n<section class=\"wp-block-noor-blocks-section nb-section position-relative  py-48 py-lg-64\">\n<div class=\"wp-block-noor-blocks-container nb-container container-fluid\">\n<div class=\"wp-block-noor-blocks-row nb-row row\">\n<div class=\"wp-block-noor-blocks-column col nb-column col-12 col-lg-7 col-xl-6 offset-xl-1\">\n<div class=\"wp-block-noor-blocks-group nb-group  px-sm-8 pe-lg-80 ps-lg-48\">\n<h1 class=\"wp-block-noor-blocks-heading nb-heading nb-cursor-default nb-heading-h1 my-24 my-md-32 my-lg-48 no-bottom-line content-animation\">Classics as chamber operas  <\/h1>\n\n\n\n<p class=\"wp-block-paragraph\">&#8220;La Boh\u00e8me,&#8221; from 1896, is the story of a group of young, poor artists whose lofty ideals lead them to a head-on collision with harsh reality.<\/p>\n\n\n\n<p class=\"wp-block-paragraph\">Set to hauntingly beautiful music\u2014and featuring many well-known operatic gems\u2014their dreams of a free life filled with romance and creativity come to life. But how will things turn out when they can\u2019t sell anything and don\u2019t even have enough money to pay the rent? <\/p>\n\n\n\n<p class=\"wp-block-paragraph\">Norrlandsoperan is now presenting a touring production of the opera, which originally premiered at Malm\u00f6 Opera in 2022, directed by Sara Cronberg. The roles are played by young artists, including master\u2019s students from Operastudio Norrlandsoperan. Here we see them in Franciska Zahle\u2019s expressive costumes, with stylistic references to both the 19th century and the bohemian fashion of our own time. She also designs the set, with Bombina Bombast providing lighting and artistic projections. The music is performed by musicians from the Norrlandsoperan Symphony Orchestra, conducted by Jonas Olsson.    <\/p>\n\n\n\n<p class=\"wp-block-paragraph\">*La Boh\u00e8me*, which is based on a chamber drama, works particularly well in this intimate setting, and we look forward to performing the work with close audience interaction. Whether you\u2019re a die-hard opera fan or have never set foot in an opera house before, this is a performance for you. <br\/> <\/p>\n\n\n\n<p class=\"wp-block-noor-blocks-paragraph nb-paragraph\"><\/p>\n<\/div>\n<\/div>\n\n\n\n<div class=\"wp-block-noor-blocks-column col nb-column col-12 col-lg-5 col-xl-4\">\n<div class=\"wp-block-noor-blocks-group nb-group  p-32 px-lg-48 py-lg-32 bg-beige-2 no-event-sidebar\">\n<h2 class=\"wp-block-noor-blocks-heading nb-heading nb-cursor-default nb-heading-h2 mb-24 mb-lg-40 text-center\">Information<\/h2>\n\n\n\n<div class=\"wp-block-noor-blocks-group nb-group d-flex flex-column row-gap-24\">\n<div class=\"wp-block-noor-blocks-group nb-group  p-32 bg-white\">\n<h5 class=\"wp-block-noor-blocks-heading nb-heading nb-cursor-default nb-heading-h5\">Prices<\/h5>\n\n\n<\/div>\n\n\n\n<div class=\"wp-block-noor-blocks-group nb-group  p-32 bg-white\">\n<h5 class=\"wp-block-noor-blocks-heading nb-heading nb-cursor-default nb-heading-h5\">Introduction<\/h5>\n\n\n\n<p class=\"wp-block-noor-blocks-paragraph nb-paragraph m-0\">Please join us for the introduction 30 minutes before the start in the lobby.  <\/p>\n\n\n\n<div style=\"height:23px\" aria-hidden=\"true\" class=\"wp-block-spacer\"><\/div>\n\n\n\n<h5 class=\"wp-block-noor-blocks-heading nb-heading nb-cursor-default nb-heading-h5\">The Norrland Opera on Tour<\/h5>\n\n\n\n<p class=\"wp-block-noor-blocks-paragraph nb-paragraph m-0\">La Boh\u00e8me is going on tour and will visit Lycksele, Haparanda, Lule\u00e5, \u00d6stersund, \u00d6rnsk\u00f6ldsvik, Sundsvall, H\u00e4rn\u00f6sand, and Skellefte\u00e5 from April 25 to May 22.<\/p>\n\n\n\n<div style=\"height:20px\" aria-hidden=\"true\" class=\"wp-block-spacer\"><\/div>\n\n\n\n<a href=\"https:\/\/norrlandsoperan.se\/en\/programme\/la-boheme-on-tour\/\" rel=\"noopener\" role=\"button\" class=\"wp-block-noor-blocks-button nb-btn nb-btn-custom bg-black px-24 py-12 px-lg-32 py-lg-16 text-white bg-hover-white text-hover-black\" style=\"border-radius:0px;border-width:2px;border-color:black\"><span class=\"nb-button-overlay\"><\/span><span class=\"nb-btn-text\">Find concert tickets<\/span><\/a>\n<\/div>\n\n\n\n<div class=\"wp-block-noor-blocks-group nb-group d-flex flex-row align-items-center column-gap-24  p-32 bg-white no-event-social-card\">\n<h5 class=\"wp-block-noor-blocks-heading nb-heading nb-cursor-default nb-heading-h5 m-0\">Share:<\/h5>\n\n\n\n<a class=\"wp-block-noor-blocks-link nb-link d-flex  share-social\" href=\"#\" target=\"_blank\" rel=\"noopener\" aria-label=\"facebook-link\">\n<span class=\"nb-icon\"><span class=\"icon-facebook\" style=\"font-size:24px\"><\/span><\/span>\n<\/a>\n\n\n\n<a class=\"wp-block-noor-blocks-link nb-link d-flex mail-social\" href=\"#\" rel=\"noopener\" aria-label=\"instagram-link\">\n<span class=\"nb-icon\"><span class=\"icon-envelope\" style=\"font-size:24px\"><\/span><\/span>\n<\/a>\n\n\n\n<a class=\"wp-block-noor-blocks-link nb-link d-flex copy-link-btn position-relative\" href=\"#\" rel=\"noopener\" aria-label=\"website\">\n<span class=\"nb-icon\"><span class=\"icon-link\" style=\"font-size:24px\"><\/span><\/span>\n<\/a>\n<\/div>\n<\/div>\n<\/div>\n<\/div>\n<\/div>\n<\/div>\n<\/section>\n\n<section class=\"wp-block-noor-blocks-section nb-section position-relative\">\n<div class=\"wp-block-noor-blocks-container nb-container container-fluid p-0\"><\/div>\n<\/section>\n\n<section class=\"wp-block-noor-blocks-section nb-section position-relative mt-24 py-64 pt-md-64 pb-md-80 pt-lg-64 pb-lg-96 bg-beige-1\">\n<div class=\"wp-block-noor-blocks-container nb-container container-fluid\">\n<div class=\"wp-block-noor-blocks-row nb-row row justify-content-center\">\n<div class=\"wp-block-noor-blocks-column col nb-column  col-12 col-lg-8\">\n<h2 class=\"wp-block-noor-blocks-heading nb-heading nb-cursor-default nb-heading-h2 mb-32 mb-lg-64 no-bottom-line\">Participants  <\/h2>\n\n\n\n<div class=\"wp-block-noor-blocks-row nb-row row  gy-64\">\n<div class=\"wp-block-noor-blocks-column col nb-column col-12 col-md-6\">\n<div class=\"wp-block-noor-blocks-group nb-group d-flex flex-column d-lg-flex flex-lg-row column-gap-48 row-gap-24\">\n<div class=\"wp-block-noor-blocks-group nb-group d-flex flex-column row-gap-24\">\n<div class=\"wp-block-noor-blocks-group nb-group\">\n<p class=\"wp-block-noor-blocks-paragraph nb-paragraph m-0 h5\">Composer<\/p>\n\n\n\n<p class=\"wp-block-noor-blocks-paragraph nb-paragraph m-0\">Giacomo Puccini<\/p>\n<\/div>\n\n\n\n<div class=\"wp-block-noor-blocks-group nb-group\">\n<p class=\"wp-block-noor-blocks-paragraph nb-paragraph m-0 h5\">Libretto<\/p>\n\n\n\n<p class=\"wp-block-noor-blocks-paragraph nb-paragraph m-0\">Giuseppe Giacosa and Luigi Illica<\/p>\n<\/div>\n\n\n\n<div class=\"wp-block-noor-blocks-group nb-group\">\n<p class=\"wp-block-noor-blocks-paragraph nb-paragraph m-0 h5\">Swedish translation<\/p>\n\n\n\n<p class=\"wp-block-noor-blocks-paragraph nb-paragraph m-0\">Boel Adler<\/p>\n<\/div>\n\n\n\n<div class=\"wp-block-noor-blocks-group nb-group\">\n<p class=\"wp-block-noor-blocks-paragraph nb-paragraph m-0 h5\">Bandleader<\/p>\n\n\n\n<p class=\"wp-block-noor-blocks-paragraph nb-paragraph m-0\">Jonas Olsson<\/p>\n<\/div>\n\n\n\n<div class=\"wp-block-noor-blocks-group nb-group\">\n<p class=\"wp-block-noor-blocks-paragraph nb-paragraph m-0 h5\">Director<\/p>\n\n\n\n<p class=\"wp-block-noor-blocks-paragraph nb-paragraph m-0\">Sara Cronberg<\/p>\n<\/div>\n\n\n\n<div class=\"wp-block-noor-blocks-group nb-group\">\n<p class=\"wp-block-noor-blocks-paragraph nb-paragraph m-0 h5\">New Production at the Norrlands Opera<\/p>\n\n\n\n<p class=\"wp-block-noor-blocks-paragraph nb-paragraph m-0\">Susanna Levonen<\/p>\n<\/div>\n\n\n\n<div class=\"wp-block-noor-blocks-group nb-group\">\n<p class=\"wp-block-noor-blocks-paragraph nb-paragraph m-0 h5\">Set Design and Costume Design<\/p>\n\n\n\n<p class=\"wp-block-noor-blocks-paragraph nb-paragraph m-0\">Franciska Zahle<\/p>\n<\/div>\n\n\n\n<div class=\"wp-block-noor-blocks-group nb-group\">\n<p class=\"wp-block-noor-blocks-paragraph nb-paragraph m-0 h5\">Choreography<\/p>\n\n\n\n<p class=\"wp-block-noor-blocks-paragraph nb-paragraph m-0\">Melker S\u00f6rensen<\/p>\n<\/div>\n\n\n\n<div class=\"wp-block-noor-blocks-group nb-group\">\n<p class=\"wp-block-noor-blocks-paragraph nb-paragraph m-0 h5\">Light<\/p>\n\n\n\n<p class=\"wp-block-noor-blocks-paragraph nb-paragraph m-0\">Jesper Berger<\/p>\n<\/div>\n\n\n\n<div class=\"wp-block-noor-blocks-group nb-group\">\n<p class=\"wp-block-noor-blocks-paragraph nb-paragraph m-0 h5\">Video<\/p>\n\n\n\n<p class=\"wp-block-noor-blocks-paragraph nb-paragraph m-0\">Stefan Bexell Stanisic<\/p>\n<\/div>\n\n\n\n<div class=\"wp-block-noor-blocks-group nb-group\">\n<p class=\"wp-block-noor-blocks-paragraph nb-paragraph m-0 h5\">Musical Arrangements<\/p>\n\n\n\n<p class=\"wp-block-noor-blocks-paragraph nb-paragraph m-0\">Annika Bjelk<\/p>\n<\/div>\n<\/div>\n<\/div>\n<\/div>\n\n\n\n<div class=\"wp-block-noor-blocks-column col nb-column col-12 col-md-6\">\n<div class=\"wp-block-noor-blocks-group nb-group d-flex flex-column d-lg-flex flex-lg-row column-gap-48 row-gap-24\">\n<div class=\"wp-block-noor-blocks-group nb-group d-flex flex-column row-gap-24\">\n<div class=\"wp-block-noor-blocks-group nb-group\">\n<p class=\"wp-block-noor-blocks-paragraph nb-paragraph m-0 h5\">Soloists<\/p>\n\n\n\n<div style=\"height:35px\" aria-hidden=\"true\" class=\"wp-block-spacer\"><\/div>\n\n\n\n<p class=\"wp-block-noor-blocks-paragraph nb-paragraph\"><strong>Rodolphe<\/strong><br\/>Clifford Lewis<\/p>\n\n\n\n<p class=\"wp-block-noor-blocks-paragraph nb-paragraph\"><strong>Mim\u00ec<br\/><\/strong>Elin Eriksson  <\/p>\n\n\n\n<p class=\"wp-block-noor-blocks-paragraph nb-paragraph\"><strong>Marcel<br\/><\/strong>Marcus Bartoletti<\/p>\n\n\n\n<p class=\"wp-block-noor-blocks-paragraph nb-paragraph\"><strong>Musette<\/strong><br\/>, Jenny Viklund<\/p>\n\n\n\n<p class=\"wp-block-noor-blocks-paragraph nb-paragraph\"><strong>Schaunard<\/strong><br\/>, Sebastian Dur\u00e1n<\/p>\n\n\n\n<p class=\"wp-block-noor-blocks-paragraph nb-paragraph\"><strong>Colline<\/strong><br\/>, M\u00e5rten W\u00e5hlstr\u00f6m<\/p>\n\n\n\n<p class=\"wp-block-noor-blocks-paragraph nb-paragraph\"><strong>Alcindoro \/ Beno\u00eet<\/strong><br\/>Anders Lundstr\u00f6m<\/p>\n\n\n\n<div style=\"height:35px\" aria-hidden=\"true\" class=\"wp-block-spacer\"><\/div>\n\n\n\n<p class=\"wp-block-noor-blocks-paragraph nb-paragraph m-0 h5\">Musician<\/p>\n\n\n\n<div style=\"height:20px\" aria-hidden=\"true\" class=\"wp-block-spacer\"><\/div>\n\n\n\n<p class=\"wp-block-noor-blocks-paragraph nb-paragraph\">Jonas Olsson, piano<\/p>\n\n\n\n<p class=\"wp-block-noor-blocks-paragraph nb-paragraph\">Bekhbat Tsagaanchuluun, cello<\/p>\n\n\n\n<p class=\"wp-block-noor-blocks-paragraph nb-paragraph\">Mikhail Zatin, violin<\/p>\n<\/div>\n<\/div>\n<\/div>\n<\/div>\n<\/div>\n<\/div>\n<\/div>\n<\/div>\n<\/section>\n\n<section class=\"wp-block-noor-blocks-section nb-section position-relative  pt-64 pb-96 pt-md-80 pb-md-128 py-lg-176\">\n<div class=\"wp-block-noor-blocks-container nb-container container-fluid\">\n<div class=\"wp-block-noor-blocks-row nb-row row\">\n<div class=\"wp-block-noor-blocks-column col nb-column col-md-10 offset-md-1\">\n<div class=\"wp-block-noor-blocks-row nb-row row\">\n<div class=\"wp-block-noor-blocks-column col nb-column col-12 col-lg-5\">\n<div class=\"wp-block-noor-blocks-group nb-group d-flex flex-column align-items-start justify-content-center h-100\">\n<h2 class=\"wp-block-noor-blocks-heading nb-heading nb-cursor-default nb-heading-h2 content-animation\">Serving<\/h2>\n\n\n\n<p class=\"wp-block-noor-blocks-paragraph nb-paragraph mb-lg-40 pe-lg-80 no-top-line-small\"><strong>New Restaurant Owner<\/strong><br\/>The Norrlandsoperan is finally getting a restaurant on-site! On Friday, August 15, Novas Krog will open in our premises.   <br><br><strong>Serving at the performance<\/strong><br\/>You can already buy coffee and other goodies in the bistro from an hour before the start and during the break. The menu includes wine, beer, soft drinks, snacks, homemade pastries, shrimp sandwiches and much more. <br><br><strong>Pre-order intermission refreshments<\/strong><br\/>You can pre-order your intermission refreshments to avoid queues and secure a reserved table where your order is served. Add intermission products in connection with ticket purchases or on <a href=\"https:\/\/biljett.norrlandsoperan.se\/en\/login\"><strong>My Pages<\/strong><\/a> <br><br>A warm welcome!<br><br> <\/p>\n<\/div>\n<\/div>\n\n\n\n<div class=\"wp-block-noor-blocks-column col nb-column align-self-lg-center col-12 col-lg-6 offset-lg-1\">\n<figure class=\"wp-block-image size-large\"><img loading=\"lazy\" decoding=\"async\" width=\"1024\" height=\"683\" src=\"https:\/\/norrlandsoperan.se\/wp-content\/uploads\/2025\/01\/MG_Mingel_LaTraviata_181006_4621_web-1024x683.jpg\" alt=\"\" class=\"wp-image-10851\" srcset=\"https:\/\/norrlandsoperan.se\/wp-content\/uploads\/2025\/01\/MG_Mingel_LaTraviata_181006_4621_web-1024x683.jpg 1024w, https:\/\/norrlandsoperan.se\/wp-content\/uploads\/2025\/01\/MG_Mingel_LaTraviata_181006_4621_web-300x200.jpg 300w, https:\/\/norrlandsoperan.se\/wp-content\/uploads\/2025\/01\/MG_Mingel_LaTraviata_181006_4621_web-768x512.jpg 768w, https:\/\/norrlandsoperan.se\/wp-content\/uploads\/2025\/01\/MG_Mingel_LaTraviata_181006_4621_web.jpg 1300w\" sizes=\"auto, (max-width: 1024px) 100vw, 1024px\" \/><\/figure>\n<\/div>\n<\/div>\n<\/div>\n<\/div>\n<\/div>\n<\/section>\n\n<section class=\"wp-block-noor-blocks-section nb-section position-relative  py-64 pt-md-64 pb-md-80 px-lg-64 pt-lg-64 pb-lg-96 has-overlay\"><span class=\"nb-background-overlay \"><\/span>\n<div class=\"wp-block-noor-blocks-container nb-container container-fluid\">\n<div class=\"wp-block-noor-blocks-row nb-row row justify-content-center\">\n<div class=\"wp-block-noor-blocks-column col nb-column  col-12 col-lg-10\">\n<h2 class=\"wp-block-noor-blocks-heading nb-heading nb-cursor-default nb-heading-h2 text-center text-lg-start\">You might also like:<\/h2>\n\n\n\n                    <div class='swiper no-events-swiper'>\n                    <div class='swiper-wrapper w-auto h-auto row d-lg-flex gy-lg-48 gx-lg-32'>\n                \n\t\t\t\t                            <div class='swiper-slide col-lg-6 col-xl-4 h-auto'>\n\t\t\t\t                            <a\n\t\t\t\t                                href='https:\/\/norrlandsoperan.se\/en\/programme\/performance-lecture-dilemmas-and-tragedies-in-the-gray-areas-of-healthcare\/'\n\t\t\t\t                                class='position-relative no-event-card-wrapper no-event-card-type-simple'\n\t\t\t\t                                style='--event-color-primary:#F9F5CC;--event-color-secondary:#D81058'\n\t\t\t\t                                data-event-id='22133'\n\t\t\t\t                            >\n\t\t\t\t                                <div class='no-event-card-media-wrapper bg-gray-100'>\n\t\t\t\t                                    <div class='no-event-card-media no-latest-image '>\n\t\t\t\t                                        <img class='img-fluid' alt='' src='https:\/\/norrlandsoperan.se\/wp-content\/uploads\/2026\/06\/Galloping_forskning_1300x900.jpg' >\n\t\t\t\t                                    <\/div>\n\t\t\t\t                                <\/div>\n\t\t\t\t                                <div class='no-event-content-wrapper p-24 p-md-48 mw-100' style='background-color:var(--event-color-primary);'>\n\t\t\t\t                                    <span class='no-event-badge-wrapper'><span class='no-event-badge'><span class='no-event-badge-name mb-0 h5'>Extra in Science<\/span><\/span><\/span>\n\t\t\t\t                                    <div class='no-event-content'>\n\t\t\t\t                                        <div class='no-event-content-top'>\n\t\t\t\t                                            <h3 class='no-event-title mb-lg-24 pe-16 pe-lg-64' style='color:var(--event-color-secondary);'>Performance Lecture: Dilemmas and Tragedies in the Gray Areas of Healthcare<\/h3>\n\t\t\t\t                                            <p class='no-event-excerpt mb-lg-16 pe-lg-32' style='color:var(--event-color-secondary);'>Curiosum and the Norrland Opera || September 10\u201312, 2026<\/p>\n\t\t\t\t                                        <\/div>\n\t\t\t\t                                    <\/div>\n\t\t\t\t                                    <p class='no-event-excerpt mb-0 pe-lg-64 lead-text' style='color:var(--event-color-secondary);'> <\/p>\n\t\t\t\t                                <\/div>\n\t\t\t\t                            <\/a>\n\t\t\t\t                            <\/div>\n\t\t\t\t                        \n\t\t\t\t                            <div class='swiper-slide col-lg-6 col-xl-4 h-auto'>\n\t\t\t\t                            <a\n\t\t\t\t                                href='https:\/\/norrlandsoperan.se\/en\/programme\/the-galloping-cure\/'\n\t\t\t\t                                class='position-relative no-event-card-wrapper no-event-card-type-simple'\n\t\t\t\t                                style='--event-color-primary:#D81058;--event-color-secondary:#F9F5CC'\n\t\t\t\t                                data-event-id='22301'\n\t\t\t\t                            >\n\t\t\t\t                                <div class='no-event-card-media-wrapper bg-gray-100'>\n\t\t\t\t                                    <div class='no-event-card-media no-latest-image '>\n\t\t\t\t                                        <img class='img-fluid' alt='' src='https:\/\/norrlandsoperan.se\/wp-content\/uploads\/2026\/04\/Galopping-cure_Webbbild_1300x900.jpg' >\n\t\t\t\t                                    <\/div>\n\t\t\t\t                                <\/div>\n\t\t\t\t                                <div class='no-event-content-wrapper p-24 p-md-48 mw-100' style='background-color:var(--event-color-primary);'>\n\t\t\t\t                                    <span class='no-event-badge-wrapper'><span class='no-event-badge'><span class='no-event-badge-name mb-0 h5'>Opera<\/span><\/span><\/span>\n\t\t\t\t                                    <div class='no-event-content'>\n\t\t\t\t                                        <div class='no-event-content-top'>\n\t\t\t\t                                            <h3 class='no-event-title mb-lg-24 pe-16 pe-lg-64' style='color:var(--event-color-secondary);'>The Galloping Cure<\/h3>\n\t\t\t\t                                            <p class='no-event-excerpt mb-lg-16 pe-lg-32' style='color:var(--event-color-secondary);'>Norrlandsoperan || 12 \u2013 23 september 2026<\/p>\n\t\t\t\t                                        <\/div>\n\t\t\t\t                                    <\/div>\n\t\t\t\t                                    <p class='no-event-excerpt mb-0 pe-lg-64 lead-text' style='color:var(--event-color-secondary);'> Buy tickets<\/p>\n\t\t\t\t                                <\/div>\n\t\t\t\t                            <\/a>\n\t\t\t\t                            <\/div>\n\t\t\t\t                        \n\t\t\t\t                            <div class='swiper-slide col-lg-6 col-xl-4 h-auto'>\n\t\t\t\t                            <a\n\t\t\t\t                                href='https:\/\/norrlandsoperan.se\/en\/programme\/de-sar-vind-och-skall-skorda-storm-pitea-kammaropera\/'\n\t\t\t\t                                class='position-relative no-event-card-wrapper no-event-card-type-simple'\n\t\t\t\t                                style='--event-color-primary:#1C375B;--event-color-secondary:#ECEADF'\n\t\t\t\t                                data-event-id='22219'\n\t\t\t\t                            >\n\t\t\t\t                                <div class='no-event-card-media-wrapper bg-gray-100'>\n\t\t\t\t                                    <div class='no-event-card-media no-latest-image '>\n\t\t\t\t                                        <img class='img-fluid' alt='' src='https:\/\/norrlandsoperan.se\/wp-content\/uploads\/2026\/05\/Pitea-Kammaropera-De-sar-vind-och-skall-skorda-storm-foto-Markus-Ohrn_liggande.jpg' >\n\t\t\t\t                                    <\/div>\n\t\t\t\t                                <\/div>\n\t\t\t\t                                <div class='no-event-content-wrapper p-24 p-md-48 mw-100' style='background-color:var(--event-color-primary);'>\n\t\t\t\t                                    <span class='no-event-badge-wrapper'><span class='no-event-badge'><span class='no-event-badge-name mb-0 h5'>Opera<\/span><\/span><\/span>\n\t\t\t\t                                    <div class='no-event-content'>\n\t\t\t\t                                        <div class='no-event-content-top'>\n\t\t\t\t                                            <h3 class='no-event-title mb-lg-24 pe-16 pe-lg-64' style='color:var(--event-color-secondary);'>They sow the wind and will reap the whirlwind \u2013 Pite\u00e5 Chamber Opera<\/h3>\n\t\t\t\t                                            <p class='no-event-excerpt mb-lg-16 pe-lg-32' style='color:var(--event-color-secondary);'>Norrlandsoperan || October 6, 2026<\/p>\n\t\t\t\t                                        <\/div>\n\t\t\t\t                                    <\/div>\n\t\t\t\t                                    <p class='no-event-excerpt mb-0 pe-lg-64 lead-text' style='color:var(--event-color-secondary);'> Buy tickets<\/p>\n\t\t\t\t                                <\/div>\n\t\t\t\t                            <\/a>\n\t\t\t\t                            <\/div>\n\t\t\t\t                        \n                    <div class='swiper-button-next invisible'><\/div>\n                    <div class='swiper-button-prev invisible'><\/div>\n                    <\/div>\n                    <\/div>\n                <\/div>\n<\/div>\n<\/div>\n<\/section>\n","protected":false},"excerpt":{"rendered":"<p>Experience a timeless classic, now as a chamber opera. A chance to get up close and personal with the love-starved bohemians as they sing of their dreams in Puccini\u2019s famous medley of hits <\/p>\n","protected":false},"author":9,"featured_media":0,"template":"","meta":{"event_color_primary":"#B12B01","event_color_secondary":"#BCDEF1","event_card_media":{"id":4745,"url":"https:\/\/norrlandsoperan.se\/wp-content\/uploads\/2024\/06\/LaBoheme_1920x1080.jpg"},"event_info":"Norrlandsoperan || May 14\u201327, 2025","event_end_date":"2025-05-27","event_primary_category":"opera","event_status":"sold_out","event_ticket_link":"https:\/\/biljett.norrlandsoperan.se\/sv\/buyingflow\/tickets\/18378\/","event_api_guid":"","event_session_info":"Starts at 7:00 p.m. Duration: 2 hours 10 minutes, including a break. ","program":12425,"event_order_key":"2031-09-06T13:20:08+02:00","event_status_free":"","archived_event":true,"archived_event_info":"{ Type: Static\n }{ Planned Archive Date: 2025-05-28\n }{ Archived At: 2026-09-06 13:25:03 }","event_order_date":"","footnotes":""},"event_category":[55],"class_list":["post-23773","event","type-event","status-publish","hentry","event_category-opera"],"yoast_head":"<!-- This site is optimized with the Yoast SEO plugin v28.4 - https:\/\/yoast.com\/product\/yoast-seo-wordpress\/ -->\n<title>La Boh\u00e8me - Norrlandsoperan<\/title>\n<meta name=\"robots\" content=\"index, follow, max-snippet:-1, max-image-preview:large, max-video-preview:-1\" \/>\n<link rel=\"canonical\" href=\"https:\/\/norrlandsoperan.se\/en\/programme\/la-boheme-2\/\" \/>\n<meta property=\"og:locale\" content=\"en_US\" \/>\n<meta property=\"og:type\" content=\"article\" \/>\n<meta property=\"og:title\" content=\"La Boh\u00e8me - Norrlandsoperan\" \/>\n<meta property=\"og:description\" content=\"Experience a timeless classic, now as a chamber opera. A chance to get up close and personal with the love-starved bohemians as they sing of their dreams in Puccini\u2019s famous medley of hits\" \/>\n<meta property=\"og:url\" content=\"https:\/\/norrlandsoperan.se\/en\/programme\/la-boheme-2\/\" \/>\n<meta property=\"og:site_name\" content=\"Norrlandsoperan\" \/>\n<meta property=\"article:modified_time\" content=\"2026-09-04T13:17:32+00:00\" \/>\n<meta property=\"og:image\" content=\"https:\/\/norrlandsoperan.se\/wp-content\/uploads\/2025\/01\/MG_Mingel_LaTraviata_181006_4621_web.jpg\" \/>\n\t<meta property=\"og:image:width\" content=\"1300\" \/>\n\t<meta property=\"og:image:height\" content=\"867\" \/>\n\t<meta property=\"og:image:type\" content=\"image\/jpeg\" \/>\n<meta name=\"twitter:card\" content=\"summary_large_image\" \/>\n<meta name=\"twitter:label1\" content=\"Est. reading time\" \/>\n\t<meta name=\"twitter:data1\" content=\"2 minutes\" \/>\n<script type=\"application\/ld+json\" class=\"yoast-schema-graph\">{\"@context\":\"https:\\\/\\\/schema.org\",\"@graph\":[{\"@type\":\"WebPage\",\"@id\":\"https:\\\/\\\/norrlandsoperan.se\\\/en\\\/programme\\\/la-boheme-2\\\/\",\"url\":\"https:\\\/\\\/norrlandsoperan.se\\\/en\\\/programme\\\/la-boheme-2\\\/\",\"name\":\"La Boh\u00e8me - Norrlandsoperan\",\"isPartOf\":{\"@id\":\"https:\\\/\\\/norrlandsoperan.se\\\/en\\\/#website\"},\"primaryImageOfPage\":{\"@id\":\"https:\\\/\\\/norrlandsoperan.se\\\/en\\\/programme\\\/la-boheme-2\\\/#primaryimage\"},\"image\":{\"@id\":\"https:\\\/\\\/norrlandsoperan.se\\\/en\\\/programme\\\/la-boheme-2\\\/#primaryimage\"},\"thumbnailUrl\":\"https:\\\/\\\/norrlandsoperan.se\\\/wp-content\\\/uploads\\\/2025\\\/01\\\/MG_Mingel_LaTraviata_181006_4621_web-1024x683.jpg\",\"datePublished\":\"2024-06-04T14:10:50+00:00\",\"dateModified\":\"2026-09-04T13:17:32+00:00\",\"breadcrumb\":{\"@id\":\"https:\\\/\\\/norrlandsoperan.se\\\/en\\\/programme\\\/la-boheme-2\\\/#breadcrumb\"},\"inLanguage\":\"en-US\",\"potentialAction\":[{\"@type\":\"ReadAction\",\"target\":[\"https:\\\/\\\/norrlandsoperan.se\\\/en\\\/programme\\\/la-boheme-2\\\/\"]}]},{\"@type\":\"ImageObject\",\"inLanguage\":\"en-US\",\"@id\":\"https:\\\/\\\/norrlandsoperan.se\\\/en\\\/programme\\\/la-boheme-2\\\/#primaryimage\",\"url\":\"https:\\\/\\\/norrlandsoperan.se\\\/wp-content\\\/uploads\\\/2025\\\/01\\\/MG_Mingel_LaTraviata_181006_4621_web-1024x683.jpg\",\"contentUrl\":\"https:\\\/\\\/norrlandsoperan.se\\\/wp-content\\\/uploads\\\/2025\\\/01\\\/MG_Mingel_LaTraviata_181006_4621_web-1024x683.jpg\"},{\"@type\":\"BreadcrumbList\",\"@id\":\"https:\\\/\\\/norrlandsoperan.se\\\/en\\\/programme\\\/la-boheme-2\\\/#breadcrumb\",\"itemListElement\":[{\"@type\":\"ListItem\",\"position\":1,\"name\":\"Home\",\"item\":\"https:\\\/\\\/norrlandsoperan.se\\\/en\\\/home\\\/\"},{\"@type\":\"ListItem\",\"position\":2,\"name\":\"La Boh\u00e8me\"}]},{\"@type\":\"WebSite\",\"@id\":\"https:\\\/\\\/norrlandsoperan.se\\\/en\\\/#website\",\"url\":\"https:\\\/\\\/norrlandsoperan.se\\\/en\\\/\",\"name\":\"Norrlandsoperan\",\"description\":\"\",\"potentialAction\":[{\"@type\":\"SearchAction\",\"target\":{\"@type\":\"EntryPoint\",\"urlTemplate\":\"https:\\\/\\\/norrlandsoperan.se\\\/en\\\/?s={search_term_string}\"},\"query-input\":{\"@type\":\"PropertyValueSpecification\",\"valueRequired\":true,\"valueName\":\"search_term_string\"}}],\"inLanguage\":\"en-US\"}]}<\/script>\n<!-- \/ Yoast SEO plugin. -->","yoast_head_json":{"title":"La Boh\u00e8me - Norrlandsoperan","robots":{"index":"index","follow":"follow","max-snippet":"max-snippet:-1","max-image-preview":"max-image-preview:large","max-video-preview":"max-video-preview:-1"},"canonical":"https:\/\/norrlandsoperan.se\/en\/programme\/la-boheme-2\/","og_locale":"en_US","og_type":"article","og_title":"La Boh\u00e8me - Norrlandsoperan","og_description":"Experience a timeless classic, now as a chamber opera. A chance to get up close and personal with the love-starved bohemians as they sing of their dreams in Puccini\u2019s famous medley of hits","og_url":"https:\/\/norrlandsoperan.se\/en\/programme\/la-boheme-2\/","og_site_name":"Norrlandsoperan","article_modified_time":"2026-09-04T13:17:32+00:00","og_image":[{"width":1300,"height":867,"url":"https:\/\/norrlandsoperan.se\/wp-content\/uploads\/2025\/01\/MG_Mingel_LaTraviata_181006_4621_web.jpg","type":"image\/jpeg"}],"twitter_card":"summary_large_image","twitter_misc":{"Est. reading time":"2 minutes"},"schema":{"@context":"https:\/\/schema.org","@graph":[{"@type":"WebPage","@id":"https:\/\/norrlandsoperan.se\/en\/programme\/la-boheme-2\/","url":"https:\/\/norrlandsoperan.se\/en\/programme\/la-boheme-2\/","name":"La Boh\u00e8me - Norrlandsoperan","isPartOf":{"@id":"https:\/\/norrlandsoperan.se\/en\/#website"},"primaryImageOfPage":{"@id":"https:\/\/norrlandsoperan.se\/en\/programme\/la-boheme-2\/#primaryimage"},"image":{"@id":"https:\/\/norrlandsoperan.se\/en\/programme\/la-boheme-2\/#primaryimage"},"thumbnailUrl":"https:\/\/norrlandsoperan.se\/wp-content\/uploads\/2025\/01\/MG_Mingel_LaTraviata_181006_4621_web-1024x683.jpg","datePublished":"2024-06-04T14:10:50+00:00","dateModified":"2026-09-04T13:17:32+00:00","breadcrumb":{"@id":"https:\/\/norrlandsoperan.se\/en\/programme\/la-boheme-2\/#breadcrumb"},"inLanguage":"en-US","potentialAction":[{"@type":"ReadAction","target":["https:\/\/norrlandsoperan.se\/en\/programme\/la-boheme-2\/"]}]},{"@type":"ImageObject","inLanguage":"en-US","@id":"https:\/\/norrlandsoperan.se\/en\/programme\/la-boheme-2\/#primaryimage","url":"https:\/\/norrlandsoperan.se\/wp-content\/uploads\/2025\/01\/MG_Mingel_LaTraviata_181006_4621_web-1024x683.jpg","contentUrl":"https:\/\/norrlandsoperan.se\/wp-content\/uploads\/2025\/01\/MG_Mingel_LaTraviata_181006_4621_web-1024x683.jpg"},{"@type":"BreadcrumbList","@id":"https:\/\/norrlandsoperan.se\/en\/programme\/la-boheme-2\/#breadcrumb","itemListElement":[{"@type":"ListItem","position":1,"name":"Home","item":"https:\/\/norrlandsoperan.se\/en\/home\/"},{"@type":"ListItem","position":2,"name":"La Boh\u00e8me"}]},{"@type":"WebSite","@id":"https:\/\/norrlandsoperan.se\/en\/#website","url":"https:\/\/norrlandsoperan.se\/en\/","name":"Norrlandsoperan","description":"","potentialAction":[{"@type":"SearchAction","target":{"@type":"EntryPoint","urlTemplate":"https:\/\/norrlandsoperan.se\/en\/?s={search_term_string}"},"query-input":{"@type":"PropertyValueSpecification","valueRequired":true,"valueName":"search_term_string"}}],"inLanguage":"en-US"}]}},"_links":{"self":[{"href":"https:\/\/norrlandsoperan.se\/en\/wp-json\/wp\/v2\/event\/23773","targetHints":{"allow":["GET"]}}],"collection":[{"href":"https:\/\/norrlandsoperan.se\/en\/wp-json\/wp\/v2\/event"}],"about":[{"href":"https:\/\/norrlandsoperan.se\/en\/wp-json\/wp\/v2\/types\/event"}],"author":[{"embeddable":true,"href":"https:\/\/norrlandsoperan.se\/en\/wp-json\/wp\/v2\/users\/9"}],"version-history":[{"count":2,"href":"https:\/\/norrlandsoperan.se\/en\/wp-json\/wp\/v2\/event\/23773\/revisions"}],"predecessor-version":[{"id":23795,"href":"https:\/\/norrlandsoperan.se\/en\/wp-json\/wp\/v2\/event\/23773\/revisions\/23795"}],"wp:attachment":[{"href":"https:\/\/norrlandsoperan.se\/en\/wp-json\/wp\/v2\/media?parent=23773"}],"wp:term":[{"taxonomy":"event_category","embeddable":true,"href":"https:\/\/norrlandsoperan.se\/en\/wp-json\/wp\/v2\/event_category?post=23773"}],"curies":[{"name":"wp","href":"https:\/\/api.w.org\/{rel}","templated":true}]}}