{"id":23992,"date":"2025-09-17T14:12:45","date_gmt":"2025-09-17T12:12:45","guid":{"rendered":"https:\/\/norrlandsoperan.se\/forestallningar\/katarina-barruk-and-hilda-lansman-meet-the-norrlandsoperan-symphony-orchestra-on-tour-in-finland\/"},"modified":"2026-09-04T15:54:02","modified_gmt":"2026-09-04T13:54:02","slug":"katarina-barruk-and-hilda-lansman-meet-the-norrlandsoperan-symphony-orchestra-on-tour-in-finland","status":"publish","type":"event","link":"https:\/\/norrlandsoperan.se\/en\/programme\/katarina-barruk-and-hilda-lansman-meet-the-norrlandsoperan-symphony-orchestra-on-tour-in-finland\/","title":{"rendered":"Katarina Barruk and Hild\u00e1 L\u00e4nsman meet the Norrlandsoperan Symphony Orchestra on tour in Finland"},"content":{"rendered":"\n<section class=\"wp-block-noor-blocks-section nb-section position-relative  py-48 py-lg-64\">\n<div class=\"wp-block-noor-blocks-container nb-container container-fluid\">\n<div class=\"wp-block-noor-blocks-row nb-row row\">\n<div class=\"wp-block-noor-blocks-column col nb-column col-12 col-lg-7 col-xl-6 offset-xl-1\">\n<div class=\"wp-block-noor-blocks-group nb-group  px-sm-8 pe-lg-80 ps-lg-48\">\n<h1 class=\"wp-block-noor-blocks-heading nb-heading nb-cursor-default nb-heading-h1 my-24 my-md-32 my-lg-48 no-bottom-line content-animation\">S\u00e1mi musical tradition in dialogue with strings, horns and percussion<\/h1>\n\n\n\n<p class=\"wp-block-noor-blocks-paragraph nb-paragraph\">Singer, yoiker and artist Katarina Barruk, who grew up in Lusspie (Storuman) and Gajhrege (Gardfj\u00e4ll), is one of the few young Sami who speaks Ume Sami fluently. With her uncompromising artistry and her catchy songs, she has become an important representative of her mother tongue. The wordless song comes first, she has said, followed by the text. This will be her third collaboration with the Norrlandsoperan Symphony Orchestra \u2013 but this time she is not doing it herself.   <\/p>\n\n\n\n<p class=\"wp-block-noor-blocks-paragraph nb-paragraph\">Hild\u00e1 L\u00e4nsman is an artist, joiker, songwriter and duoj\u00e1r from Utsjoki (Ohcejohka) and with this concert she makes her debut with the Norrlandsoperan Symphony Orchestra. Growing up in northern Finland, everyday life was characterized by reindeer herding, Sami handicrafts and music. She has been the frontman of several prominent Sami music groups, such as Solju, VILD\u00c1, and G\u00e1janas. Recently, she released her first album in her own name, an electronic music collaboration with the Finnish artist and producer Tuomas Norvio.   <\/p>\n\n\n\n<h4 class=\"wp-block-noor-blocks-heading nb-heading nb-cursor-default nb-heading-h4 my-24 my-md-32 my-lg-48 no-bottom-line content-animation\">Bjarni Fr\u00edmann conducts<\/h4>\n\n\n\n<p class=\"wp-block-noor-blocks-paragraph nb-paragraph\">The concert and the Norrlandsoperan Symphony Orchestra are led by the Icelandic conductor, composer and musician Bjarni Fr\u00edmann, who has already made a significant impression on the music world in his career. In 2018, Bjarni Fr\u00edmann was appointed Music Director and Conductor of the Icelandic National Opera, where he led productions of <em>Tosca<\/em>, <em>La Traviata<\/em>, The <em>Marriage of Figaro<\/em> and <em>H\u00e4nsel und Gretel<\/em>, as well as world premieres of works by Anna Thorvaldsd\u00f3ttir and Dan\u00edel Bjarnason. In the same year, he also took over as conductor-in-residence of the Iceland Symphony Orchestra and has since guest-conducted orchestras such as the Hall\u00e9 Orchestra, the Rundfunk-Sinfonieorchester Berlin and the Orchestra Teatro Col\u00f3n in Buenos Aires.  <\/p>\n\n\n\n<picture class=\"wp-block-noor-blocks-image nb-mask nb-image\" style=\"width:300px;height:90px\"><img src=\"https:\/\/norrlandsoperan.se\/wp-content\/uploads\/2024\/08\/AURORA-CMYK-Color-300x90.png\" alt=\"\" loading=\"eager\" decoding=\"async\" srcset=\"https:\/\/norrlandsoperan.se\/wp-content\/uploads\/2024\/08\/AURORA-CMYK-Color.png 1903w, https:\/\/norrlandsoperan.se\/wp-content\/uploads\/2024\/08\/AURORA-CMYK-Color-1024x308.png 1024w, https:\/\/norrlandsoperan.se\/wp-content\/uploads\/2024\/08\/AURORA-CMYK-Color-150x150.png 150w, https:\/\/norrlandsoperan.se\/wp-content\/uploads\/2024\/08\/AURORA-CMYK-Color-300x90.png 300w\" sizes=\"(max-width: 300px) 100vw, 300px\" class=\" object-fit-contain object-position-center\"><\/picture>\n\n\n\n<div style=\"height:15px\" aria-hidden=\"true\" class=\"wp-block-spacer\"><\/div>\n<\/div>\n<\/div>\n\n\n\n<div class=\"wp-block-noor-blocks-column col nb-column col-12 col-lg-5 col-xl-4\">\n<div class=\"wp-block-noor-blocks-group nb-group  p-32 px-lg-48 py-lg-32 bg-beige-2 no-event-sidebar\">\n<h2 class=\"wp-block-noor-blocks-heading nb-heading nb-cursor-default nb-heading-h2 mb-24 mb-lg-40 text-center\">Information<\/h2>\n\n\n\n<div class=\"wp-block-noor-blocks-group nb-group d-flex flex-column row-gap-24\">\n<div class=\"wp-block-noor-blocks-group nb-group  p-32 bg-white\">\n<h4 class=\"wp-block-noor-blocks-heading nb-heading nb-cursor-default nb-heading-h4 text-dark-blue\">The Norrland Opera on Tour<\/h4>\n\n\n\n<p class=\"wp-block-noor-blocks-paragraph nb-paragraph m-0 text-dark-blue\">The tour visits Helsinki, Kotka and Turku.<\/p>\n<\/div>\n\n\n\n<div class=\"wp-block-noor-blocks-group nb-group d-flex flex-row align-items-center column-gap-24  p-32 bg-white no-event-social-card\">\n<h5 class=\"wp-block-noor-blocks-heading nb-heading nb-cursor-default nb-heading-h5 m-0\">Share:<\/h5>\n\n\n\n<a class=\"wp-block-noor-blocks-link nb-link d-flex  share-social\" href=\"#\" target=\"_blank\" rel=\"noopener\" aria-label=\"facebook-link\">\n<span class=\"nb-icon\"><span class=\"icon-facebook\" style=\"font-size:24px\"><\/span><\/span>\n<\/a>\n\n\n\n<a class=\"wp-block-noor-blocks-link nb-link d-flex mail-social\" href=\"#\" rel=\"noopener\" aria-label=\"instagram-link\">\n<span class=\"nb-icon\"><span class=\"icon-envelope\" style=\"font-size:24px\"><\/span><\/span>\n<\/a>\n\n\n\n<a class=\"wp-block-noor-blocks-link nb-link d-flex copy-link-btn position-relative\" href=\"#\" rel=\"noopener\" aria-label=\"website\">\n<span class=\"nb-icon\"><span class=\"icon-link\" style=\"font-size:24px\"><\/span><\/span>\n<\/a>\n<\/div>\n<\/div>\n<\/div>\n<\/div>\n<\/div>\n<\/div>\n<\/section>\n\n<section class=\"wp-block-noor-blocks-section nb-section position-relative  py-128\">\n<div class=\"wp-block-noor-blocks-container nb-container container-fluid\">\n<div class=\"wp-block-noor-blocks-row nb-row row\">\n<div class=\"wp-block-noor-blocks-column col nb-column col-12 col-xl-8 offset-xl-2\">\n<div class=\"wp-block-noor-blocks-group nb-group d-flex flex-column gap-16 gap-md-24 gap-lg-16  w-100\"><div id=\"session-card\" class=\"wp-block-noor-blocks-group nb-group d-flex flex-column gap-16 gap-md-24 gap-lg-16  w-100\"><div class=\"no-loading\" style=\"display:none;\"><div class=\"spinner-grow\" role=\"status\"><span class=\"visually-hidden\">Loading&#8230;<\/span><\/div><\/div><\/div><\/div>\n<\/div>\n<\/div>\n<\/div>\n<\/section>\n\n<section class=\"wp-block-noor-blocks-section nb-section position-relative  py-64 pt-md-64 pb-md-80 pt-lg-64 pb-lg-96 bg-beige-1\">\n<div class=\"wp-block-noor-blocks-container nb-container container-fluid\">\n<div class=\"wp-block-noor-blocks-row nb-row row justify-content-center\">\n<div class=\"wp-block-noor-blocks-column col nb-column  col-12 col-lg-10\">\n<h2 class=\"wp-block-noor-blocks-heading nb-heading nb-cursor-default nb-heading-h2 mb-32 mb-lg-64 no-bottom-line\">Cast and Program<\/h2>\n\n\n\n<div class=\"wp-block-noor-blocks-row nb-row row  gy-64\">\n<div class=\"wp-block-noor-blocks-column col nb-column col-12 col-md-4\">\n<h6 class=\"wp-block-noor-blocks-heading nb-heading nb-cursor-default nb-heading-h6 mb-24 text-gray\">Cast<\/h6>\n\n\n\n<div class=\"wp-block-noor-blocks-group nb-group d-flex flex-column d-lg-flex flex-lg-row column-gap-48 row-gap-24\">\n<div class=\"wp-block-noor-blocks-group nb-group d-flex flex-column row-gap-24\">\n<div class=\"wp-block-noor-blocks-group nb-group\">\n<p class=\"wp-block-noor-blocks-paragraph nb-paragraph m-0 h5\">Conductor<\/p>\n\n\n\n<p class=\"wp-block-noor-blocks-paragraph nb-paragraph m-0\">Bjarni Fr\u00edmann<\/p>\n<\/div>\n\n\n\n<div class=\"wp-block-noor-blocks-group nb-group\">\n<p class=\"wp-block-noor-blocks-paragraph nb-paragraph m-0 h5\">Soloists<\/p>\n\n\n\n<p class=\"wp-block-noor-blocks-paragraph nb-paragraph m-0\">Katarina Barruk<\/p>\n\n\n\n<p class=\"wp-block-noor-blocks-paragraph nb-paragraph m-0\">Hild\u00e1 L\u00e4nsman<\/p>\n\n\n\n<div style=\"height:16px\" aria-hidden=\"true\" class=\"wp-block-spacer\"><\/div>\n\n\n\n<p class=\"wp-block-noor-blocks-paragraph nb-paragraph m-0 h5\">Ribbon<\/p>\n\n\n\n<p class=\"wp-block-paragraph\">Guitar, Arnljot Nordvik<br\/>Bass &amp; Dulcimer, Christo Stangness<br\/>Drums, Martin Lien<\/p>\n<\/div>\n\n\n\n<div class=\"wp-block-noor-blocks-group nb-group\">\n<p class=\"wp-block-noor-blocks-paragraph nb-paragraph m-0 h5\">Musician<\/p>\n\n\n\n<p class=\"wp-block-noor-blocks-paragraph nb-paragraph m-0\">The Norrlands Opera Symphony Orchestra<\/p>\n<\/div>\n<\/div>\n<\/div>\n<\/div>\n\n\n\n<div class=\"wp-block-noor-blocks-column col nb-column col-12 col-md-4\">\n<h6 class=\"wp-block-noor-blocks-heading nb-heading nb-cursor-default nb-heading-h6 mb-24 text-gray\">Program<\/h6>\n\n\n\n<div class=\"wp-block-noor-blocks-group nb-group d-flex flex-column d-lg-flex flex-lg-row column-gap-48 row-gap-24\">\n<div class=\"wp-block-noor-blocks-group nb-group d-flex flex-column row-gap-24\">\n<div class=\"wp-block-noor-blocks-group nb-group\">\n<p class=\"wp-block-noor-blocks-paragraph nb-paragraph m-0 h5\">And Birds Are Still&#8230;<\/p>\n\n\n\n<p class=\"wp-block-paragraph\"><em>Takashi Yoshimatsu<\/em><br\/>8 min<\/p>\n\n\n\n<div style=\"height:18px\" aria-hidden=\"true\" class=\"wp-block-spacer\"><\/div>\n\n\n\n<p class=\"wp-block-noor-blocks-paragraph nb-paragraph m-0 h5\">Dollagaccat<\/p>\n\n\n\n<p class=\"wp-block-paragraph\"><em><em>Hild\u00e1 L\u00e4nsman (<em>orchestral arrangement<\/em><\/em><\/em> <em><em><em>Christopher Kandelin<\/em>)<\/em><\/em><br\/>5 min<\/p>\n\n\n\n<div style=\"height:17px\" aria-hidden=\"true\" class=\"wp-block-spacer\"><\/div>\n\n\n\n<p class=\"wp-block-noor-blocks-paragraph nb-paragraph m-0 h5\">D\u00e1llie<\/p>\n\n\n\n<p class=\"wp-block-paragraph\"><em>Katarina Barruk<\/em> <em>&amp; Arnljot Nordvik (<em>orchestral arrangement<\/em> Marzi Nyman)<\/em><br\/>3 min<\/p>\n\n\n\n<div style=\"height:19px\" aria-hidden=\"true\" class=\"wp-block-spacer\"><\/div>\n\n\n\n<p class=\"wp-block-noor-blocks-paragraph nb-paragraph m-0 h5\">Nuages from Nocturnes<\/p>\n\n\n\n<p class=\"wp-block-paragraph\"><em>Claude Debussy<\/em><br\/>8 min<\/p>\n\n\n\n<div style=\"height:19px\" aria-hidden=\"true\" class=\"wp-block-spacer\"><\/div>\n\n\n\n<p class=\"wp-block-noor-blocks-paragraph nb-paragraph m-0 h5\">S\u00e5dna Jahtt\u00e1 pt. 4 M\u00e1ddar\u00e1hkk\u00e1 <\/p>\n\n\n\n<p class=\"wp-block-paragraph\"><em>Katarina Barruk (original arr. Arnljot Nordvik, <em>orchestral arrangement<\/em> Bjarni Fr\u00edmann) <\/em><br\/>7 min<\/p>\n\n\n\n<div style=\"height:18px\" aria-hidden=\"true\" class=\"wp-block-spacer\"><\/div>\n\n\n\n<p class=\"wp-block-noor-blocks-paragraph nb-paragraph m-0 h5\">\u010cuojahat mu<\/p>\n\n\n\n<p class=\"wp-block-paragraph\"><em>Hild\u00e1 L\u00e4nsman (<em>orchestral arrangement<\/em> <em>Christopher Kandelin<\/em>)<\/em><br\/>5 min<\/p>\n\n\n\n<div style=\"height:16px\" aria-hidden=\"true\" class=\"wp-block-spacer\"><\/div>\n\n\n\n<p class=\"wp-block-noor-blocks-paragraph nb-paragraph m-0 h5\"><em>F\u00eates from Nocturnes<\/em><\/p>\n\n\n\n<p class=\"wp-block-paragraph\">Claude Debussy<br\/>6 min<\/p>\n\n\n\n<div style=\"height:20px\" aria-hidden=\"true\" class=\"wp-block-spacer\"><\/div>\n<\/div>\n\n\n\n<div class=\"wp-block-noor-blocks-group nb-group\">\n<p class=\"wp-block-noor-blocks-paragraph nb-paragraph m-0 h5\">30-minute break<\/p>\n\n\n\n<div style=\"height:20px\" aria-hidden=\"true\" class=\"wp-block-spacer\"><\/div>\n<\/div>\n\n\n\n<div class=\"wp-block-noor-blocks-group nb-group\">\n<p class=\"wp-block-noor-blocks-paragraph nb-paragraph m-0 h5\">Duodjemagiija<\/p>\n\n\n\n<p class=\"wp-block-paragraph\"><em>Hild\u00e1 L\u00e4nsman (<em>orchestral arrangement<\/em> <em>Christopher Kandelin<\/em>)<\/em><br\/>3 min<\/p>\n\n\n\n<div style=\"height:17px\" aria-hidden=\"true\" class=\"wp-block-spacer\"><\/div>\n\n\n\n<p class=\"wp-block-noor-blocks-paragraph nb-paragraph m-0 h5\">Cantus Arcticus<em>,<\/em> The Book<\/p>\n\n\n\n<p class=\"wp-block-paragraph\"><em>Einojuhani Rautavaara<\/em><br\/>6 min<\/p>\n\n\n\n<div style=\"height:18px\" aria-hidden=\"true\" class=\"wp-block-spacer\"><\/div>\n\n\n\n<p class=\"wp-block-noor-blocks-paragraph nb-paragraph m-0 h5\">D\u00e1rbasjub Duv<\/p>\n\n\n\n<p class=\"wp-block-paragraph\"><em>Katarina Barruk, Arnljot Nordvik, Helle Larsen, Patrick Jaklin (<em>orchestral arrangement<\/em> Isak Lundberg) <\/em><br\/>3 min<\/p>\n\n\n\n<div style=\"height:21px\" aria-hidden=\"true\" class=\"wp-block-spacer\"><\/div>\n\n\n\n<p class=\"wp-block-noor-blocks-paragraph nb-paragraph m-0 h5\">Muittut<\/p>\n\n\n\n<p class=\"wp-block-paragraph\"><em>Hild\u00e1 L\u00e4nsman (<em>orchestral arrangement<\/em><\/em> <em><em>Isak Lundberg<\/em>) <\/em><br\/>6 min<\/p>\n\n\n\n<div style=\"height:18px\" aria-hidden=\"true\" class=\"wp-block-spacer\"><\/div>\n\n\n\n<p class=\"wp-block-noor-blocks-paragraph nb-paragraph m-0 h5\">Berceuse from The Firebird<\/p>\n\n\n\n<p class=\"wp-block-paragraph\"><em>Igor Stravinsky <\/em><br\/>4 min<\/p>\n\n\n\n<div style=\"height:18px\" aria-hidden=\"true\" class=\"wp-block-spacer\"><\/div>\n\n\n\n<p class=\"wp-block-noor-blocks-paragraph nb-paragraph m-0 h5\">S\u00e5dna Jahtt\u00e1 pt. 2 Maadter-aahka <\/p>\n\n\n\n<p class=\"wp-block-paragraph\"><em>Katarina Barruk (<em>orchestral arrangement<\/em><\/em> <em>Marzi Nyman)<\/em><br\/>4 min<\/p>\n\n\n\n<div style=\"height:18px\" aria-hidden=\"true\" class=\"wp-block-spacer\"><\/div>\n\n\n\n<p class=\"wp-block-noor-blocks-paragraph nb-paragraph m-0 h5\">Symphony No. 5, movement 3<\/p>\n\n\n\n<p class=\"wp-block-paragraph\"><em>Jean Sibelius<\/em><br\/>11 min<\/p>\n<\/div>\n<\/div>\n<\/div>\n<\/div>\n<\/div>\n<\/div>\n<\/div>\n<\/div>\n<\/section>\n\n<div style=\"height:52px\" aria-hidden=\"true\" class=\"wp-block-spacer\"><\/div>\n\n<section class=\"wp-block-noor-blocks-section nb-section position-relative\">\n<div class=\"wp-block-noor-blocks-container nb-container container-fluid p-0\"><\/div>\n<\/section>\n\n<section class=\"wp-block-noor-blocks-section nb-section position-relative  py-64 pt-md-64 pb-md-80 px-lg-64 pt-lg-64 pb-lg-96 has-overlay\"><span class=\"nb-background-overlay \"><\/span>\n<div class=\"wp-block-noor-blocks-container nb-container container-fluid\">\n<div class=\"wp-block-noor-blocks-row nb-row row justify-content-center\">\n<div class=\"wp-block-noor-blocks-column col nb-column  col-12 col-lg-10\">\n<h2 class=\"wp-block-noor-blocks-heading nb-heading nb-cursor-default nb-heading-h2 text-center text-lg-start\">You might also like:<\/h2>\n\n\n\n                    <div class='swiper no-events-swiper'>\n                    <div class='swiper-wrapper w-auto h-auto row d-lg-flex gy-lg-48 gx-lg-32'>\n                \n\t\t\t\t                            <div class='swiper-slide col-lg-6 col-xl-4 h-auto'>\n\t\t\t\t                            <a\n\t\t\t\t                                href='https:\/\/norrlandsoperan.se\/en\/programme\/wolfman-jack-on-tour\/'\n\t\t\t\t                                class='position-relative no-event-card-wrapper no-event-card-type-simple'\n\t\t\t\t                                style='--event-color-primary:#ECEADF;--event-color-secondary:#B12B01'\n\t\t\t\t                                data-event-id='22281'\n\t\t\t\t                            >\n\t\t\t\t                                <div class='no-event-card-media-wrapper bg-gray-100'>\n\t\t\t\t                                    <div class='no-event-card-media no-latest-image '>\n\t\t\t\t                                        <img class='img-fluid' alt='' src='https:\/\/norrlandsoperan.se\/wp-content\/uploads\/2026\/04\/wj190.jpg' >\n\t\t\t\t                                    <\/div>\n\t\t\t\t                                <\/div>\n\t\t\t\t                                <div class='no-event-content-wrapper p-24 p-md-48 mw-100' style='background-color:var(--event-color-primary);'>\n\t\t\t\t                                    <span class='no-event-badge-wrapper'><span class='no-event-badge'><span class='no-event-badge-name mb-0 h5'>On Tour<\/span><\/span><\/span>\n\t\t\t\t                                    <div class='no-event-content'>\n\t\t\t\t                                        <div class='no-event-content-top'>\n\t\t\t\t                                            <h3 class='no-event-title mb-lg-24 pe-16 pe-lg-64' style='color:var(--event-color-secondary);'>Wolfman Jack on tour<\/h3>\n\t\t\t\t                                            <p class='no-event-excerpt mb-lg-16 pe-lg-32' style='color:var(--event-color-secondary);'>Tour || 15 \u2013 19 September 2026<\/p>\n\t\t\t\t                                        <\/div>\n\t\t\t\t                                    <\/div>\n\t\t\t\t                                    <p class='no-event-excerpt mb-0 pe-lg-64 lead-text' style='color:var(--event-color-secondary);'> <\/p>\n\t\t\t\t                                <\/div>\n\t\t\t\t                            <\/a>\n\t\t\t\t                            <\/div>\n\t\t\t\t                        \n\t\t\t\t                            <div class='swiper-slide col-lg-6 col-xl-4 h-auto'>\n\t\t\t\t                            <a\n\t\t\t\t                                href='https:\/\/norrlandsoperan.se\/en\/programme\/hostkonsert-med-flojtisten-ebba-wallen-och-umea-musiksallskap\/'\n\t\t\t\t                                class='position-relative no-event-card-wrapper no-event-card-type-simple'\n\t\t\t\t                                style='--event-color-primary:#BCDEF1;--event-color-secondary:#B12B01'\n\t\t\t\t                                data-event-id='22097'\n\t\t\t\t                            >\n\t\t\t\t                                <div class='no-event-card-media-wrapper bg-gray-100'>\n\t\t\t\t                                    <div class='no-event-card-media no-latest-image '>\n\t\t\t\t                                        <img class='img-fluid' alt='' src='https:\/\/norrlandsoperan.se\/wp-content\/uploads\/2026\/05\/Unknown_web-4.jpg' >\n\t\t\t\t                                    <\/div>\n\t\t\t\t                                <\/div>\n\t\t\t\t                                <div class='no-event-content-wrapper p-24 p-md-48 mw-100' style='background-color:var(--event-color-primary);'>\n\t\t\t\t                                    <span class='no-event-badge-wrapper'><span class='no-event-badge'><span class='no-event-badge-name mb-0 h5'>Concert<\/span><\/span><\/span>\n\t\t\t\t                                    <div class='no-event-content'>\n\t\t\t\t                                        <div class='no-event-content-top'>\n\t\t\t\t                                            <h3 class='no-event-title mb-lg-24 pe-16 pe-lg-64' style='color:var(--event-color-secondary);'>Fall Concert with Flutist Ebba Wall\u00e9n and the Ume\u00e5 Music Society<\/h3>\n\t\t\t\t                                            <p class='no-event-excerpt mb-lg-16 pe-lg-32' style='color:var(--event-color-secondary);'>Norrlandsoperan || October 4, 2026<\/p>\n\t\t\t\t                                        <\/div>\n\t\t\t\t                                    <\/div>\n\t\t\t\t                                    <p class='no-event-excerpt mb-0 pe-lg-64 lead-text' style='color:var(--event-color-secondary);'> Buy tickets<\/p>\n\t\t\t\t                                <\/div>\n\t\t\t\t                            <\/a>\n\t\t\t\t                            <\/div>\n\t\t\t\t                        \n\t\t\t\t                            <div class='swiper-slide col-lg-6 col-xl-4 h-auto'>\n\t\t\t\t                            <a\n\t\t\t\t                                href='https:\/\/norrlandsoperan.se\/en\/programme\/bystrom-och-tjajkovskij\/'\n\t\t\t\t                                class='position-relative no-event-card-wrapper no-event-card-type-simple'\n\t\t\t\t                                style='--event-color-primary:#ECEADF;--event-color-secondary:#600CDE'\n\t\t\t\t                                data-event-id='22358'\n\t\t\t\t                            >\n\t\t\t\t                                <div class='no-event-card-media-wrapper bg-gray-100'>\n\t\t\t\t                                    <div class='no-event-card-media no-latest-image '>\n\t\t\t\t                                        <img class='img-fluid' alt='' src='https:\/\/norrlandsoperan.se\/wp-content\/uploads\/2026\/08\/lauramichelin_NS-1112.jpg' >\n\t\t\t\t                                    <\/div>\n\t\t\t\t                                <\/div>\n\t\t\t\t                                <div class='no-event-content-wrapper p-24 p-md-48 mw-100' style='background-color:var(--event-color-primary);'>\n\t\t\t\t                                    <span class='no-event-badge-wrapper'><span class='no-event-badge'><span class='no-event-badge-name mb-0 h5'>Concert<\/span><\/span><\/span>\n\t\t\t\t                                    <div class='no-event-content'>\n\t\t\t\t                                        <div class='no-event-content-top'>\n\t\t\t\t                                            <h3 class='no-event-title mb-lg-24 pe-16 pe-lg-64' style='color:var(--event-color-secondary);'>Bystr\u00f6m and Tchaikovsky<\/h3>\n\t\t\t\t                                            <p class='no-event-excerpt mb-lg-16 pe-lg-32' style='color:var(--event-color-secondary);'>Norrlandsoperan || October 8, 2026<\/p>\n\t\t\t\t                                        <\/div>\n\t\t\t\t                                    <\/div>\n\t\t\t\t                                    <p class='no-event-excerpt mb-0 pe-lg-64 lead-text' style='color:var(--event-color-secondary);'> Buy tickets<\/p>\n\t\t\t\t                                <\/div>\n\t\t\t\t                            <\/a>\n\t\t\t\t                            <\/div>\n\t\t\t\t                        \n                    <div class='swiper-button-next invisible'><\/div>\n                    <div class='swiper-button-prev invisible'><\/div>\n                    <\/div>\n                    <\/div>\n                <\/div>\n<\/div>\n<\/div>\n<\/section>\n","protected":false},"excerpt":{"rendered":"<p>Welcome to a unique concert tour of music rooted in nature that transcends the power of language. Experience the meeting between a symphony orchestra&#8217;s magnificent soundscape and traditional Sami song traditions when the Norrlandsoperan Symphony Orchestra joins vocalists Katarina Barruk and Hild\u00e1 L\u00e4nsman. Icelandic conductor Bjarni Fr\u00edmann weaves together a magical evening of music that moves between different genres and moods.  <\/p>\n","protected":false},"author":9,"featured_media":16900,"template":"","meta":{"event_color_primary":"#BCDEF1","event_color_secondary":"#006150","event_card_media":{"id":16902,"url":"https:\/\/norrlandsoperan.se\/wp-content\/uploads\/2025\/12\/Unknown-1-1.jpg"},"event_info":"Tour || 18 \u2013 21 February 2026","event_end_date":"2026-02-21","event_primary_category":"pa-turne","event_status":"no_status","event_ticket_link":"","event_api_guid":"","event_session_info":"","program":17542,"event_order_key":"2031-09-05T05:20:04+02:00","event_status_free":"","archived_event":true,"archived_event_info":"{ Type: Static\n }{ Planned Archive Date: 2026-02-22\n }{ Archived At: 2026-09-05 05:25:02 }","event_order_date":"","footnotes":""},"event_category":[49,58],"class_list":["post-23992","event","type-event","status-publish","has-post-thumbnail","hentry","event_category-concert","event_category-on-tour"],"yoast_head":"<!-- This site is optimized with the Yoast SEO plugin v28.4 - https:\/\/yoast.com\/product\/yoast-seo-wordpress\/ -->\n<title>Katarina Barruk and Hild\u00e1 L\u00e4nsman meet the Norrlandsoperan Symphony Orchestra on tour in Finland - Norrlandsoperan<\/title>\n<meta name=\"description\" content=\"Welcome to a unique concert tour of music rooted in nature that transcends the power of language. Experience the meeting between a symphony orchestra&#039;s magnificent soundscape and traditional Sami song traditions when the Norrlandsoperan Symphony Orchestra joins vocalists Katarina Barruk and Hild\u00e1 L\u00e4nsman. Icelandic conductor Bjarni Fr\u00edmann weaves together a magical evening of music that moves between different genres and moods. Norrlandsoperan || 12 February 2026.\" \/>\n<meta name=\"robots\" content=\"index, follow, max-snippet:-1, max-image-preview:large, max-video-preview:-1\" \/>\n<link rel=\"canonical\" href=\"https:\/\/norrlandsoperan.se\/en\/programme\/katarina-barruk-and-hilda-lansman-meet-the-norrlandsoperan-symphony-orchestra-on-tour-in-finland\/\" \/>\n<meta property=\"og:locale\" content=\"en_US\" \/>\n<meta property=\"og:type\" content=\"article\" \/>\n<meta property=\"og:title\" content=\"Katarina Barruk and Hild\u00e1 L\u00e4nsman meet the Norrlandsoperan Symphony Orchestra on tour in Finland - Norrlandsoperan\" \/>\n<meta property=\"og:description\" content=\"Welcome to a unique concert tour of music rooted in nature that transcends the power of language. Experience the meeting between a symphony orchestra&#039;s magnificent soundscape and traditional Sami song traditions when the Norrlandsoperan Symphony Orchestra joins vocalists Katarina Barruk and Hild\u00e1 L\u00e4nsman. Icelandic conductor Bjarni Fr\u00edmann weaves together a magical evening of music that moves between different genres and moods. Norrlandsoperan || 12 February 2026.\" \/>\n<meta property=\"og:url\" content=\"https:\/\/norrlandsoperan.se\/en\/programme\/katarina-barruk-and-hilda-lansman-meet-the-norrlandsoperan-symphony-orchestra-on-tour-in-finland\/\" \/>\n<meta property=\"og:site_name\" content=\"Norrlandsoperan\" \/>\n<meta property=\"article:modified_time\" content=\"2026-09-04T13:54:02+00:00\" \/>\n<meta property=\"og:image\" content=\"https:\/\/norrlandsoperan.se\/wp-content\/uploads\/2025\/12\/Unknown-1.jpg\" \/>\n\t<meta property=\"og:image:width\" content=\"1300\" \/>\n\t<meta property=\"og:image:height\" content=\"867\" \/>\n\t<meta property=\"og:image:type\" content=\"image\/jpeg\" \/>\n<meta name=\"twitter:card\" content=\"summary_large_image\" \/>\n<meta name=\"twitter:label1\" content=\"Est. reading time\" \/>\n\t<meta name=\"twitter:data1\" content=\"2 minutes\" \/>\n<script type=\"application\/ld+json\" class=\"yoast-schema-graph\">{\"@context\":\"https:\\\/\\\/schema.org\",\"@graph\":[{\"@type\":\"WebPage\",\"@id\":\"https:\\\/\\\/norrlandsoperan.se\\\/en\\\/programme\\\/katarina-barruk-and-hilda-lansman-meet-the-norrlandsoperan-symphony-orchestra-on-tour-in-finland\\\/\",\"url\":\"https:\\\/\\\/norrlandsoperan.se\\\/en\\\/programme\\\/katarina-barruk-and-hilda-lansman-meet-the-norrlandsoperan-symphony-orchestra-on-tour-in-finland\\\/\",\"name\":\"Katarina Barruk and Hild\u00e1 L\u00e4nsman meet the Norrlandsoperan Symphony Orchestra on tour in Finland - Norrlandsoperan\",\"isPartOf\":{\"@id\":\"https:\\\/\\\/norrlandsoperan.se\\\/en\\\/#website\"},\"primaryImageOfPage\":{\"@id\":\"https:\\\/\\\/norrlandsoperan.se\\\/en\\\/programme\\\/katarina-barruk-and-hilda-lansman-meet-the-norrlandsoperan-symphony-orchestra-on-tour-in-finland\\\/#primaryimage\"},\"image\":{\"@id\":\"https:\\\/\\\/norrlandsoperan.se\\\/en\\\/programme\\\/katarina-barruk-and-hilda-lansman-meet-the-norrlandsoperan-symphony-orchestra-on-tour-in-finland\\\/#primaryimage\"},\"thumbnailUrl\":\"https:\\\/\\\/norrlandsoperan.se\\\/wp-content\\\/uploads\\\/2025\\\/12\\\/Unknown-1.jpg\",\"datePublished\":\"2025-09-17T12:12:45+00:00\",\"dateModified\":\"2026-09-04T13:54:02+00:00\",\"description\":\"Welcome to a unique concert tour of music rooted in nature that transcends the power of language. Experience the meeting between a symphony orchestra's magnificent soundscape and traditional Sami song traditions when the Norrlandsoperan Symphony Orchestra joins vocalists Katarina Barruk and Hild\u00e1 L\u00e4nsman. Icelandic conductor Bjarni Fr\u00edmann weaves together a magical evening of music that moves between different genres and moods. Norrlandsoperan || 12 February 2026.\",\"breadcrumb\":{\"@id\":\"https:\\\/\\\/norrlandsoperan.se\\\/en\\\/programme\\\/katarina-barruk-and-hilda-lansman-meet-the-norrlandsoperan-symphony-orchestra-on-tour-in-finland\\\/#breadcrumb\"},\"inLanguage\":\"en-US\",\"potentialAction\":[{\"@type\":\"ReadAction\",\"target\":[\"https:\\\/\\\/norrlandsoperan.se\\\/en\\\/programme\\\/katarina-barruk-and-hilda-lansman-meet-the-norrlandsoperan-symphony-orchestra-on-tour-in-finland\\\/\"]}]},{\"@type\":\"ImageObject\",\"inLanguage\":\"en-US\",\"@id\":\"https:\\\/\\\/norrlandsoperan.se\\\/en\\\/programme\\\/katarina-barruk-and-hilda-lansman-meet-the-norrlandsoperan-symphony-orchestra-on-tour-in-finland\\\/#primaryimage\",\"url\":\"https:\\\/\\\/norrlandsoperan.se\\\/wp-content\\\/uploads\\\/2025\\\/12\\\/Unknown-1.jpg\",\"contentUrl\":\"https:\\\/\\\/norrlandsoperan.se\\\/wp-content\\\/uploads\\\/2025\\\/12\\\/Unknown-1.jpg\",\"width\":1300,\"height\":867},{\"@type\":\"BreadcrumbList\",\"@id\":\"https:\\\/\\\/norrlandsoperan.se\\\/en\\\/programme\\\/katarina-barruk-and-hilda-lansman-meet-the-norrlandsoperan-symphony-orchestra-on-tour-in-finland\\\/#breadcrumb\",\"itemListElement\":[{\"@type\":\"ListItem\",\"position\":1,\"name\":\"Home\",\"item\":\"https:\\\/\\\/norrlandsoperan.se\\\/en\\\/home\\\/\"},{\"@type\":\"ListItem\",\"position\":2,\"name\":\"Katarina Barruk and Hild\u00e1 L\u00e4nsman meet the Norrlandsoperan Symphony Orchestra on tour in Finland\"}]},{\"@type\":\"WebSite\",\"@id\":\"https:\\\/\\\/norrlandsoperan.se\\\/en\\\/#website\",\"url\":\"https:\\\/\\\/norrlandsoperan.se\\\/en\\\/\",\"name\":\"Norrlandsoperan\",\"description\":\"\",\"potentialAction\":[{\"@type\":\"SearchAction\",\"target\":{\"@type\":\"EntryPoint\",\"urlTemplate\":\"https:\\\/\\\/norrlandsoperan.se\\\/en\\\/?s={search_term_string}\"},\"query-input\":{\"@type\":\"PropertyValueSpecification\",\"valueRequired\":true,\"valueName\":\"search_term_string\"}}],\"inLanguage\":\"en-US\"}]}<\/script>\n<!-- \/ Yoast SEO plugin. -->","yoast_head_json":{"title":"Katarina Barruk and Hild\u00e1 L\u00e4nsman meet the Norrlandsoperan Symphony Orchestra on tour in Finland - Norrlandsoperan","description":"Welcome to a unique concert tour of music rooted in nature that transcends the power of language. Experience the meeting between a symphony orchestra's magnificent soundscape and traditional Sami song traditions when the Norrlandsoperan Symphony Orchestra joins vocalists Katarina Barruk and Hild\u00e1 L\u00e4nsman. Icelandic conductor Bjarni Fr\u00edmann weaves together a magical evening of music that moves between different genres and moods. Norrlandsoperan || 12 February 2026.","robots":{"index":"index","follow":"follow","max-snippet":"max-snippet:-1","max-image-preview":"max-image-preview:large","max-video-preview":"max-video-preview:-1"},"canonical":"https:\/\/norrlandsoperan.se\/en\/programme\/katarina-barruk-and-hilda-lansman-meet-the-norrlandsoperan-symphony-orchestra-on-tour-in-finland\/","og_locale":"en_US","og_type":"article","og_title":"Katarina Barruk and Hild\u00e1 L\u00e4nsman meet the Norrlandsoperan Symphony Orchestra on tour in Finland - Norrlandsoperan","og_description":"Welcome to a unique concert tour of music rooted in nature that transcends the power of language. Experience the meeting between a symphony orchestra's magnificent soundscape and traditional Sami song traditions when the Norrlandsoperan Symphony Orchestra joins vocalists Katarina Barruk and Hild\u00e1 L\u00e4nsman. Icelandic conductor Bjarni Fr\u00edmann weaves together a magical evening of music that moves between different genres and moods. Norrlandsoperan || 12 February 2026.","og_url":"https:\/\/norrlandsoperan.se\/en\/programme\/katarina-barruk-and-hilda-lansman-meet-the-norrlandsoperan-symphony-orchestra-on-tour-in-finland\/","og_site_name":"Norrlandsoperan","article_modified_time":"2026-09-04T13:54:02+00:00","og_image":[{"width":1300,"height":867,"url":"https:\/\/norrlandsoperan.se\/wp-content\/uploads\/2025\/12\/Unknown-1.jpg","type":"image\/jpeg"}],"twitter_card":"summary_large_image","twitter_misc":{"Est. reading time":"2 minutes"},"schema":{"@context":"https:\/\/schema.org","@graph":[{"@type":"WebPage","@id":"https:\/\/norrlandsoperan.se\/en\/programme\/katarina-barruk-and-hilda-lansman-meet-the-norrlandsoperan-symphony-orchestra-on-tour-in-finland\/","url":"https:\/\/norrlandsoperan.se\/en\/programme\/katarina-barruk-and-hilda-lansman-meet-the-norrlandsoperan-symphony-orchestra-on-tour-in-finland\/","name":"Katarina Barruk and Hild\u00e1 L\u00e4nsman meet the Norrlandsoperan Symphony Orchestra on tour in Finland - Norrlandsoperan","isPartOf":{"@id":"https:\/\/norrlandsoperan.se\/en\/#website"},"primaryImageOfPage":{"@id":"https:\/\/norrlandsoperan.se\/en\/programme\/katarina-barruk-and-hilda-lansman-meet-the-norrlandsoperan-symphony-orchestra-on-tour-in-finland\/#primaryimage"},"image":{"@id":"https:\/\/norrlandsoperan.se\/en\/programme\/katarina-barruk-and-hilda-lansman-meet-the-norrlandsoperan-symphony-orchestra-on-tour-in-finland\/#primaryimage"},"thumbnailUrl":"https:\/\/norrlandsoperan.se\/wp-content\/uploads\/2025\/12\/Unknown-1.jpg","datePublished":"2025-09-17T12:12:45+00:00","dateModified":"2026-09-04T13:54:02+00:00","description":"Welcome to a unique concert tour of music rooted in nature that transcends the power of language. Experience the meeting between a symphony orchestra's magnificent soundscape and traditional Sami song traditions when the Norrlandsoperan Symphony Orchestra joins vocalists Katarina Barruk and Hild\u00e1 L\u00e4nsman. Icelandic conductor Bjarni Fr\u00edmann weaves together a magical evening of music that moves between different genres and moods. Norrlandsoperan || 12 February 2026.","breadcrumb":{"@id":"https:\/\/norrlandsoperan.se\/en\/programme\/katarina-barruk-and-hilda-lansman-meet-the-norrlandsoperan-symphony-orchestra-on-tour-in-finland\/#breadcrumb"},"inLanguage":"en-US","potentialAction":[{"@type":"ReadAction","target":["https:\/\/norrlandsoperan.se\/en\/programme\/katarina-barruk-and-hilda-lansman-meet-the-norrlandsoperan-symphony-orchestra-on-tour-in-finland\/"]}]},{"@type":"ImageObject","inLanguage":"en-US","@id":"https:\/\/norrlandsoperan.se\/en\/programme\/katarina-barruk-and-hilda-lansman-meet-the-norrlandsoperan-symphony-orchestra-on-tour-in-finland\/#primaryimage","url":"https:\/\/norrlandsoperan.se\/wp-content\/uploads\/2025\/12\/Unknown-1.jpg","contentUrl":"https:\/\/norrlandsoperan.se\/wp-content\/uploads\/2025\/12\/Unknown-1.jpg","width":1300,"height":867},{"@type":"BreadcrumbList","@id":"https:\/\/norrlandsoperan.se\/en\/programme\/katarina-barruk-and-hilda-lansman-meet-the-norrlandsoperan-symphony-orchestra-on-tour-in-finland\/#breadcrumb","itemListElement":[{"@type":"ListItem","position":1,"name":"Home","item":"https:\/\/norrlandsoperan.se\/en\/home\/"},{"@type":"ListItem","position":2,"name":"Katarina Barruk and Hild\u00e1 L\u00e4nsman meet the Norrlandsoperan Symphony Orchestra on tour in Finland"}]},{"@type":"WebSite","@id":"https:\/\/norrlandsoperan.se\/en\/#website","url":"https:\/\/norrlandsoperan.se\/en\/","name":"Norrlandsoperan","description":"","potentialAction":[{"@type":"SearchAction","target":{"@type":"EntryPoint","urlTemplate":"https:\/\/norrlandsoperan.se\/en\/?s={search_term_string}"},"query-input":{"@type":"PropertyValueSpecification","valueRequired":true,"valueName":"search_term_string"}}],"inLanguage":"en-US"}]}},"_links":{"self":[{"href":"https:\/\/norrlandsoperan.se\/en\/wp-json\/wp\/v2\/event\/23992","targetHints":{"allow":["GET"]}}],"collection":[{"href":"https:\/\/norrlandsoperan.se\/en\/wp-json\/wp\/v2\/event"}],"about":[{"href":"https:\/\/norrlandsoperan.se\/en\/wp-json\/wp\/v2\/types\/event"}],"author":[{"embeddable":true,"href":"https:\/\/norrlandsoperan.se\/en\/wp-json\/wp\/v2\/users\/9"}],"version-history":[{"count":2,"href":"https:\/\/norrlandsoperan.se\/en\/wp-json\/wp\/v2\/event\/23992\/revisions"}],"predecessor-version":[{"id":24001,"href":"https:\/\/norrlandsoperan.se\/en\/wp-json\/wp\/v2\/event\/23992\/revisions\/24001"}],"wp:featuredmedia":[{"embeddable":true,"href":"https:\/\/norrlandsoperan.se\/en\/wp-json\/wp\/v2\/media\/16900"}],"wp:attachment":[{"href":"https:\/\/norrlandsoperan.se\/en\/wp-json\/wp\/v2\/media?parent=23992"}],"wp:term":[{"taxonomy":"event_category","embeddable":true,"href":"https:\/\/norrlandsoperan.se\/en\/wp-json\/wp\/v2\/event_category?post=23992"}],"curies":[{"name":"wp","href":"https:\/\/api.w.org\/{rel}","templated":true}]}}