{"id":21817,"date":"2024-09-20T13:21:17","date_gmt":"2024-09-20T11:21:17","guid":{"rendered":"https:\/\/norrlandsoperan.se\/offers-discounts\/take-the-train-to-the-opera\/"},"modified":"2026-09-04T15:54:03","modified_gmt":"2026-09-04T13:54:03","slug":"take-the-train-to-the-opera","status":"publish","type":"page","link":"https:\/\/norrlandsoperan.se\/en\/offers-discounts\/take-the-train-to-the-opera\/","title":{"rendered":"Take the train to the opera"},"content":{"rendered":"\n<section class=\"wp-block-noor-blocks-section nb-section position-relative  py-64 py-md-80 pt-lg-96 pb-lg-112\">\n<div class=\"wp-block-noor-blocks-container nb-container container-fluid\">\n<div class=\"wp-block-noor-blocks-row nb-row row\">\n<div class=\"wp-block-noor-blocks-column col nb-column align-self-lg-center col-12 col-md-8 col-lg-5 col-xl-4 offset-md-2 offset-lg-0 offset-xl-2\">\n<picture class=\"wp-block-noor-blocks-image nb-mask nb-image\"><img src=\"https:\/\/norrlandsoperan.se\/wp-content\/uploads\/2026\/05\/Tag-till-operan_sommar_2026.jpg\" loading=\"eager\" decoding=\"async\" srcset=\"https:\/\/norrlandsoperan.se\/wp-content\/uploads\/2026\/05\/Tag-till-operan_sommar_2026.jpg 1300w, https:\/\/norrlandsoperan.se\/wp-content\/uploads\/2026\/05\/Tag-till-operan_sommar_2026-1024x709.jpg 1024w, https:\/\/norrlandsoperan.se\/wp-content\/uploads\/2026\/05\/Tag-till-operan_sommar_2026-150x150.jpg 150w, https:\/\/norrlandsoperan.se\/wp-content\/uploads\/2026\/05\/Tag-till-operan_sommar_2026-300x208.jpg 300w\" class=\" object-fit-cover object-position-center\"><\/picture>\n<\/div>\n\n\n\n<div class=\"wp-block-noor-blocks-column col nb-column col-12 col-md-10 col-lg-5 col-xl-4 offset-md-0\">\n<div class=\"wp-block-noor-blocks-group nb-group d-flex flex-column align-items-start justify-content-center  ms-32 h-100\">\n<h1 class=\"wp-block-noor-blocks-heading nb-heading nb-cursor-default nb-heading-h1 hero2 content-animation text-break\">Take the train to the opera<\/h1>\n\n\n\n<p class=\"wp-block-noor-blocks-paragraph nb-paragraph\">Half-price on the entire experience\u2014train ride, show, and hotel! In partnership with Norrt\u00e5g and Stora Hotellet, we\u2019re working to encourage more visitors to choose the train when they come to see us and to make cultural experiences more accessible to those traveling on the train line from Vindeln, V\u00e4nn\u00e4s, and \u00d6rnsk\u00f6ldsvik to Ume\u00e5. <\/p>\n<\/div>\n<\/div>\n<\/div>\n<\/div>\n<\/section>\n\n<div style=\"height:69px\" aria-hidden=\"true\" class=\"wp-block-spacer\"><\/div>\n\n<div class=\"wp-block-noor-blocks-row nb-row row  gy-96 gy-md-128 gy-lg-192\">\n<div class=\"wp-block-noor-blocks-column col nb-column col-12 col-md-10 offset-md-1\">\n<div class=\"wp-block-noor-blocks-row nb-row row\">\n<div class=\"wp-block-noor-blocks-column col nb-column align-self-lg-center col-12 col-lg-6  order-2 order-lg-1\">\n<picture class=\"wp-block-noor-blocks-image nb-mask nb-image false  mt-48 mt-lg-0\" style=\"width:-1px\"><img src=\"https:\/\/norrlandsoperan.se\/wp-content\/uploads\/2026\/05\/Storahotellet_1300x900.jpg\" loading=\"eager\" decoding=\"async\" srcset=\"https:\/\/norrlandsoperan.se\/wp-content\/uploads\/2026\/05\/Storahotellet_1300x900.jpg 1300w, https:\/\/norrlandsoperan.se\/wp-content\/uploads\/2026\/05\/Storahotellet_1300x900-1024x709.jpg 1024w, https:\/\/norrlandsoperan.se\/wp-content\/uploads\/2026\/05\/Storahotellet_1300x900-150x150.jpg 150w, https:\/\/norrlandsoperan.se\/wp-content\/uploads\/2026\/05\/Storahotellet_1300x900-300x208.jpg 300w\" sizes=\"(max-width: -1px) 100vw, -1px\" class=\"false object-fit-contain object-position-center\"><\/picture>\n<\/div>\n\n\n\n<div class=\"wp-block-noor-blocks-column col nb-column col-12 col-lg-5 offset-lg-1 order-1 order-lg-2\">\n<div class=\"wp-block-noor-blocks-group nb-group d-flex flex-column align-items-start justify-content-center  ps-lg-80 h-100\">\n<h2 class=\"wp-block-noor-blocks-heading nb-heading nb-cursor-default nb-heading-h2 content-animation\"><br><br>Extend your cultural experience with a night at Stora Hotellet<\/h2>\n\n\n\n<p class=\"wp-block-paragraph\">Once the curtain has fallen, the evening doesn&#8217;t have to be quite over yet.<\/p>\n\n\n\n<p class=\"wp-block-paragraph\">Just a short walk from the Norrlandsoperan, you\u2019ll find Stora Hotellet\u2014a historic maritime hotel where the past meets the present. Here, you\u2019ll sleep soundly in thoughtfully decorated rooms and wake up to a generous hotel breakfast before it\u2019s time to continue your journey. <\/p>\n\n\n\n<p class=\"wp-block-paragraph\">In partnership with Norrlandsoperan and Norrt\u00e5g, we are offering a 50% discount on the &#8220;\u00c4ventyr&#8221; room category (Superior with a 160 cm bed) on select performance dates this fall. The offer applies to double rooms for 1\u20132 people. <\/p>\n\n\n\n<p class=\"has-black-color has-text-color has-link-color wp-elements-1 wp-block-paragraph\">Book as usual on our <a href=\"https:\/\/eur03.safelinks.protection.outlook.com\/?url=https%3A%2F%2Fstorahotelletumea.se%2F&amp;data=05%7C02%7Csusanne.aschan%40norrlandsoperan.se%7C1630c82d57fa42f764f408ded73d3851%7C72e8a51c7e7d41889567a08b7672027c%7C0%7C0%7C639184855688273202%7CUnknown%7CTWFpbGZsb3d8eyJFbXB0eU1hcGkiOnRydWUsIlYiOiIwLjAuMDAwMCIsIlAiOiJXaW4zMiIsIkFOIjoiTWFpbCIsIldUIjoyfQ%3D%3D%7C0%7C%7C%7C&amp;sdata=V6MA1gAU%2B00Oma3s%2BMzn%2BfcihtpXxbWHdrE4RWOeng4%3D&amp;reserved=0\"><strong>website<\/strong><\/a><strong> <\/strong>(via Best Western) and enter the booking code <strong>SMART<\/strong> along with the correct dates, and the discount will be automatically applied to the room rate.<\/p>\n\n\n\n<a href=\"https:\/\/storahotelletumea.se\/\" role=\"button\" class=\"wp-block-noor-blocks-button nb-btn nb-btn-secondary bg-white px-24 py-12 px-lg-32 py-lg-16 text-black bg-hover-black text-hover-white\" style=\"border-radius:0px;border-width:2px;border-color:black\"><span class=\"nb-button-overlay\"><\/span><span class=\"nb-btn-text\">Book a hotel<\/span><\/a>\n\n\n\n<div style=\"height:18px\" aria-hidden=\"true\" class=\"wp-block-spacer\"><\/div>\n\n\n\n<p class=\"wp-block-paragraph\">Take the train to the opera, enjoy the performance, and stay a little longer in Ume\u00e5.<\/p>\n\n\n\n<p class=\"wp-block-paragraph\"><em>When checking in, you must present a valid ticket for the performance in question as well as a Norrt\u00e5g train ticket.<\/em><\/p>\n<\/div>\n<\/div>\n<\/div>\n<\/div>\n<\/div>\n\n<div style=\"height:125px\" aria-hidden=\"true\" class=\"wp-block-spacer\"><\/div>\n\n<section class=\"wp-block-noor-blocks-section nb-section position-relative  py-40 pt-md-48 pb-md-64 py-lg-80 bg-light-blue has-overlay\"><span class=\"nb-background-overlay \"><\/span>\n<div class=\"wp-block-noor-blocks-container nb-container container-fluid\">\n<div class=\"wp-block-noor-blocks-row nb-row row\">\n<div class=\"wp-block-noor-blocks-column col nb-column col-12 col-lg-4 offset-lg-2\">\n<h2 class=\"wp-block-noor-blocks-heading nb-heading nb-cursor-default nb-heading-h2 text-black content-animation no-bottom-line\">Terms and Conditions of the Offer<\/h2>\n<\/div>\n\n\n\n<div class=\"wp-block-noor-blocks-column col nb-column col-12 col-lg-4\">\n<h5 class=\"wp-block-noor-blocks-heading nb-heading nb-cursor-default nb-heading-h5 mb-8 text-black\">Rail routes<\/h5>\n\n\n\n<p class=\"wp-block-noor-blocks-paragraph nb-paragraph text-black\">This offer applies to train travel to and from Vindeln, V\u00e4nn\u00e4s, and \u00d6rnsk\u00f6ldsvik (as well as subsequent stations all the way to Ume\u00e5).<br><\/p>\n\n\n\n<h5 class=\"wp-block-noor-blocks-heading nb-heading nb-cursor-default nb-heading-h5 mb-8 text-black\">Performances<\/h5>\n\n\n\n<p class=\"wp-block-noor-blocks-paragraph nb-paragraph text-black\">Selected dance, opera, and concert performances for fall 2026. Read more about the performances further down the page. <br><\/p>\n\n\n\n<h5 class=\"wp-block-noor-blocks-heading nb-heading nb-cursor-default nb-heading-h5 mb-8 text-black\">Discount Code<\/h5>\n\n\n\n<p class=\"wp-block-noor-blocks-paragraph nb-paragraph text-black\">Enter the discount code <strong>SMART when <\/strong>booking your ticket to get half off the price of your show ticket. Select <strong>the regular price<\/strong> and enter the code <strong>SMART<\/strong>.   <br><br>Train tickets can be booked at <strong><a href=\"https:\/\/norrtag.se\/\">norrtag.se<\/a><\/strong> Select <strong>\u201cAdult\u201d<\/strong> and enter the discount code <strong>SMART<\/strong> to receive half-price train travel. The discount applies to all Norrt\u00e5g departures between Ume\u00e5 and V\u00e4nn\u00e4s, Vindeln, and \u00d6rnsk\u00f6ldsvik on the current performance date and the following date (to allow for an overnight stay in Ume\u00e5).   <\/p>\n\n\n\n<div style=\"height:15px\" aria-hidden=\"true\" class=\"wp-block-spacer\"><\/div>\n\n\n\n<h5 class=\"wp-block-noor-blocks-heading nb-heading nb-cursor-default nb-heading-h5 mb-8 text-black\">Show your train ticket at the entrance<\/h5>\n\n\n\n<p class=\"wp-block-noor-blocks-paragraph nb-paragraph text-black\">Have your current train ticket ready to show along with your show ticket at the entrance. The same applies on board the train, where you must show both your train ticket and a valid show ticket together. <br><\/p>\n<\/div>\n<\/div>\n<\/div>\n<\/section>\n\n<section class=\"wp-block-noor-blocks-section nb-section position-relative  pt-96\">\n<div class=\"wp-block-noor-blocks-container nb-container container\">\n<div class=\"wp-block-noor-blocks-row nb-row row\">\n<div class=\"wp-block-noor-blocks-column col nb-column\">\n<h2 class=\"wp-block-noor-blocks-heading nb-heading nb-cursor-default nb-heading-h2\">Learn more about the shows included in the offer<\/h2>\n<\/div>\n<\/div>\n<\/div>\n<\/section>\n\n<section class=\"wp-block-noor-blocks-section nb-section position-relative  py-80\">\n<div class=\"wp-block-noor-blocks-container nb-container container-fluid\">\n<div class=\"wp-block-noor-blocks-row nb-row row  gy-96 gy-md-128 gy-lg-192\">\n<div class=\"wp-block-noor-blocks-column col nb-column col-12 col-md-10 offset-md-1\">\n<div class=\"wp-block-noor-blocks-row nb-row row\">\n<div class=\"wp-block-noor-blocks-column col nb-column align-self-lg-center col-12 col-lg-6  order-2 order-lg-1\">\n<picture class=\"wp-block-noor-blocks-image nb-mask nb-image false  mt-48 mt-lg-0\" style=\"width:-1px\"><img src=\"https:\/\/norrlandsoperan.se\/wp-content\/uploads\/2026\/06\/Galopping-cure_markethype_640x400_tagline.jpg\" loading=\"eager\" decoding=\"async\" srcset=\"https:\/\/norrlandsoperan.se\/wp-content\/uploads\/2026\/06\/Galopping-cure_markethype_640x400_tagline.jpg 1300w, https:\/\/norrlandsoperan.se\/wp-content\/uploads\/2026\/06\/Galopping-cure_markethype_640x400_tagline-1024x683.jpg 1024w, https:\/\/norrlandsoperan.se\/wp-content\/uploads\/2026\/06\/Galopping-cure_markethype_640x400_tagline-150x150.jpg 150w, https:\/\/norrlandsoperan.se\/wp-content\/uploads\/2026\/06\/Galopping-cure_markethype_640x400_tagline-300x200.jpg 300w\" sizes=\"(max-width: -1px) 100vw, -1px\" class=\"false object-fit-contain object-position-center\"><\/picture>\n<\/div>\n\n\n\n<div class=\"wp-block-noor-blocks-column col nb-column col-12 col-lg-5 offset-lg-1 order-1 order-lg-2\">\n<div class=\"wp-block-noor-blocks-group nb-group d-flex flex-column align-items-start justify-content-center  ps-lg-80 h-100\">\n<h3 class=\"wp-block-noor-blocks-heading nb-heading nb-cursor-default nb-heading-h3 content-animation\">The Galloping Cure<\/h3>\n\n\n\n<p class=\"wp-block-paragraph\">An unstoppable, euphoric ride into madness. This fall, *The Galloping Cure* by Missy Mazzoli and Royce Vavrek will have its Nordic premiere in Ume\u00e5\u2014an opera about pain, desire, and addiction. <\/p>\n\n\n\n<h5 class=\"wp-block-noor-blocks-heading nb-heading nb-cursor-default nb-heading-h5\">September 12\u201323, 2026<\/h5>\n\n\n\n<p class=\"wp-block-paragraph\">This offer applies to all performances.<\/p>\n\n\n\n<div style=\"height:21px\" aria-hidden=\"true\" class=\"wp-block-spacer\"><\/div>\n\n\n\n<a href=\"https:\/\/norrlandsoperan.se\/en\/programme\/the-galloping-cure\/\" role=\"button\" class=\"wp-block-noor-blocks-button nb-btn nb-btn-primary bg-black px-24 py-12 px-lg-32 py-lg-16 text-white bg-hover-white text-hover-black\" style=\"border-radius:0px;border-width:2px;border-color:black\"><span class=\"nb-button-overlay\"><\/span><span class=\"nb-btn-text\">Learn more and book<\/span><\/a>\n<\/div>\n<\/div>\n<\/div>\n<\/div>\n\n\n\n<div class=\"wp-block-noor-blocks-column col nb-column\"><\/div>\n<\/div>\n\n\n\n<div class=\"wp-block-noor-blocks-row nb-row row  gy-96 gy-md-128 gy-lg-192\">\n<div class=\"wp-block-noor-blocks-column col nb-column col-12 col-md-10 offset-md-1\"><\/div>\n<\/div>\n<\/div>\n<\/section>\n\n<section class=\"wp-block-noor-blocks-section nb-section position-relative  py-80\">\n<div class=\"wp-block-noor-blocks-container nb-container container-fluid\">\n<div class=\"wp-block-noor-blocks-row nb-row row  gy-96 gy-md-128 gy-lg-192\">\n<div class=\"wp-block-noor-blocks-column col nb-column col-12 col-md-10 offset-md-1\">\n<div class=\"wp-block-noor-blocks-row nb-row row\">\n<div class=\"wp-block-noor-blocks-column col nb-column align-self-lg-center col-12 col-lg-6  order-2 order-lg-1\">\n<picture class=\"wp-block-noor-blocks-image nb-mask nb-image false  mt-48 mt-lg-0\" style=\"width:-1px\"><img src=\"https:\/\/norrlandsoperan.se\/wp-content\/uploads\/2026\/04\/Les-Saisons-\u00a9-Olivier-Houeix__8873_R_liggande.jpg\" loading=\"eager\" decoding=\"async\" srcset=\"https:\/\/norrlandsoperan.se\/wp-content\/uploads\/2026\/04\/Les-Saisons-\u00a9-Olivier-Houeix__8873_R_liggande.jpg 1300w, https:\/\/norrlandsoperan.se\/wp-content\/uploads\/2026\/04\/Les-Saisons-\u00a9-Olivier-Houeix__8873_R_liggande-1024x683.jpg 1024w, https:\/\/norrlandsoperan.se\/wp-content\/uploads\/2026\/04\/Les-Saisons-\u00a9-Olivier-Houeix__8873_R_liggande-150x150.jpg 150w, https:\/\/norrlandsoperan.se\/wp-content\/uploads\/2026\/04\/Les-Saisons-\u00a9-Olivier-Houeix__8873_R_liggande-300x200.jpg 300w\" sizes=\"(max-width: -1px) 100vw, -1px\" class=\"false object-fit-contain object-position-center\"><\/picture>\n<\/div>\n\n\n\n<div class=\"wp-block-noor-blocks-column col nb-column col-12 col-lg-5 offset-lg-1 order-1 order-lg-2\">\n<div class=\"wp-block-noor-blocks-group nb-group d-flex flex-column align-items-start justify-content-center  ps-lg-80 h-100\">\n<h3 class=\"wp-block-noor-blocks-heading nb-heading nb-cursor-default nb-heading-h3 content-animation\">Malandain Ballet Biarritz Performs with the Norrlandsoperan Symphony Orchestra<\/h3>\n\n\n\n<p class=\"wp-block-paragraph\">Fiery and dramatic, grand and playful\u201422 dancers and the Norrlandsoperan Symphony Orchestra take on Vivaldi and Stravinsky.<\/p>\n\n\n\n<h5 class=\"wp-block-noor-blocks-heading nb-heading nb-cursor-default nb-heading-h5\">October 16\u201317, 2026<\/h5>\n\n\n\n<p class=\"wp-block-paragraph\">This offer is valid on Friday, October 16.<\/p>\n\n\n\n<div style=\"height:21px\" aria-hidden=\"true\" class=\"wp-block-spacer\"><\/div>\n\n\n\n<a href=\"https:\/\/norrlandsoperan.se\/en\/programme\/malandain-ballet-biarritz-performs-with-the-norrlandsoperan-symphony-orchestra\/\" role=\"button\" class=\"wp-block-noor-blocks-button nb-btn nb-btn-primary bg-black px-24 py-12 px-lg-32 py-lg-16 text-white bg-hover-white text-hover-black\" style=\"border-radius:0px;border-width:2px;border-color:black\"><span class=\"nb-button-overlay\"><\/span><span class=\"nb-btn-text\">Learn more and book<\/span><\/a>\n<\/div>\n<\/div>\n<\/div>\n<\/div>\n\n\n\n<div class=\"wp-block-noor-blocks-column col nb-column\"><\/div>\n<\/div>\n\n\n\n<div class=\"wp-block-noor-blocks-row nb-row row  gy-96 gy-md-128 gy-lg-192\">\n<div class=\"wp-block-noor-blocks-column col nb-column col-12 col-md-10 offset-md-1\"><\/div>\n<\/div>\n<\/div>\n<\/section>\n\n<section class=\"wp-block-noor-blocks-section nb-section position-relative  py-80\">\n<div class=\"wp-block-noor-blocks-container nb-container container-fluid\">\n<div class=\"wp-block-noor-blocks-row nb-row row  gy-96 gy-md-128 gy-lg-192\">\n<div class=\"wp-block-noor-blocks-column col nb-column col-12 col-md-10 offset-md-1\">\n<div class=\"wp-block-noor-blocks-row nb-row row\">\n<div class=\"wp-block-noor-blocks-column col nb-column align-self-lg-center col-12 col-lg-6  order-2 order-lg-1\">\n<picture class=\"wp-block-noor-blocks-image nb-mask nb-image false  mt-48 mt-lg-0\" style=\"width:-1px\"><img src=\"https:\/\/norrlandsoperan.se\/wp-content\/uploads\/2026\/03\/LiyaPetrova023-1920w.jpg\" loading=\"eager\" decoding=\"async\" srcset=\"https:\/\/norrlandsoperan.se\/wp-content\/uploads\/2026\/03\/LiyaPetrova023-1920w.jpg 1300w, https:\/\/norrlandsoperan.se\/wp-content\/uploads\/2026\/03\/LiyaPetrova023-1920w-1024x683.jpg 1024w, https:\/\/norrlandsoperan.se\/wp-content\/uploads\/2026\/03\/LiyaPetrova023-1920w-150x150.jpg 150w, https:\/\/norrlandsoperan.se\/wp-content\/uploads\/2026\/03\/LiyaPetrova023-1920w-300x200.jpg 300w\" sizes=\"(max-width: -1px) 100vw, -1px\" class=\"false object-fit-contain object-position-center\"><\/picture>\n<\/div>\n\n\n\n<div class=\"wp-block-noor-blocks-column col nb-column col-12 col-lg-5 offset-lg-1 order-1 order-lg-2\">\n<div class=\"wp-block-noor-blocks-group nb-group d-flex flex-column align-items-start justify-content-center  ps-lg-80 h-100\">\n<h3 class=\"wp-block-noor-blocks-heading nb-heading nb-cursor-default nb-heading-h3 content-animation\">Mendelssohn and Schubert  <\/h3>\n\n\n\n<p class=\"wp-block-paragraph\">The Norrlandsoperan Symphony Orchestra will perform Mendelssohn\u2019s Violin Concerto and Schubert\u2019s Symphony No. 9. The soloist is violinist Liya Petrova. The conductor is Principal Conductor and Artistic Director Eduardo Strausser. An evening of great variety, ranging from the intimate to the grand.   <\/p>\n\n\n\n<h5 class=\"wp-block-noor-blocks-heading nb-heading nb-cursor-default nb-heading-h5\">Thursday, November 5, 2026<\/h5>\n\n\n\n<div style=\"height:21px\" aria-hidden=\"true\" class=\"wp-block-spacer\"><\/div>\n\n\n\n<a href=\"https:\/\/norrlandsoperan.se\/en\/programme\/mendelssohn-and-schubert\/\" role=\"button\" class=\"wp-block-noor-blocks-button nb-btn nb-btn-primary bg-black px-24 py-12 px-lg-32 py-lg-16 text-white bg-hover-white text-hover-black\" style=\"border-radius:0px;border-width:2px;border-color:black\"><span class=\"nb-button-overlay\"><\/span><span class=\"nb-btn-text\">Learn more and book<\/span><\/a>\n<\/div>\n<\/div>\n<\/div>\n<\/div>\n\n\n\n<div class=\"wp-block-noor-blocks-column col nb-column\"><\/div>\n<\/div>\n\n\n\n<div class=\"wp-block-noor-blocks-row nb-row row  gy-96 gy-md-128 gy-lg-192\">\n<div class=\"wp-block-noor-blocks-column col nb-column col-12 col-md-10 offset-md-1\"><\/div>\n<\/div>\n<\/div>\n<\/section>\n\n<section class=\"wp-block-noor-blocks-section nb-section position-relative  py-80\">\n<div class=\"wp-block-noor-blocks-container nb-container container-fluid\">\n<div class=\"wp-block-noor-blocks-row nb-row row  gy-96 gy-md-128 gy-lg-192\">\n<div class=\"wp-block-noor-blocks-column col nb-column col-12 col-md-10 offset-md-1\">\n<div class=\"wp-block-noor-blocks-row nb-row row\">\n<div class=\"wp-block-noor-blocks-column col nb-column align-self-lg-center col-12 col-lg-6  order-2 order-lg-1\">\n<picture class=\"wp-block-noor-blocks-image nb-mask nb-image false  mt-48 mt-lg-0\" style=\"width:-1px\"><img src=\"https:\/\/norrlandsoperan.se\/wp-content\/uploads\/2026\/05\/KLASSISK_AW_061126_SCHUBERT.jpg\" loading=\"eager\" decoding=\"async\" srcset=\"https:\/\/norrlandsoperan.se\/wp-content\/uploads\/2026\/05\/KLASSISK_AW_061126_SCHUBERT.jpg 1300w, https:\/\/norrlandsoperan.se\/wp-content\/uploads\/2026\/05\/KLASSISK_AW_061126_SCHUBERT-1024x683.jpg 1024w, https:\/\/norrlandsoperan.se\/wp-content\/uploads\/2026\/05\/KLASSISK_AW_061126_SCHUBERT-150x150.jpg 150w, https:\/\/norrlandsoperan.se\/wp-content\/uploads\/2026\/05\/KLASSISK_AW_061126_SCHUBERT-300x200.jpg 300w\" sizes=\"(max-width: -1px) 100vw, -1px\" class=\"false object-fit-contain object-position-center\"><\/picture>\n<\/div>\n\n\n\n<div class=\"wp-block-noor-blocks-column col nb-column col-12 col-lg-5 offset-lg-1 order-1 order-lg-2\">\n<div class=\"wp-block-noor-blocks-group nb-group d-flex flex-column align-items-start justify-content-center  ps-lg-80 h-100\">\n<h3 class=\"wp-block-noor-blocks-heading nb-heading nb-cursor-default nb-heading-h3 content-animation\">Classic AW feat. Schubert <\/h3>\n\n\n\n<p class=\"wp-block-paragraph\">End the week with a classic after-work event at the Norrlandsoperan! Under the baton of principal conductor Eduardo Strausser, the Norrlandsoperan Symphony Orchestra will perform Franz Schubert\u2019s Symphony No. 9. This concert is perfect for both curious newcomers and seasoned concertgoers.  <\/p>\n\n\n\n<h5 class=\"wp-block-noor-blocks-heading nb-heading nb-cursor-default nb-heading-h5\">Friday, November 6, 2026<\/h5>\n\n\n\n<div style=\"height:21px\" aria-hidden=\"true\" class=\"wp-block-spacer\"><\/div>\n\n\n\n<a href=\"https:\/\/norrlandsoperan.se\/en\/programme\/classic-aw-feat-schubert\/\" role=\"button\" class=\"wp-block-noor-blocks-button nb-btn nb-btn-primary bg-black px-24 py-12 px-lg-32 py-lg-16 text-white bg-hover-white text-hover-black\" style=\"border-radius:0px;border-width:2px;border-color:black\"><span class=\"nb-button-overlay\"><\/span><span class=\"nb-btn-text\">Learn more and book<\/span><\/a>\n<\/div>\n<\/div>\n<\/div>\n<\/div>\n\n\n\n<div class=\"wp-block-noor-blocks-column col nb-column\"><\/div>\n<\/div>\n\n\n\n<div class=\"wp-block-noor-blocks-row nb-row row  gy-96 gy-md-128 gy-lg-192\">\n<div class=\"wp-block-noor-blocks-column col nb-column col-12 col-md-10 offset-md-1\"><\/div>\n<\/div>\n<\/div>\n<\/section>\n\n<section class=\"wp-block-noor-blocks-section nb-section position-relative  py-80\">\n<div class=\"wp-block-noor-blocks-container nb-container container-fluid\">\n<div class=\"wp-block-noor-blocks-row nb-row row  gy-96 gy-md-128 gy-lg-192\">\n<div class=\"wp-block-noor-blocks-column col nb-column col-12 col-md-10 offset-md-1\">\n<div class=\"wp-block-noor-blocks-row nb-row row\">\n<div class=\"wp-block-noor-blocks-column col nb-column align-self-lg-center col-12 col-lg-6  order-2 order-lg-1\">\n<picture class=\"wp-block-noor-blocks-image nb-mask nb-image false  mt-48 mt-lg-0\" style=\"width:-1px\"><img src=\"https:\/\/norrlandsoperan.se\/wp-content\/uploads\/2026\/05\/Driv-Hunger_Huvudbild_-liggande_Fotograf_Sofia-Runarsdotter-1_web.jpg\" loading=\"eager\" decoding=\"async\" srcset=\"https:\/\/norrlandsoperan.se\/wp-content\/uploads\/2026\/05\/Driv-Hunger_Huvudbild_-liggande_Fotograf_Sofia-Runarsdotter-1_web.jpg 1300w, https:\/\/norrlandsoperan.se\/wp-content\/uploads\/2026\/05\/Driv-Hunger_Huvudbild_-liggande_Fotograf_Sofia-Runarsdotter-1_web-1024x683.jpg 1024w, https:\/\/norrlandsoperan.se\/wp-content\/uploads\/2026\/05\/Driv-Hunger_Huvudbild_-liggande_Fotograf_Sofia-Runarsdotter-1_web-150x150.jpg 150w, https:\/\/norrlandsoperan.se\/wp-content\/uploads\/2026\/05\/Driv-Hunger_Huvudbild_-liggande_Fotograf_Sofia-Runarsdotter-1_web-300x200.jpg 300w\" sizes=\"(max-width: -1px) 100vw, -1px\" class=\"false object-fit-contain object-position-center\"><\/picture>\n<\/div>\n\n\n\n<div class=\"wp-block-noor-blocks-column col nb-column col-12 col-lg-5 offset-lg-1 order-1 order-lg-2\">\n<div class=\"wp-block-noor-blocks-group nb-group d-flex flex-column align-items-start justify-content-center  ps-lg-80 h-100\">\n<h3 class=\"wp-block-noor-blocks-heading nb-heading nb-cursor-default nb-heading-h3 content-animation\">Drive Hunger \u2013 Hagar Malin Hellkvist Sell\u00e9n<\/h3>\n\n\n\n<p class=\"wp-block-paragraph\">Hagar Malin Hellvist Sell\u00e9n is celebrating 25 years as a choreographer with the world premiere of *Driv Hunger!*<\/p>\n\n\n\n<h5 class=\"wp-block-noor-blocks-heading nb-heading nb-cursor-default nb-heading-h5\">November 13\u201314, 2026<\/h5>\n\n\n\n<p class=\"wp-block-paragraph\">This offer is valid for all game dates.<\/p>\n\n\n\n<div style=\"height:21px\" aria-hidden=\"true\" class=\"wp-block-spacer\"><\/div>\n\n\n\n<a href=\"https:\/\/norrlandsoperan.se\/en\/programme\/drive-hunger-hagar-malin-hellkvist-sellen\/\" role=\"button\" class=\"wp-block-noor-blocks-button nb-btn nb-btn-primary bg-black px-24 py-12 px-lg-32 py-lg-16 text-white bg-hover-white text-hover-black\" style=\"border-radius:0px;border-width:2px;border-color:black\"><span class=\"nb-button-overlay\"><\/span><span class=\"nb-btn-text\">Learn more and book<\/span><\/a>\n<\/div>\n<\/div>\n<\/div>\n<\/div>\n\n\n\n<div class=\"wp-block-noor-blocks-column col nb-column\"><\/div>\n<\/div>\n\n\n\n<div class=\"wp-block-noor-blocks-row nb-row row  gy-96 gy-md-128 gy-lg-192\">\n<div class=\"wp-block-noor-blocks-column col nb-column col-12 col-md-10 offset-md-1\"><\/div>\n<\/div>\n<\/div>\n<\/section>\n\n<section class=\"wp-block-noor-blocks-section nb-section position-relative  py-80\">\n<div class=\"wp-block-noor-blocks-container nb-container container-fluid\">\n<div class=\"wp-block-noor-blocks-row nb-row row  gy-96 gy-md-128 gy-lg-192\">\n<div class=\"wp-block-noor-blocks-column col nb-column col-12 col-md-10 offset-md-1\">\n<div class=\"wp-block-noor-blocks-row nb-row row\">\n<div class=\"wp-block-noor-blocks-column col nb-column align-self-lg-center col-12 col-lg-6  order-2 order-lg-1\">\n<picture class=\"wp-block-noor-blocks-image nb-mask nb-image false  mt-48 mt-lg-0\" style=\"width:-1px\"><img src=\"https:\/\/norrlandsoperan.se\/wp-content\/uploads\/2026\/04\/NO_SommarnattensLeende_Huvudbild_3x2.jpg\" loading=\"eager\" decoding=\"async\" srcset=\"https:\/\/norrlandsoperan.se\/wp-content\/uploads\/2026\/04\/NO_SommarnattensLeende_Huvudbild_3x2.jpg 1300w, https:\/\/norrlandsoperan.se\/wp-content\/uploads\/2026\/04\/NO_SommarnattensLeende_Huvudbild_3x2-1024x683.jpg 1024w, https:\/\/norrlandsoperan.se\/wp-content\/uploads\/2026\/04\/NO_SommarnattensLeende_Huvudbild_3x2-150x150.jpg 150w, https:\/\/norrlandsoperan.se\/wp-content\/uploads\/2026\/04\/NO_SommarnattensLeende_Huvudbild_3x2-300x200.jpg 300w\" sizes=\"(max-width: -1px) 100vw, -1px\" class=\"false object-fit-contain object-position-center\"><\/picture>\n<\/div>\n\n\n\n<div class=\"wp-block-noor-blocks-column col nb-column col-12 col-lg-5 offset-lg-1 order-1 order-lg-2\">\n<div class=\"wp-block-noor-blocks-group nb-group d-flex flex-column align-items-start justify-content-center  ps-lg-80 h-100\">\n<h3 class=\"wp-block-noor-blocks-heading nb-heading nb-cursor-default nb-heading-h3 content-animation\">The Smile of a Summer Night<\/h3>\n\n\n\n<p class=\"wp-block-paragraph\">The night is light; the rest is darkness. Or is it? Stephen Sondheim\u2019s musical, based on Ingmar Bergman\u2019s classic film, is a witty and romantic tale of the twists and turns of love. Three generations come together in a production filled with misunderstandings, confessions, and newfound passion.   <\/p>\n\n\n\n<h5 class=\"wp-block-noor-blocks-heading nb-heading nb-cursor-default nb-heading-h5\">November 21 \u2013 December 29<\/h5>\n\n\n\n<p class=\"wp-block-paragraph\">This offer is valid for the performances on November 25 and December 9.<\/p>\n\n\n\n<div style=\"height:21px\" aria-hidden=\"true\" class=\"wp-block-spacer\"><\/div>\n\n\n\n<a href=\"https:\/\/norrlandsoperan.se\/en\/programme\/the-smile-of-a-summer-night\/\" role=\"button\" class=\"wp-block-noor-blocks-button nb-btn nb-btn-primary bg-black px-24 py-12 px-lg-32 py-lg-16 text-white bg-hover-white text-hover-black\" style=\"border-radius:0px;border-width:2px;border-color:black\"><span class=\"nb-button-overlay\"><\/span><span class=\"nb-btn-text\">Learn more and book<\/span><\/a>\n<\/div>\n<\/div>\n<\/div>\n<\/div>\n\n\n\n<div class=\"wp-block-noor-blocks-column col nb-column\"><\/div>\n<\/div>\n\n\n\n<div class=\"wp-block-noor-blocks-row nb-row row  gy-96 gy-md-128 gy-lg-192\">\n<div class=\"wp-block-noor-blocks-column col nb-column col-12 col-md-10 offset-md-1\"><\/div>\n<\/div>\n<\/div>\n<\/section>\n\n<div style=\"height:154px\" aria-hidden=\"true\" class=\"wp-block-spacer\"><\/div>\n","protected":false},"excerpt":{"rendered":"","protected":false},"author":9,"featured_media":0,"parent":1015,"menu_order":0,"comment_status":"closed","ping_status":"closed","template":"","meta":{"footnotes":""},"class_list":["post-21817","page","type-page","status-publish","hentry"],"yoast_head":"<!-- This site is optimized with the Yoast SEO plugin v28.4 - https:\/\/yoast.com\/product\/yoast-seo-wordpress\/ -->\n<title>Take the Train to the Opera | Norrlandsoperan<\/title>\n<meta name=\"description\" content=\"In partnership with Norrt\u00e5g, we are working to encourage more people to take the train when they go to see opera, concerts, and dance performances at the Norrlandsoperan.\" \/>\n<meta name=\"robots\" content=\"index, follow, max-snippet:-1, max-image-preview:large, max-video-preview:-1\" \/>\n<link rel=\"canonical\" href=\"https:\/\/norrlandsoperan.se\/en\/offers-discounts\/take-the-train-to-the-opera\/\" \/>\n<meta property=\"og:locale\" content=\"en_US\" \/>\n<meta property=\"og:type\" content=\"article\" \/>\n<meta property=\"og:title\" content=\"Take the Train to the Opera | Norrlandsoperan\" \/>\n<meta property=\"og:description\" content=\"In partnership with Norrt\u00e5g, we are working to encourage more people to take the train when they go to see opera, concerts, and dance performances at the Norrlandsoperan.\" \/>\n<meta property=\"og:url\" content=\"https:\/\/norrlandsoperan.se\/en\/offers-discounts\/take-the-train-to-the-opera\/\" \/>\n<meta property=\"og:site_name\" content=\"Norrlandsoperan\" \/>\n<meta property=\"article:modified_time\" content=\"2026-09-04T13:54:03+00:00\" \/>\n<meta property=\"og:image\" content=\"https:\/\/norrlandsoperan.se\/wp-content\/uploads\/2026\/05\/Tag-till-operan_sommar_2026.jpg\" \/>\n<meta name=\"twitter:card\" content=\"summary_large_image\" \/>\n<meta name=\"twitter:label1\" content=\"Est. reading time\" \/>\n\t<meta name=\"twitter:data1\" content=\"4 minutes\" \/>\n<script type=\"application\/ld+json\" class=\"yoast-schema-graph\">{\"@context\":\"https:\\\/\\\/schema.org\",\"@graph\":[{\"@type\":\"WebPage\",\"@id\":\"https:\\\/\\\/norrlandsoperan.se\\\/en\\\/offers-discounts\\\/take-the-train-to-the-opera\\\/\",\"url\":\"https:\\\/\\\/norrlandsoperan.se\\\/en\\\/offers-discounts\\\/take-the-train-to-the-opera\\\/\",\"name\":\"Take the Train to the Opera | Norrlandsoperan\",\"isPartOf\":{\"@id\":\"https:\\\/\\\/norrlandsoperan.se\\\/en\\\/#website\"},\"primaryImageOfPage\":{\"@id\":\"https:\\\/\\\/norrlandsoperan.se\\\/en\\\/offers-discounts\\\/take-the-train-to-the-opera\\\/#primaryimage\"},\"image\":{\"@id\":\"https:\\\/\\\/norrlandsoperan.se\\\/en\\\/offers-discounts\\\/take-the-train-to-the-opera\\\/#primaryimage\"},\"thumbnailUrl\":\"https:\\\/\\\/norrlandsoperan.se\\\/wp-content\\\/uploads\\\/2026\\\/05\\\/Tag-till-operan_sommar_2026.jpg\",\"datePublished\":\"2024-09-20T11:21:17+00:00\",\"dateModified\":\"2026-09-04T13:54:03+00:00\",\"description\":\"In partnership with Norrt\u00e5g, we are working to encourage more people to take the train when they go to see opera, concerts, and dance performances at the Norrlandsoperan.\",\"breadcrumb\":{\"@id\":\"https:\\\/\\\/norrlandsoperan.se\\\/en\\\/offers-discounts\\\/take-the-train-to-the-opera\\\/#breadcrumb\"},\"inLanguage\":\"en-US\",\"potentialAction\":[{\"@type\":\"ReadAction\",\"target\":[\"https:\\\/\\\/norrlandsoperan.se\\\/en\\\/offers-discounts\\\/take-the-train-to-the-opera\\\/\"]}]},{\"@type\":\"ImageObject\",\"inLanguage\":\"en-US\",\"@id\":\"https:\\\/\\\/norrlandsoperan.se\\\/en\\\/offers-discounts\\\/take-the-train-to-the-opera\\\/#primaryimage\",\"url\":\"https:\\\/\\\/norrlandsoperan.se\\\/wp-content\\\/uploads\\\/2026\\\/05\\\/Tag-till-operan_sommar_2026.jpg\",\"contentUrl\":\"https:\\\/\\\/norrlandsoperan.se\\\/wp-content\\\/uploads\\\/2026\\\/05\\\/Tag-till-operan_sommar_2026.jpg\"},{\"@type\":\"BreadcrumbList\",\"@id\":\"https:\\\/\\\/norrlandsoperan.se\\\/en\\\/offers-discounts\\\/take-the-train-to-the-opera\\\/#breadcrumb\",\"itemListElement\":[{\"@type\":\"ListItem\",\"position\":1,\"name\":\"Home\",\"item\":\"https:\\\/\\\/norrlandsoperan.se\\\/en\\\/home\\\/\"},{\"@type\":\"ListItem\",\"position\":2,\"name\":\"Offers\",\"item\":\"https:\\\/\\\/norrlandsoperan.se\\\/en\\\/offers-discounts\\\/\"},{\"@type\":\"ListItem\",\"position\":3,\"name\":\"Take the train to the opera\"}]},{\"@type\":\"WebSite\",\"@id\":\"https:\\\/\\\/norrlandsoperan.se\\\/en\\\/#website\",\"url\":\"https:\\\/\\\/norrlandsoperan.se\\\/en\\\/\",\"name\":\"Norrlandsoperan\",\"description\":\"\",\"potentialAction\":[{\"@type\":\"SearchAction\",\"target\":{\"@type\":\"EntryPoint\",\"urlTemplate\":\"https:\\\/\\\/norrlandsoperan.se\\\/en\\\/?s={search_term_string}\"},\"query-input\":{\"@type\":\"PropertyValueSpecification\",\"valueRequired\":true,\"valueName\":\"search_term_string\"}}],\"inLanguage\":\"en-US\"}]}<\/script>\n<!-- \/ Yoast SEO plugin. -->","yoast_head_json":{"title":"Take the Train to the Opera | Norrlandsoperan","description":"In partnership with Norrt\u00e5g, we are working to encourage more people to take the train when they go to see opera, concerts, and dance performances at the Norrlandsoperan.","robots":{"index":"index","follow":"follow","max-snippet":"max-snippet:-1","max-image-preview":"max-image-preview:large","max-video-preview":"max-video-preview:-1"},"canonical":"https:\/\/norrlandsoperan.se\/en\/offers-discounts\/take-the-train-to-the-opera\/","og_locale":"en_US","og_type":"article","og_title":"Take the Train to the Opera | Norrlandsoperan","og_description":"In partnership with Norrt\u00e5g, we are working to encourage more people to take the train when they go to see opera, concerts, and dance performances at the Norrlandsoperan.","og_url":"https:\/\/norrlandsoperan.se\/en\/offers-discounts\/take-the-train-to-the-opera\/","og_site_name":"Norrlandsoperan","article_modified_time":"2026-09-04T13:54:03+00:00","og_image":[{"url":"https:\/\/norrlandsoperan.se\/wp-content\/uploads\/2026\/05\/Tag-till-operan_sommar_2026.jpg","type":"","width":"","height":""}],"twitter_card":"summary_large_image","twitter_misc":{"Est. reading time":"4 minutes"},"schema":{"@context":"https:\/\/schema.org","@graph":[{"@type":"WebPage","@id":"https:\/\/norrlandsoperan.se\/en\/offers-discounts\/take-the-train-to-the-opera\/","url":"https:\/\/norrlandsoperan.se\/en\/offers-discounts\/take-the-train-to-the-opera\/","name":"Take the Train to the Opera | Norrlandsoperan","isPartOf":{"@id":"https:\/\/norrlandsoperan.se\/en\/#website"},"primaryImageOfPage":{"@id":"https:\/\/norrlandsoperan.se\/en\/offers-discounts\/take-the-train-to-the-opera\/#primaryimage"},"image":{"@id":"https:\/\/norrlandsoperan.se\/en\/offers-discounts\/take-the-train-to-the-opera\/#primaryimage"},"thumbnailUrl":"https:\/\/norrlandsoperan.se\/wp-content\/uploads\/2026\/05\/Tag-till-operan_sommar_2026.jpg","datePublished":"2024-09-20T11:21:17+00:00","dateModified":"2026-09-04T13:54:03+00:00","description":"In partnership with Norrt\u00e5g, we are working to encourage more people to take the train when they go to see opera, concerts, and dance performances at the Norrlandsoperan.","breadcrumb":{"@id":"https:\/\/norrlandsoperan.se\/en\/offers-discounts\/take-the-train-to-the-opera\/#breadcrumb"},"inLanguage":"en-US","potentialAction":[{"@type":"ReadAction","target":["https:\/\/norrlandsoperan.se\/en\/offers-discounts\/take-the-train-to-the-opera\/"]}]},{"@type":"ImageObject","inLanguage":"en-US","@id":"https:\/\/norrlandsoperan.se\/en\/offers-discounts\/take-the-train-to-the-opera\/#primaryimage","url":"https:\/\/norrlandsoperan.se\/wp-content\/uploads\/2026\/05\/Tag-till-operan_sommar_2026.jpg","contentUrl":"https:\/\/norrlandsoperan.se\/wp-content\/uploads\/2026\/05\/Tag-till-operan_sommar_2026.jpg"},{"@type":"BreadcrumbList","@id":"https:\/\/norrlandsoperan.se\/en\/offers-discounts\/take-the-train-to-the-opera\/#breadcrumb","itemListElement":[{"@type":"ListItem","position":1,"name":"Home","item":"https:\/\/norrlandsoperan.se\/en\/home\/"},{"@type":"ListItem","position":2,"name":"Offers","item":"https:\/\/norrlandsoperan.se\/en\/offers-discounts\/"},{"@type":"ListItem","position":3,"name":"Take the train to the opera"}]},{"@type":"WebSite","@id":"https:\/\/norrlandsoperan.se\/en\/#website","url":"https:\/\/norrlandsoperan.se\/en\/","name":"Norrlandsoperan","description":"","potentialAction":[{"@type":"SearchAction","target":{"@type":"EntryPoint","urlTemplate":"https:\/\/norrlandsoperan.se\/en\/?s={search_term_string}"},"query-input":{"@type":"PropertyValueSpecification","valueRequired":true,"valueName":"search_term_string"}}],"inLanguage":"en-US"}]}},"_links":{"self":[{"href":"https:\/\/norrlandsoperan.se\/en\/wp-json\/wp\/v2\/pages\/21817","targetHints":{"allow":["GET"]}}],"collection":[{"href":"https:\/\/norrlandsoperan.se\/en\/wp-json\/wp\/v2\/pages"}],"about":[{"href":"https:\/\/norrlandsoperan.se\/en\/wp-json\/wp\/v2\/types\/page"}],"author":[{"embeddable":true,"href":"https:\/\/norrlandsoperan.se\/en\/wp-json\/wp\/v2\/users\/9"}],"replies":[{"embeddable":true,"href":"https:\/\/norrlandsoperan.se\/en\/wp-json\/wp\/v2\/comments?post=21817"}],"version-history":[{"count":13,"href":"https:\/\/norrlandsoperan.se\/en\/wp-json\/wp\/v2\/pages\/21817\/revisions"}],"predecessor-version":[{"id":24012,"href":"https:\/\/norrlandsoperan.se\/en\/wp-json\/wp\/v2\/pages\/21817\/revisions\/24012"}],"up":[{"embeddable":true,"href":"https:\/\/norrlandsoperan.se\/en\/wp-json\/wp\/v2\/pages\/1015"}],"wp:attachment":[{"href":"https:\/\/norrlandsoperan.se\/en\/wp-json\/wp\/v2\/media?parent=21817"}],"curies":[{"name":"wp","href":"https:\/\/api.w.org\/{rel}","templated":true}]}}